{"id":1437,"date":"2017-10-07T16:07:31","date_gmt":"2017-10-07T16:07:31","guid":{"rendered":"http:\/\/nuestrasenoramoratalaz.archimadrid.es\/?page_id=1437"},"modified":"2023-10-19T18:30:47","modified_gmt":"2023-10-19T16:30:47","slug":"convivencias","status":"publish","type":"page","link":"https:\/\/nuestrasenoramoratalaz.archimadrid.es\/?page_id=1437","title":{"rendered":"JOVENES"},"content":{"rendered":"<ul>\n<li>Escape Room (Museo del Prado)<\/li>\n<\/ul>\n<p><a href=\"https:\/\/nuestrasenoramoratalaz.archimadrid.es\/wp-content\/uploads\/2021\/04\/Escape-room.jpeg\"><img loading=\"lazy\" class=\"alignnone size-large wp-image-7399\" src=\"https:\/\/nuestrasenoramoratalaz.archimadrid.es\/wp-content\/uploads\/2021\/04\/Escape-room-1024x576.jpeg\" alt=\"\" width=\"783\" height=\"440\" srcset=\"https:\/\/nuestrasenoramoratalaz.archimadrid.es\/wp-content\/uploads\/2021\/04\/Escape-room-1024x576.jpeg 1024w, https:\/\/nuestrasenoramoratalaz.archimadrid.es\/wp-content\/uploads\/2021\/04\/Escape-room-300x169.jpeg 300w, https:\/\/nuestrasenoramoratalaz.archimadrid.es\/wp-content\/uploads\/2021\/04\/Escape-room-768x432.jpeg 768w, https:\/\/nuestrasenoramoratalaz.archimadrid.es\/wp-content\/uploads\/2021\/04\/Escape-room-1536x864.jpeg 1536w, https:\/\/nuestrasenoramoratalaz.archimadrid.es\/wp-content\/uploads\/2021\/04\/Escape-room.jpeg 1600w\" sizes=\"(max-width: 783px) 100vw, 783px\" \/><\/a><\/p>\n<ul>\n<li>Cuarenquesis<\/li>\n<\/ul>\n<p><iframe loading=\"lazy\" title=\"Presentaci\u00f3n CUARENQUESIS\" width=\"783\" height=\"440\" src=\"https:\/\/www.youtube.com\/embed\/sFlb7i45XHo?feature=oembed\" frameborder=\"0\" allow=\"accelerometer; autoplay; clipboard-write; encrypted-media; gyroscope; picture-in-picture; web-share\" allowfullscreen><\/iframe><\/p>\n<ul>\n<li>Confirmaciones 2020<\/li>\n<\/ul>\n<div data-carousel-extra='{\"blog_id\":1,\"permalink\":\"https:\\\/\\\/nuestrasenoramoratalaz.archimadrid.es\\\/?page_id=1437\"}' class=\"tiled-gallery type-rectangular\" data-original-width=\"783\"><div class=\"gallery-row\" style=\"width: 778px; height: 344px;\"><div class=\"gallery-group images-1\" style=\"width: 519px; height: 348px;\"><div class=\"tiled-gallery-item tiled-gallery-item-large\"><a href=\"https:\/\/nuestrasenoramoratalaz.archimadrid.es\/?attachment_id=6741\"><img data-attachment-id=\"6741\" data-orig-file=\"https:\/\/nuestrasenoramoratalaz.archimadrid.es\/wp-content\/uploads\/2020\/01\/Confirmaciones-Nuestra-Se\u00f1ora-de-Moratalaz-84.jpg\" data-orig-size=\"1600,1067\" data-comments-opened=\"0\" data-image-meta=\"{&quot;aperture&quot;:&quot;3.5&quot;,&quot;credit&quot;:&quot;&quot;,&quot;camera&quot;:&quot;Canon EOS 6D&quot;,&quot;caption&quot;:&quot;&quot;,&quot;created_timestamp&quot;:&quot;1579385344&quot;,&quot;copyright&quot;:&quot;&quot;,&quot;focal_length&quot;:&quot;24&quot;,&quot;iso&quot;:&quot;800&quot;,&quot;shutter_speed&quot;:&quot;0.00625&quot;,&quot;title&quot;:&quot;&quot;,&quot;orientation&quot;:&quot;0&quot;}\" data-image-title=\"Confirmaciones Nuestra Se\u00f1ora de Moratalaz-84\" data-image-description=\"\" data-medium-file=\"https:\/\/nuestrasenoramoratalaz.archimadrid.es\/wp-content\/uploads\/2020\/01\/Confirmaciones-Nuestra-Se\u00f1ora-de-Moratalaz-84-300x200.jpg\" data-large-file=\"https:\/\/nuestrasenoramoratalaz.archimadrid.es\/wp-content\/uploads\/2020\/01\/Confirmaciones-Nuestra-Se\u00f1ora-de-Moratalaz-84-1024x683.jpg\" src=\"https:\/\/nuestrasenoramoratalaz.archimadrid.es\/wp-content\/uploads\/2020\/01\/Confirmaciones-Nuestra-Se\u00f1ora-de-Moratalaz-84-515x344.jpg\" width=\"515\" height=\"344\" align=\"left\" title=\"Confirmaciones Nuestra Se\u00f1ora de Moratalaz-84\" \/><\/a><\/div><\/div><div class=\"gallery-group images-2\" style=\"width: 259px; height: 348px;\"><div class=\"tiled-gallery-item tiled-gallery-item-large\"><a href=\"https:\/\/nuestrasenoramoratalaz.archimadrid.es\/?attachment_id=6740\"><img data-attachment-id=\"6740\" data-orig-file=\"https:\/\/nuestrasenoramoratalaz.archimadrid.es\/wp-content\/uploads\/2020\/01\/Confirmaciones-Nuestra-Se\u00f1ora-de-Moratalaz-76.jpg\" data-orig-size=\"1600,1067\" data-comments-opened=\"0\" data-image-meta=\"{&quot;aperture&quot;:&quot;3.5&quot;,&quot;credit&quot;:&quot;&quot;,&quot;camera&quot;:&quot;Canon EOS 6D&quot;,&quot;caption&quot;:&quot;&quot;,&quot;created_timestamp&quot;:&quot;1579383312&quot;,&quot;copyright&quot;:&quot;&quot;,&quot;focal_length&quot;:&quot;24&quot;,&quot;iso&quot;:&quot;800&quot;,&quot;shutter_speed&quot;:&quot;0.00625&quot;,&quot;title&quot;:&quot;&quot;,&quot;orientation&quot;:&quot;0&quot;}\" data-image-title=\"Confirmaciones Nuestra Se\u00f1ora de Moratalaz-76\" data-image-description=\"\" data-medium-file=\"https:\/\/nuestrasenoramoratalaz.archimadrid.es\/wp-content\/uploads\/2020\/01\/Confirmaciones-Nuestra-Se\u00f1ora-de-Moratalaz-76-300x200.jpg\" data-large-file=\"https:\/\/nuestrasenoramoratalaz.archimadrid.es\/wp-content\/uploads\/2020\/01\/Confirmaciones-Nuestra-Se\u00f1ora-de-Moratalaz-76-1024x683.jpg\" src=\"https:\/\/nuestrasenoramoratalaz.archimadrid.es\/wp-content\/uploads\/2020\/01\/Confirmaciones-Nuestra-Se\u00f1ora-de-Moratalaz-76-255x170.jpg\" width=\"255\" height=\"170\" align=\"left\" title=\"Confirmaciones Nuestra Se\u00f1ora de Moratalaz-76\" \/><\/a><\/div><div class=\"tiled-gallery-item tiled-gallery-item-large\"><a href=\"https:\/\/nuestrasenoramoratalaz.archimadrid.es\/?attachment_id=6739\"><img data-attachment-id=\"6739\" data-orig-file=\"https:\/\/nuestrasenoramoratalaz.archimadrid.es\/wp-content\/uploads\/2020\/01\/Confirmaciones-Nuestra-Se\u00f1ora-de-Moratalaz-42.jpg\" data-orig-size=\"1600,1067\" data-comments-opened=\"0\" data-image-meta=\"{&quot;aperture&quot;:&quot;3.5&quot;,&quot;credit&quot;:&quot;&quot;,&quot;camera&quot;:&quot;Canon EOS 6D&quot;,&quot;caption&quot;:&quot;&quot;,&quot;created_timestamp&quot;:&quot;1579382365&quot;,&quot;copyright&quot;:&quot;&quot;,&quot;focal_length&quot;:&quot;24&quot;,&quot;iso&quot;:&quot;800&quot;,&quot;shutter_speed&quot;:&quot;0.01&quot;,&quot;title&quot;:&quot;&quot;,&quot;orientation&quot;:&quot;0&quot;}\" data-image-title=\"Confirmaciones Nuestra Se\u00f1ora de Moratalaz-42\" data-image-description=\"\" data-medium-file=\"https:\/\/nuestrasenoramoratalaz.archimadrid.es\/wp-content\/uploads\/2020\/01\/Confirmaciones-Nuestra-Se\u00f1ora-de-Moratalaz-42-300x200.jpg\" data-large-file=\"https:\/\/nuestrasenoramoratalaz.archimadrid.es\/wp-content\/uploads\/2020\/01\/Confirmaciones-Nuestra-Se\u00f1ora-de-Moratalaz-42-1024x683.jpg\" src=\"https:\/\/nuestrasenoramoratalaz.archimadrid.es\/wp-content\/uploads\/2020\/01\/Confirmaciones-Nuestra-Se\u00f1ora-de-Moratalaz-42-255x170.jpg\" width=\"255\" height=\"170\" align=\"left\" title=\"Confirmaciones Nuestra Se\u00f1ora de Moratalaz-42\" \/><\/a><\/div><\/div><\/div><\/div>\n<ul>\n<li>Grupo confirmaci\u00f3n 2019<\/li>\n<\/ul>\n<figure id=\"attachment_6515\" aria-describedby=\"caption-attachment-6515\" style=\"width: 745px\" class=\"wp-caption alignnone\"><a href=\"https:\/\/nuestrasenoramoratalaz.archimadrid.es\/wp-content\/uploads\/2019\/06\/IMG_20190628_223015.jpg\"><img loading=\"lazy\" class=\"size-large wp-image-6515\" src=\"https:\/\/nuestrasenoramoratalaz.archimadrid.es\/wp-content\/uploads\/2019\/06\/IMG_20190628_223015-1024x768.jpg\" alt=\"\" width=\"745\" height=\"559\" srcset=\"https:\/\/nuestrasenoramoratalaz.archimadrid.es\/wp-content\/uploads\/2019\/06\/IMG_20190628_223015-1024x768.jpg 1024w, https:\/\/nuestrasenoramoratalaz.archimadrid.es\/wp-content\/uploads\/2019\/06\/IMG_20190628_223015-300x225.jpg 300w, https:\/\/nuestrasenoramoratalaz.archimadrid.es\/wp-content\/uploads\/2019\/06\/IMG_20190628_223015-768x576.jpg 768w\" sizes=\"(max-width: 745px) 100vw, 745px\" \/><\/a><figcaption id=\"caption-attachment-6515\" class=\"wp-caption-text\">dav<\/figcaption><\/figure>\n<ul>\n<li>Convivencias confirmaci\u00f3n 2019<\/li>\n<\/ul>\n<div data-carousel-extra='{\"blog_id\":1,\"permalink\":\"https:\\\/\\\/nuestrasenoramoratalaz.archimadrid.es\\\/?page_id=1437\"}' class=\"tiled-gallery type-rectangular\" data-original-width=\"783\"><div class=\"gallery-row\" style=\"width: 778px; height: 289px;\"><div class=\"gallery-group images-1\" style=\"width: 389px; height: 293px;\"><div class=\"tiled-gallery-item tiled-gallery-item-large\"><a href=\"https:\/\/nuestrasenoramoratalaz.archimadrid.es\/?attachment_id=6279\"><img data-attachment-id=\"6279\" data-orig-file=\"https:\/\/nuestrasenoramoratalaz.archimadrid.es\/wp-content\/uploads\/2019\/04\/IMG_20190427_194752_1.jpg\" data-orig-size=\"3264,2448\" data-comments-opened=\"0\" data-image-meta=\"{&quot;aperture&quot;:&quot;2&quot;,&quot;credit&quot;:&quot;&quot;,&quot;camera&quot;:&quot;HUAWEI NMO-L31&quot;,&quot;caption&quot;:&quot;dav&quot;,&quot;created_timestamp&quot;:&quot;1556394473&quot;,&quot;copyright&quot;:&quot;&quot;,&quot;focal_length&quot;:&quot;2.82&quot;,&quot;iso&quot;:&quot;64&quot;,&quot;shutter_speed&quot;:&quot;0.016667&quot;,&quot;title&quot;:&quot;dav&quot;,&quot;orientation&quot;:&quot;0&quot;}\" data-image-title=\"dav\" data-image-description=\"\" data-medium-file=\"https:\/\/nuestrasenoramoratalaz.archimadrid.es\/wp-content\/uploads\/2019\/04\/IMG_20190427_194752_1-300x225.jpg\" data-large-file=\"https:\/\/nuestrasenoramoratalaz.archimadrid.es\/wp-content\/uploads\/2019\/04\/IMG_20190427_194752_1-1024x768.jpg\" src=\"https:\/\/nuestrasenoramoratalaz.archimadrid.es\/wp-content\/uploads\/2019\/04\/IMG_20190427_194752_1-385x289.jpg\" width=\"385\" height=\"289\" align=\"left\" title=\"dav\" \/><\/a><div class=\"tiled-gallery-caption\">dav<\/div><\/div><\/div><div class=\"gallery-group images-1\" style=\"width: 389px; height: 293px;\"><div class=\"tiled-gallery-item tiled-gallery-item-large\"><a href=\"https:\/\/nuestrasenoramoratalaz.archimadrid.es\/?attachment_id=6278\"><img data-attachment-id=\"6278\" data-orig-file=\"https:\/\/nuestrasenoramoratalaz.archimadrid.es\/wp-content\/uploads\/2019\/04\/IMG_20190427_144401.jpg\" data-orig-size=\"3264,2448\" data-comments-opened=\"0\" data-image-meta=\"{&quot;aperture&quot;:&quot;2&quot;,&quot;credit&quot;:&quot;&quot;,&quot;camera&quot;:&quot;HUAWEI NMO-L31&quot;,&quot;caption&quot;:&quot;dav&quot;,&quot;created_timestamp&quot;:&quot;1556376241&quot;,&quot;copyright&quot;:&quot;&quot;,&quot;focal_length&quot;:&quot;2.82&quot;,&quot;iso&quot;:&quot;50&quot;,&quot;shutter_speed&quot;:&quot;0.000852&quot;,&quot;title&quot;:&quot;dav&quot;,&quot;orientation&quot;:&quot;0&quot;}\" data-image-title=\"dav\" data-image-description=\"\" data-medium-file=\"https:\/\/nuestrasenoramoratalaz.archimadrid.es\/wp-content\/uploads\/2019\/04\/IMG_20190427_144401-300x225.jpg\" data-large-file=\"https:\/\/nuestrasenoramoratalaz.archimadrid.es\/wp-content\/uploads\/2019\/04\/IMG_20190427_144401-1024x768.jpg\" src=\"https:\/\/nuestrasenoramoratalaz.archimadrid.es\/wp-content\/uploads\/2019\/04\/IMG_20190427_144401-385x289.jpg\" width=\"385\" height=\"289\" align=\"left\" title=\"dav\" \/><\/a><div class=\"tiled-gallery-caption\">dav<\/div><\/div><\/div><\/div><\/div>\n<ul>\n<li>Parlamentos de la juventud<\/li>\n<\/ul>\n<div data-carousel-extra='{\"blog_id\":1,\"permalink\":\"https:\\\/\\\/nuestrasenoramoratalaz.archimadrid.es\\\/?page_id=1437\"}' class=\"tiled-gallery type-rectangular\" data-original-width=\"783\"><div class=\"gallery-row\" style=\"width: 778px; height: 648px;\"><div class=\"gallery-group images-1\" style=\"width: 490px; height: 652px;\"><div class=\"tiled-gallery-item tiled-gallery-item-large\"><a href=\"https:\/\/nuestrasenoramoratalaz.archimadrid.es\/?attachment_id=6106\"><img data-attachment-id=\"6106\" data-orig-file=\"https:\/\/nuestrasenoramoratalaz.archimadrid.es\/wp-content\/uploads\/2019\/04\/Parlamentos1.jpeg\" data-orig-size=\"1200,1600\" data-comments-opened=\"0\" data-image-meta=\"{&quot;aperture&quot;:&quot;0&quot;,&quot;credit&quot;:&quot;&quot;,&quot;camera&quot;:&quot;&quot;,&quot;caption&quot;:&quot;&quot;,&quot;created_timestamp&quot;:&quot;0&quot;,&quot;copyright&quot;:&quot;&quot;,&quot;focal_length&quot;:&quot;0&quot;,&quot;iso&quot;:&quot;0&quot;,&quot;shutter_speed&quot;:&quot;0&quot;,&quot;title&quot;:&quot;&quot;,&quot;orientation&quot;:&quot;0&quot;}\" data-image-title=\"Parlamentos1\" data-image-description=\"\" data-medium-file=\"https:\/\/nuestrasenoramoratalaz.archimadrid.es\/wp-content\/uploads\/2019\/04\/Parlamentos1-225x300.jpeg\" data-large-file=\"https:\/\/nuestrasenoramoratalaz.archimadrid.es\/wp-content\/uploads\/2019\/04\/Parlamentos1-768x1024.jpeg\" src=\"https:\/\/nuestrasenoramoratalaz.archimadrid.es\/wp-content\/uploads\/2019\/04\/Parlamentos1-486x648.jpeg\" width=\"486\" height=\"648\" align=\"left\" title=\"Parlamentos1\" \/><\/a><\/div><\/div><div class=\"gallery-group images-3\" style=\"width: 288px; height: 652px;\"><div class=\"tiled-gallery-item tiled-gallery-item-large\"><a href=\"https:\/\/nuestrasenoramoratalaz.archimadrid.es\/?attachment_id=6109\"><img data-attachment-id=\"6109\" data-orig-file=\"https:\/\/nuestrasenoramoratalaz.archimadrid.es\/wp-content\/uploads\/2019\/04\/Parlamentos4.jpeg\" data-orig-size=\"1600,1200\" data-comments-opened=\"0\" data-image-meta=\"{&quot;aperture&quot;:&quot;0&quot;,&quot;credit&quot;:&quot;&quot;,&quot;camera&quot;:&quot;&quot;,&quot;caption&quot;:&quot;&quot;,&quot;created_timestamp&quot;:&quot;0&quot;,&quot;copyright&quot;:&quot;&quot;,&quot;focal_length&quot;:&quot;0&quot;,&quot;iso&quot;:&quot;0&quot;,&quot;shutter_speed&quot;:&quot;0&quot;,&quot;title&quot;:&quot;&quot;,&quot;orientation&quot;:&quot;0&quot;}\" data-image-title=\"Parlamentos4\" data-image-description=\"\" data-medium-file=\"https:\/\/nuestrasenoramoratalaz.archimadrid.es\/wp-content\/uploads\/2019\/04\/Parlamentos4-300x225.jpeg\" data-large-file=\"https:\/\/nuestrasenoramoratalaz.archimadrid.es\/wp-content\/uploads\/2019\/04\/Parlamentos4-1024x768.jpeg\" src=\"https:\/\/nuestrasenoramoratalaz.archimadrid.es\/wp-content\/uploads\/2019\/04\/Parlamentos4-284x214.jpeg\" width=\"284\" height=\"214\" align=\"left\" title=\"Parlamentos4\" \/><\/a><\/div><div class=\"tiled-gallery-item tiled-gallery-item-large\"><a href=\"https:\/\/nuestrasenoramoratalaz.archimadrid.es\/?attachment_id=6107\"><img data-attachment-id=\"6107\" data-orig-file=\"https:\/\/nuestrasenoramoratalaz.archimadrid.es\/wp-content\/uploads\/2019\/04\/Parlamentos2.jpeg\" data-orig-size=\"1600,1200\" data-comments-opened=\"0\" data-image-meta=\"{&quot;aperture&quot;:&quot;0&quot;,&quot;credit&quot;:&quot;&quot;,&quot;camera&quot;:&quot;&quot;,&quot;caption&quot;:&quot;&quot;,&quot;created_timestamp&quot;:&quot;0&quot;,&quot;copyright&quot;:&quot;&quot;,&quot;focal_length&quot;:&quot;0&quot;,&quot;iso&quot;:&quot;0&quot;,&quot;shutter_speed&quot;:&quot;0&quot;,&quot;title&quot;:&quot;&quot;,&quot;orientation&quot;:&quot;0&quot;}\" data-image-title=\"Parlamentos2\" data-image-description=\"\" data-medium-file=\"https:\/\/nuestrasenoramoratalaz.archimadrid.es\/wp-content\/uploads\/2019\/04\/Parlamentos2-300x225.jpeg\" data-large-file=\"https:\/\/nuestrasenoramoratalaz.archimadrid.es\/wp-content\/uploads\/2019\/04\/Parlamentos2-1024x768.jpeg\" src=\"https:\/\/nuestrasenoramoratalaz.archimadrid.es\/wp-content\/uploads\/2019\/04\/Parlamentos2-284x213.jpeg\" width=\"284\" height=\"213\" align=\"left\" title=\"Parlamentos2\" \/><\/a><\/div><div class=\"tiled-gallery-item tiled-gallery-item-large\"><a href=\"https:\/\/nuestrasenoramoratalaz.archimadrid.es\/?attachment_id=6108\"><img data-attachment-id=\"6108\" data-orig-file=\"https:\/\/nuestrasenoramoratalaz.archimadrid.es\/wp-content\/uploads\/2019\/04\/Parlamentos3.jpeg\" data-orig-size=\"1600,1200\" data-comments-opened=\"0\" data-image-meta=\"{&quot;aperture&quot;:&quot;0&quot;,&quot;credit&quot;:&quot;&quot;,&quot;camera&quot;:&quot;&quot;,&quot;caption&quot;:&quot;&quot;,&quot;created_timestamp&quot;:&quot;0&quot;,&quot;copyright&quot;:&quot;&quot;,&quot;focal_length&quot;:&quot;0&quot;,&quot;iso&quot;:&quot;0&quot;,&quot;shutter_speed&quot;:&quot;0&quot;,&quot;title&quot;:&quot;&quot;,&quot;orientation&quot;:&quot;0&quot;}\" data-image-title=\"Parlamentos3\" data-image-description=\"\" data-medium-file=\"https:\/\/nuestrasenoramoratalaz.archimadrid.es\/wp-content\/uploads\/2019\/04\/Parlamentos3-300x225.jpeg\" data-large-file=\"https:\/\/nuestrasenoramoratalaz.archimadrid.es\/wp-content\/uploads\/2019\/04\/Parlamentos3-1024x768.jpeg\" src=\"https:\/\/nuestrasenoramoratalaz.archimadrid.es\/wp-content\/uploads\/2019\/04\/Parlamentos3-284x213.jpeg\" width=\"284\" height=\"213\" align=\"left\" title=\"Parlamentos3\" \/><\/a><\/div><\/div><\/div><\/div>\n<ul>\n<li>Javierada 2019<\/li>\n<\/ul>\n<div data-carousel-extra='{\"blog_id\":1,\"permalink\":\"https:\\\/\\\/nuestrasenoramoratalaz.archimadrid.es\\\/?page_id=1437\"}' class=\"tiled-gallery type-rectangular\" data-original-width=\"783\"><div class=\"gallery-row\" style=\"width: 778px; height: 369px;\"><div class=\"gallery-group images-2\" style=\"width: 282px; height: 373px;\"><div class=\"tiled-gallery-item tiled-gallery-item-large\"><a href=\"https:\/\/nuestrasenoramoratalaz.archimadrid.es\/?attachment_id=6022\"><img data-attachment-id=\"6022\" data-orig-file=\"https:\/\/nuestrasenoramoratalaz.archimadrid.es\/wp-content\/uploads\/2019\/03\/IMG-20190316-WA0004-e1552928208505.jpeg\" data-orig-size=\"4160,2336\" data-comments-opened=\"0\" data-image-meta=\"{&quot;aperture&quot;:&quot;2&quot;,&quot;credit&quot;:&quot;&quot;,&quot;camera&quot;:&quot;HUAWEI NMO-L31&quot;,&quot;caption&quot;:&quot;nor&quot;,&quot;created_timestamp&quot;:&quot;1552737252&quot;,&quot;copyright&quot;:&quot;&quot;,&quot;focal_length&quot;:&quot;3.79&quot;,&quot;iso&quot;:&quot;50&quot;,&quot;shutter_speed&quot;:&quot;0.000633&quot;,&quot;title&quot;:&quot;nor&quot;,&quot;orientation&quot;:&quot;0&quot;}\" data-image-title=\"nor\" data-image-description=\"\" data-medium-file=\"https:\/\/nuestrasenoramoratalaz.archimadrid.es\/wp-content\/uploads\/2019\/03\/IMG-20190316-WA0004-e1552928208505-300x168.jpeg\" data-large-file=\"https:\/\/nuestrasenoramoratalaz.archimadrid.es\/wp-content\/uploads\/2019\/03\/IMG-20190316-WA0004-e1552928208505-1024x575.jpeg\" src=\"https:\/\/nuestrasenoramoratalaz.archimadrid.es\/wp-content\/uploads\/2019\/03\/IMG-20190316-WA0004-e1552928208505-278x156.jpeg\" width=\"278\" height=\"156\" align=\"left\" title=\"nor\" \/><\/a><div class=\"tiled-gallery-caption\">nor<\/div><\/div><div class=\"tiled-gallery-item tiled-gallery-item-large\"><a href=\"https:\/\/nuestrasenoramoratalaz.archimadrid.es\/?attachment_id=6021\"><img data-attachment-id=\"6021\" data-orig-file=\"https:\/\/nuestrasenoramoratalaz.archimadrid.es\/wp-content\/uploads\/2019\/03\/IMG-20190317-WA0006.jpg\" data-orig-size=\"960,720\" data-comments-opened=\"0\" data-image-meta=\"{&quot;aperture&quot;:&quot;0&quot;,&quot;credit&quot;:&quot;&quot;,&quot;camera&quot;:&quot;&quot;,&quot;caption&quot;:&quot;&quot;,&quot;created_timestamp&quot;:&quot;0&quot;,&quot;copyright&quot;:&quot;&quot;,&quot;focal_length&quot;:&quot;0&quot;,&quot;iso&quot;:&quot;0&quot;,&quot;shutter_speed&quot;:&quot;0&quot;,&quot;title&quot;:&quot;&quot;,&quot;orientation&quot;:&quot;0&quot;}\" data-image-title=\"IMG-20190317-WA0006\" data-image-description=\"\" data-medium-file=\"https:\/\/nuestrasenoramoratalaz.archimadrid.es\/wp-content\/uploads\/2019\/03\/IMG-20190317-WA0006-300x225.jpg\" data-large-file=\"https:\/\/nuestrasenoramoratalaz.archimadrid.es\/wp-content\/uploads\/2019\/03\/IMG-20190317-WA0006.jpg\" src=\"https:\/\/nuestrasenoramoratalaz.archimadrid.es\/wp-content\/uploads\/2019\/03\/IMG-20190317-WA0006-278x209.jpg\" width=\"278\" height=\"209\" align=\"left\" title=\"IMG-20190317-WA0006\" \/><\/a><\/div><\/div><div class=\"gallery-group images-1\" style=\"width: 496px; height: 373px;\"><div class=\"tiled-gallery-item tiled-gallery-item-large\"><a href=\"https:\/\/nuestrasenoramoratalaz.archimadrid.es\/?attachment_id=6019\"><img data-attachment-id=\"6019\" data-orig-file=\"https:\/\/nuestrasenoramoratalaz.archimadrid.es\/wp-content\/uploads\/2019\/03\/IMG_20190316_104446.jpg\" data-orig-size=\"4160,3120\" data-comments-opened=\"0\" data-image-meta=\"{&quot;aperture&quot;:&quot;2&quot;,&quot;credit&quot;:&quot;&quot;,&quot;camera&quot;:&quot;HUAWEI NMO-L31&quot;,&quot;caption&quot;:&quot;dav&quot;,&quot;created_timestamp&quot;:&quot;1552733087&quot;,&quot;copyright&quot;:&quot;&quot;,&quot;focal_length&quot;:&quot;3.79&quot;,&quot;iso&quot;:&quot;50&quot;,&quot;shutter_speed&quot;:&quot;0.001&quot;,&quot;title&quot;:&quot;dav&quot;,&quot;orientation&quot;:&quot;0&quot;}\" data-image-title=\"dav\" data-image-description=\"\" data-medium-file=\"https:\/\/nuestrasenoramoratalaz.archimadrid.es\/wp-content\/uploads\/2019\/03\/IMG_20190316_104446-300x225.jpg\" data-large-file=\"https:\/\/nuestrasenoramoratalaz.archimadrid.es\/wp-content\/uploads\/2019\/03\/IMG_20190316_104446-1024x768.jpg\" src=\"https:\/\/nuestrasenoramoratalaz.archimadrid.es\/wp-content\/uploads\/2019\/03\/IMG_20190316_104446-492x369.jpg\" width=\"492\" height=\"369\" align=\"left\" title=\"dav\" \/><\/a><div class=\"tiled-gallery-caption\">dav<\/div><\/div><\/div><\/div><div class=\"gallery-row\" style=\"width: 778px; height: 308px;\"><div class=\"gallery-group images-1\" style=\"width: 312px; height: 312px;\"><div class=\"tiled-gallery-item tiled-gallery-item-large\"><a href=\"https:\/\/nuestrasenoramoratalaz.archimadrid.es\/?attachment_id=6026\"><img data-attachment-id=\"6026\" data-orig-file=\"https:\/\/nuestrasenoramoratalaz.archimadrid.es\/wp-content\/uploads\/2019\/03\/IMG_20190317_193519_672.jpg\" data-orig-size=\"642,642\" data-comments-opened=\"0\" data-image-meta=\"{&quot;aperture&quot;:&quot;0&quot;,&quot;credit&quot;:&quot;&quot;,&quot;camera&quot;:&quot;&quot;,&quot;caption&quot;:&quot;&quot;,&quot;created_timestamp&quot;:&quot;0&quot;,&quot;copyright&quot;:&quot;&quot;,&quot;focal_length&quot;:&quot;0&quot;,&quot;iso&quot;:&quot;0&quot;,&quot;shutter_speed&quot;:&quot;0&quot;,&quot;title&quot;:&quot;&quot;,&quot;orientation&quot;:&quot;0&quot;}\" data-image-title=\"IMG_20190317_193519_672\" data-image-description=\"\" data-medium-file=\"https:\/\/nuestrasenoramoratalaz.archimadrid.es\/wp-content\/uploads\/2019\/03\/IMG_20190317_193519_672-300x300.jpg\" data-large-file=\"https:\/\/nuestrasenoramoratalaz.archimadrid.es\/wp-content\/uploads\/2019\/03\/IMG_20190317_193519_672.jpg\" src=\"https:\/\/nuestrasenoramoratalaz.archimadrid.es\/wp-content\/uploads\/2019\/03\/IMG_20190317_193519_672-308x308.jpg\" width=\"308\" height=\"308\" align=\"left\" title=\"IMG_20190317_193519_672\" \/><\/a><\/div><\/div><div class=\"gallery-group images-1\" style=\"width: 466px; height: 312px;\"><div class=\"tiled-gallery-item tiled-gallery-item-large\"><a href=\"https:\/\/nuestrasenoramoratalaz.archimadrid.es\/?attachment_id=6099\"><img data-attachment-id=\"6099\" data-orig-file=\"https:\/\/nuestrasenoramoratalaz.archimadrid.es\/wp-content\/uploads\/2019\/04\/46736120004_c846918351_k.jpg\" data-orig-size=\"2048,1365\" data-comments-opened=\"0\" data-image-meta=\"{&quot;aperture&quot;:&quot;0&quot;,&quot;credit&quot;:&quot;&quot;,&quot;camera&quot;:&quot;&quot;,&quot;caption&quot;:&quot;&quot;,&quot;created_timestamp&quot;:&quot;0&quot;,&quot;copyright&quot;:&quot;&quot;,&quot;focal_length&quot;:&quot;0&quot;,&quot;iso&quot;:&quot;0&quot;,&quot;shutter_speed&quot;:&quot;0&quot;,&quot;title&quot;:&quot;&quot;,&quot;orientation&quot;:&quot;0&quot;}\" data-image-title=\"46736120004_c846918351_k\" data-image-description=\"\" data-medium-file=\"https:\/\/nuestrasenoramoratalaz.archimadrid.es\/wp-content\/uploads\/2019\/04\/46736120004_c846918351_k-300x200.jpg\" data-large-file=\"https:\/\/nuestrasenoramoratalaz.archimadrid.es\/wp-content\/uploads\/2019\/04\/46736120004_c846918351_k-1024x683.jpg\" src=\"https:\/\/nuestrasenoramoratalaz.archimadrid.es\/wp-content\/uploads\/2019\/04\/46736120004_c846918351_k-462x308.jpg\" width=\"462\" height=\"308\" align=\"left\" title=\"46736120004_c846918351_k\" \/><\/a><\/div><\/div><\/div><\/div>\n<ul>\n<li>Entrega de trofeos del cardenal en el torneo de apertura interparroquial<\/li>\n<\/ul>\n<p><a href=\"https:\/\/nuestrasenoramoratalaz.archimadrid.es\/wp-content\/uploads\/2019\/02\/IMG-20190220-WA0003.jpg\"><img loading=\"lazy\" class=\"alignnone size-full wp-image-5983\" src=\"https:\/\/nuestrasenoramoratalaz.archimadrid.es\/wp-content\/uploads\/2019\/02\/IMG-20190220-WA0003.jpg\" alt=\"\" width=\"800\" height=\"413\" srcset=\"https:\/\/nuestrasenoramoratalaz.archimadrid.es\/wp-content\/uploads\/2019\/02\/IMG-20190220-WA0003.jpg 800w, https:\/\/nuestrasenoramoratalaz.archimadrid.es\/wp-content\/uploads\/2019\/02\/IMG-20190220-WA0003-300x155.jpg 300w, https:\/\/nuestrasenoramoratalaz.archimadrid.es\/wp-content\/uploads\/2019\/02\/IMG-20190220-WA0003-768x396.jpg 768w\" sizes=\"(max-width: 800px) 100vw, 800px\" \/><\/a><\/p>\n<ul>\n<li>Grupo de j\u00f3venes<\/li>\n<\/ul>\n<p><a href=\"https:\/\/nuestrasenoramoratalaz.archimadrid.es\/wp-content\/uploads\/2019\/01\/Grupo_2019-01-07-at-00.44.12.jpeg\"><img loading=\"lazy\" class=\"alignnone size-large wp-image-5821\" src=\"https:\/\/nuestrasenoramoratalaz.archimadrid.es\/wp-content\/uploads\/2019\/01\/Grupo_2019-01-07-at-00.44.12-1024x768.jpeg\" alt=\"\" width=\"745\" height=\"559\" srcset=\"https:\/\/nuestrasenoramoratalaz.archimadrid.es\/wp-content\/uploads\/2019\/01\/Grupo_2019-01-07-at-00.44.12-1024x768.jpeg 1024w, https:\/\/nuestrasenoramoratalaz.archimadrid.es\/wp-content\/uploads\/2019\/01\/Grupo_2019-01-07-at-00.44.12-300x225.jpeg 300w, https:\/\/nuestrasenoramoratalaz.archimadrid.es\/wp-content\/uploads\/2019\/01\/Grupo_2019-01-07-at-00.44.12-768x576.jpeg 768w, https:\/\/nuestrasenoramoratalaz.archimadrid.es\/wp-content\/uploads\/2019\/01\/Grupo_2019-01-07-at-00.44.12.jpeg 1600w\" sizes=\"(max-width: 745px) 100vw, 745px\" \/><\/a><\/p>\n<ul>\n<li>Adoremos enero 2018<\/li>\n<\/ul>\n<p><a href=\"https:\/\/nuestrasenoramoratalaz.archimadrid.es\/wp-content\/uploads\/2019\/01\/Adoremos_2019-01-04-at-22.13.21.jpeg\"><img loading=\"lazy\" class=\"alignnone size-large wp-image-5822\" src=\"https:\/\/nuestrasenoramoratalaz.archimadrid.es\/wp-content\/uploads\/2019\/01\/Adoremos_2019-01-04-at-22.13.21-1024x768.jpeg\" alt=\"\" width=\"745\" height=\"559\" srcset=\"https:\/\/nuestrasenoramoratalaz.archimadrid.es\/wp-content\/uploads\/2019\/01\/Adoremos_2019-01-04-at-22.13.21-1024x768.jpeg 1024w, https:\/\/nuestrasenoramoratalaz.archimadrid.es\/wp-content\/uploads\/2019\/01\/Adoremos_2019-01-04-at-22.13.21-300x225.jpeg 300w, https:\/\/nuestrasenoramoratalaz.archimadrid.es\/wp-content\/uploads\/2019\/01\/Adoremos_2019-01-04-at-22.13.21-768x576.jpeg 768w, https:\/\/nuestrasenoramoratalaz.archimadrid.es\/wp-content\/uploads\/2019\/01\/Adoremos_2019-01-04-at-22.13.21.jpeg 1600w\" sizes=\"(max-width: 745px) 100vw, 745px\" \/><\/a><\/p>\n<ul>\n<li>Fotos del encuentro de Taiz\u00e9 en Madrid<\/li>\n<\/ul>\n<div data-carousel-extra='{\"blog_id\":1,\"permalink\":\"https:\\\/\\\/nuestrasenoramoratalaz.archimadrid.es\\\/?page_id=1437\"}' class=\"tiled-gallery type-rectangular\" data-original-width=\"783\"><div class=\"gallery-row\" style=\"width: 778px; height: 386px;\"><div class=\"gallery-group images-1\" style=\"width: 519px; height: 390px;\"><div class=\"tiled-gallery-item tiled-gallery-item-large\"><a href=\"https:\/\/nuestrasenoramoratalaz.archimadrid.es\/?attachment_id=5742\"><img data-attachment-id=\"5742\" data-orig-file=\"https:\/\/nuestrasenoramoratalaz.archimadrid.es\/wp-content\/uploads\/2018\/12\/Taize_2018-12-28-at-13.23.23.jpeg\" data-orig-size=\"1600,1200\" data-comments-opened=\"0\" data-image-meta=\"{&quot;aperture&quot;:&quot;0&quot;,&quot;credit&quot;:&quot;&quot;,&quot;camera&quot;:&quot;&quot;,&quot;caption&quot;:&quot;&quot;,&quot;created_timestamp&quot;:&quot;0&quot;,&quot;copyright&quot;:&quot;&quot;,&quot;focal_length&quot;:&quot;0&quot;,&quot;iso&quot;:&quot;0&quot;,&quot;shutter_speed&quot;:&quot;0&quot;,&quot;title&quot;:&quot;&quot;,&quot;orientation&quot;:&quot;0&quot;}\" data-image-title=\"Taize_2018-12-28 at 13.23.23\" data-image-description=\"\" data-medium-file=\"https:\/\/nuestrasenoramoratalaz.archimadrid.es\/wp-content\/uploads\/2018\/12\/Taize_2018-12-28-at-13.23.23-300x225.jpeg\" data-large-file=\"https:\/\/nuestrasenoramoratalaz.archimadrid.es\/wp-content\/uploads\/2018\/12\/Taize_2018-12-28-at-13.23.23-1024x768.jpeg\" src=\"https:\/\/nuestrasenoramoratalaz.archimadrid.es\/wp-content\/uploads\/2018\/12\/Taize_2018-12-28-at-13.23.23-515x386.jpeg\" width=\"515\" height=\"386\" align=\"left\" title=\"Taize_2018-12-28 at 13.23.23\" \/><\/a><\/div><\/div><div class=\"gallery-group images-2\" style=\"width: 259px; height: 390px;\"><div class=\"tiled-gallery-item tiled-gallery-item-large\"><a href=\"https:\/\/nuestrasenoramoratalaz.archimadrid.es\/?attachment_id=5743\"><img data-attachment-id=\"5743\" data-orig-file=\"https:\/\/nuestrasenoramoratalaz.archimadrid.es\/wp-content\/uploads\/2018\/12\/Taize_2018-12-28-at-13.23.22-3.jpeg\" data-orig-size=\"1600,1200\" data-comments-opened=\"0\" data-image-meta=\"{&quot;aperture&quot;:&quot;0&quot;,&quot;credit&quot;:&quot;&quot;,&quot;camera&quot;:&quot;&quot;,&quot;caption&quot;:&quot;&quot;,&quot;created_timestamp&quot;:&quot;0&quot;,&quot;copyright&quot;:&quot;&quot;,&quot;focal_length&quot;:&quot;0&quot;,&quot;iso&quot;:&quot;0&quot;,&quot;shutter_speed&quot;:&quot;0&quot;,&quot;title&quot;:&quot;&quot;,&quot;orientation&quot;:&quot;0&quot;}\" data-image-title=\"Taize_2018-12-28 at 13.23.22 (3)\" data-image-description=\"\" data-medium-file=\"https:\/\/nuestrasenoramoratalaz.archimadrid.es\/wp-content\/uploads\/2018\/12\/Taize_2018-12-28-at-13.23.22-3-300x225.jpeg\" data-large-file=\"https:\/\/nuestrasenoramoratalaz.archimadrid.es\/wp-content\/uploads\/2018\/12\/Taize_2018-12-28-at-13.23.22-3-1024x768.jpeg\" src=\"https:\/\/nuestrasenoramoratalaz.archimadrid.es\/wp-content\/uploads\/2018\/12\/Taize_2018-12-28-at-13.23.22-3-255x191.jpeg\" width=\"255\" height=\"191\" align=\"left\" title=\"Taize_2018-12-28 at 13.23.22 (3)\" \/><\/a><\/div><div class=\"tiled-gallery-item tiled-gallery-item-large\"><a href=\"https:\/\/nuestrasenoramoratalaz.archimadrid.es\/?attachment_id=5744\"><img data-attachment-id=\"5744\" data-orig-file=\"https:\/\/nuestrasenoramoratalaz.archimadrid.es\/wp-content\/uploads\/2018\/12\/Taize_2018-12-28-at-13.23.22-2.jpeg\" data-orig-size=\"1600,1200\" data-comments-opened=\"0\" data-image-meta=\"{&quot;aperture&quot;:&quot;0&quot;,&quot;credit&quot;:&quot;&quot;,&quot;camera&quot;:&quot;&quot;,&quot;caption&quot;:&quot;&quot;,&quot;created_timestamp&quot;:&quot;0&quot;,&quot;copyright&quot;:&quot;&quot;,&quot;focal_length&quot;:&quot;0&quot;,&quot;iso&quot;:&quot;0&quot;,&quot;shutter_speed&quot;:&quot;0&quot;,&quot;title&quot;:&quot;&quot;,&quot;orientation&quot;:&quot;0&quot;}\" data-image-title=\"Taize_2018-12-28 at 13.23.22 (2)\" data-image-description=\"\" data-medium-file=\"https:\/\/nuestrasenoramoratalaz.archimadrid.es\/wp-content\/uploads\/2018\/12\/Taize_2018-12-28-at-13.23.22-2-300x225.jpeg\" data-large-file=\"https:\/\/nuestrasenoramoratalaz.archimadrid.es\/wp-content\/uploads\/2018\/12\/Taize_2018-12-28-at-13.23.22-2-1024x768.jpeg\" src=\"https:\/\/nuestrasenoramoratalaz.archimadrid.es\/wp-content\/uploads\/2018\/12\/Taize_2018-12-28-at-13.23.22-2-255x191.jpeg\" width=\"255\" height=\"191\" align=\"left\" title=\"Taize_2018-12-28 at 13.23.22 (2)\" \/><\/a><\/div><\/div><\/div><div class=\"gallery-row\" style=\"width: 778px; height: 192px;\"><div class=\"gallery-group images-1\" style=\"width: 260px; height: 196px;\"><div class=\"tiled-gallery-item tiled-gallery-item-large\"><a href=\"https:\/\/nuestrasenoramoratalaz.archimadrid.es\/?attachment_id=5745\"><img data-attachment-id=\"5745\" data-orig-file=\"https:\/\/nuestrasenoramoratalaz.archimadrid.es\/wp-content\/uploads\/2018\/12\/Taize_2018-12-28-at-13.23.22-1.jpeg\" data-orig-size=\"1600,1200\" data-comments-opened=\"0\" data-image-meta=\"{&quot;aperture&quot;:&quot;0&quot;,&quot;credit&quot;:&quot;&quot;,&quot;camera&quot;:&quot;&quot;,&quot;caption&quot;:&quot;&quot;,&quot;created_timestamp&quot;:&quot;0&quot;,&quot;copyright&quot;:&quot;&quot;,&quot;focal_length&quot;:&quot;0&quot;,&quot;iso&quot;:&quot;0&quot;,&quot;shutter_speed&quot;:&quot;0&quot;,&quot;title&quot;:&quot;&quot;,&quot;orientation&quot;:&quot;0&quot;}\" data-image-title=\"Taize_2018-12-28 at 13.23.22 (1)\" data-image-description=\"\" data-medium-file=\"https:\/\/nuestrasenoramoratalaz.archimadrid.es\/wp-content\/uploads\/2018\/12\/Taize_2018-12-28-at-13.23.22-1-300x225.jpeg\" data-large-file=\"https:\/\/nuestrasenoramoratalaz.archimadrid.es\/wp-content\/uploads\/2018\/12\/Taize_2018-12-28-at-13.23.22-1-1024x768.jpeg\" src=\"https:\/\/nuestrasenoramoratalaz.archimadrid.es\/wp-content\/uploads\/2018\/12\/Taize_2018-12-28-at-13.23.22-1-256x192.jpeg\" width=\"256\" height=\"192\" align=\"left\" title=\"Taize_2018-12-28 at 13.23.22 (1)\" \/><\/a><\/div><\/div><div class=\"gallery-group images-1\" style=\"width: 259px; height: 196px;\"><div class=\"tiled-gallery-item tiled-gallery-item-large\"><a href=\"https:\/\/nuestrasenoramoratalaz.archimadrid.es\/?attachment_id=5746\"><img data-attachment-id=\"5746\" data-orig-file=\"https:\/\/nuestrasenoramoratalaz.archimadrid.es\/wp-content\/uploads\/2018\/12\/Taize_2018-12-28-at-13.23.22.jpeg\" data-orig-size=\"1600,1200\" data-comments-opened=\"0\" data-image-meta=\"{&quot;aperture&quot;:&quot;0&quot;,&quot;credit&quot;:&quot;&quot;,&quot;camera&quot;:&quot;&quot;,&quot;caption&quot;:&quot;&quot;,&quot;created_timestamp&quot;:&quot;0&quot;,&quot;copyright&quot;:&quot;&quot;,&quot;focal_length&quot;:&quot;0&quot;,&quot;iso&quot;:&quot;0&quot;,&quot;shutter_speed&quot;:&quot;0&quot;,&quot;title&quot;:&quot;&quot;,&quot;orientation&quot;:&quot;0&quot;}\" data-image-title=\"Taize_2018-12-28 at 13.23.22\" data-image-description=\"\" data-medium-file=\"https:\/\/nuestrasenoramoratalaz.archimadrid.es\/wp-content\/uploads\/2018\/12\/Taize_2018-12-28-at-13.23.22-300x225.jpeg\" data-large-file=\"https:\/\/nuestrasenoramoratalaz.archimadrid.es\/wp-content\/uploads\/2018\/12\/Taize_2018-12-28-at-13.23.22-1024x768.jpeg\" src=\"https:\/\/nuestrasenoramoratalaz.archimadrid.es\/wp-content\/uploads\/2018\/12\/Taize_2018-12-28-at-13.23.22-255x192.jpeg\" width=\"255\" height=\"192\" align=\"left\" title=\"Taize_2018-12-28 at 13.23.22\" \/><\/a><\/div><\/div><div class=\"gallery-group images-1\" style=\"width: 259px; height: 196px;\"><div class=\"tiled-gallery-item tiled-gallery-item-large\"><a href=\"https:\/\/nuestrasenoramoratalaz.archimadrid.es\/?attachment_id=5747\"><img data-attachment-id=\"5747\" data-orig-file=\"https:\/\/nuestrasenoramoratalaz.archimadrid.es\/wp-content\/uploads\/2018\/12\/Taize_2018-12-28-at-13.23.21-1.jpeg\" data-orig-size=\"1600,1200\" data-comments-opened=\"0\" data-image-meta=\"{&quot;aperture&quot;:&quot;0&quot;,&quot;credit&quot;:&quot;&quot;,&quot;camera&quot;:&quot;&quot;,&quot;caption&quot;:&quot;&quot;,&quot;created_timestamp&quot;:&quot;0&quot;,&quot;copyright&quot;:&quot;&quot;,&quot;focal_length&quot;:&quot;0&quot;,&quot;iso&quot;:&quot;0&quot;,&quot;shutter_speed&quot;:&quot;0&quot;,&quot;title&quot;:&quot;&quot;,&quot;orientation&quot;:&quot;0&quot;}\" data-image-title=\"Taize_2018-12-28 at 13.23.21 (1)\" data-image-description=\"\" data-medium-file=\"https:\/\/nuestrasenoramoratalaz.archimadrid.es\/wp-content\/uploads\/2018\/12\/Taize_2018-12-28-at-13.23.21-1-300x225.jpeg\" data-large-file=\"https:\/\/nuestrasenoramoratalaz.archimadrid.es\/wp-content\/uploads\/2018\/12\/Taize_2018-12-28-at-13.23.21-1-1024x768.jpeg\" src=\"https:\/\/nuestrasenoramoratalaz.archimadrid.es\/wp-content\/uploads\/2018\/12\/Taize_2018-12-28-at-13.23.21-1-255x192.jpeg\" width=\"255\" height=\"192\" align=\"left\" title=\"Taize_2018-12-28 at 13.23.21 (1)\" \/><\/a><\/div><\/div><\/div><div class=\"gallery-row\" style=\"width: 778px; height: 386px;\"><div class=\"gallery-group images-2\" style=\"width: 259px; height: 390px;\"><div class=\"tiled-gallery-item tiled-gallery-item-large\"><a href=\"https:\/\/nuestrasenoramoratalaz.archimadrid.es\/?attachment_id=5748\"><img data-attachment-id=\"5748\" data-orig-file=\"https:\/\/nuestrasenoramoratalaz.archimadrid.es\/wp-content\/uploads\/2018\/12\/Taize_2018-12-28-at-13.23.21.jpeg\" data-orig-size=\"1600,1200\" data-comments-opened=\"0\" data-image-meta=\"{&quot;aperture&quot;:&quot;0&quot;,&quot;credit&quot;:&quot;&quot;,&quot;camera&quot;:&quot;&quot;,&quot;caption&quot;:&quot;&quot;,&quot;created_timestamp&quot;:&quot;0&quot;,&quot;copyright&quot;:&quot;&quot;,&quot;focal_length&quot;:&quot;0&quot;,&quot;iso&quot;:&quot;0&quot;,&quot;shutter_speed&quot;:&quot;0&quot;,&quot;title&quot;:&quot;&quot;,&quot;orientation&quot;:&quot;0&quot;}\" data-image-title=\"Taize_2018-12-28 at 13.23.21\" data-image-description=\"\" data-medium-file=\"https:\/\/nuestrasenoramoratalaz.archimadrid.es\/wp-content\/uploads\/2018\/12\/Taize_2018-12-28-at-13.23.21-300x225.jpeg\" data-large-file=\"https:\/\/nuestrasenoramoratalaz.archimadrid.es\/wp-content\/uploads\/2018\/12\/Taize_2018-12-28-at-13.23.21-1024x768.jpeg\" src=\"https:\/\/nuestrasenoramoratalaz.archimadrid.es\/wp-content\/uploads\/2018\/12\/Taize_2018-12-28-at-13.23.21-255x191.jpeg\" width=\"255\" height=\"191\" align=\"left\" title=\"Taize_2018-12-28 at 13.23.21\" \/><\/a><\/div><div class=\"tiled-gallery-item tiled-gallery-item-large\"><a href=\"https:\/\/nuestrasenoramoratalaz.archimadrid.es\/?attachment_id=5751\"><img data-attachment-id=\"5751\" data-orig-file=\"https:\/\/nuestrasenoramoratalaz.archimadrid.es\/wp-content\/uploads\/2018\/12\/Taize_2018-12-28-at-13.21.37-1.jpeg\" data-orig-size=\"1600,1200\" data-comments-opened=\"0\" data-image-meta=\"{&quot;aperture&quot;:&quot;0&quot;,&quot;credit&quot;:&quot;&quot;,&quot;camera&quot;:&quot;&quot;,&quot;caption&quot;:&quot;&quot;,&quot;created_timestamp&quot;:&quot;0&quot;,&quot;copyright&quot;:&quot;&quot;,&quot;focal_length&quot;:&quot;0&quot;,&quot;iso&quot;:&quot;0&quot;,&quot;shutter_speed&quot;:&quot;0&quot;,&quot;title&quot;:&quot;&quot;,&quot;orientation&quot;:&quot;0&quot;}\" data-image-title=\"Taize_2018-12-28 at 13.21.37 (1)\" data-image-description=\"\" data-medium-file=\"https:\/\/nuestrasenoramoratalaz.archimadrid.es\/wp-content\/uploads\/2018\/12\/Taize_2018-12-28-at-13.21.37-1-300x225.jpeg\" data-large-file=\"https:\/\/nuestrasenoramoratalaz.archimadrid.es\/wp-content\/uploads\/2018\/12\/Taize_2018-12-28-at-13.21.37-1-1024x768.jpeg\" src=\"https:\/\/nuestrasenoramoratalaz.archimadrid.es\/wp-content\/uploads\/2018\/12\/Taize_2018-12-28-at-13.21.37-1-255x191.jpeg\" width=\"255\" height=\"191\" align=\"left\" title=\"Taize_2018-12-28 at 13.21.37 (1)\" \/><\/a><\/div><\/div><div class=\"gallery-group images-1\" style=\"width: 519px; height: 390px;\"><div class=\"tiled-gallery-item tiled-gallery-item-large\"><a href=\"https:\/\/nuestrasenoramoratalaz.archimadrid.es\/?attachment_id=5752\"><img data-attachment-id=\"5752\" data-orig-file=\"https:\/\/nuestrasenoramoratalaz.archimadrid.es\/wp-content\/uploads\/2018\/12\/Taize_2018-12-28-at-01.12.45.jpeg\" data-orig-size=\"1600,1200\" data-comments-opened=\"0\" data-image-meta=\"{&quot;aperture&quot;:&quot;0&quot;,&quot;credit&quot;:&quot;&quot;,&quot;camera&quot;:&quot;&quot;,&quot;caption&quot;:&quot;&quot;,&quot;created_timestamp&quot;:&quot;0&quot;,&quot;copyright&quot;:&quot;&quot;,&quot;focal_length&quot;:&quot;0&quot;,&quot;iso&quot;:&quot;0&quot;,&quot;shutter_speed&quot;:&quot;0&quot;,&quot;title&quot;:&quot;&quot;,&quot;orientation&quot;:&quot;0&quot;}\" data-image-title=\"Taize_2018-12-28 at 01.12.45\" data-image-description=\"\" data-medium-file=\"https:\/\/nuestrasenoramoratalaz.archimadrid.es\/wp-content\/uploads\/2018\/12\/Taize_2018-12-28-at-01.12.45-300x225.jpeg\" data-large-file=\"https:\/\/nuestrasenoramoratalaz.archimadrid.es\/wp-content\/uploads\/2018\/12\/Taize_2018-12-28-at-01.12.45-1024x768.jpeg\" src=\"https:\/\/nuestrasenoramoratalaz.archimadrid.es\/wp-content\/uploads\/2018\/12\/Taize_2018-12-28-at-01.12.45-515x386.jpeg\" width=\"515\" height=\"386\" align=\"left\" title=\"Taize_2018-12-28 at 01.12.45\" \/><\/a><\/div><\/div><\/div><div class=\"gallery-row\" style=\"width: 778px; height: 192px;\"><div class=\"gallery-group images-1\" style=\"width: 260px; height: 196px;\"><div class=\"tiled-gallery-item tiled-gallery-item-large\"><a href=\"https:\/\/nuestrasenoramoratalaz.archimadrid.es\/?attachment_id=5753\"><img data-attachment-id=\"5753\" data-orig-file=\"https:\/\/nuestrasenoramoratalaz.archimadrid.es\/wp-content\/uploads\/2018\/12\/Taize_2018-12-28-at-01.12.44.jpeg\" data-orig-size=\"1600,1200\" data-comments-opened=\"0\" data-image-meta=\"{&quot;aperture&quot;:&quot;0&quot;,&quot;credit&quot;:&quot;&quot;,&quot;camera&quot;:&quot;&quot;,&quot;caption&quot;:&quot;&quot;,&quot;created_timestamp&quot;:&quot;0&quot;,&quot;copyright&quot;:&quot;&quot;,&quot;focal_length&quot;:&quot;0&quot;,&quot;iso&quot;:&quot;0&quot;,&quot;shutter_speed&quot;:&quot;0&quot;,&quot;title&quot;:&quot;&quot;,&quot;orientation&quot;:&quot;0&quot;}\" data-image-title=\"Taize_2018-12-28 at 01.12.44\" data-image-description=\"\" data-medium-file=\"https:\/\/nuestrasenoramoratalaz.archimadrid.es\/wp-content\/uploads\/2018\/12\/Taize_2018-12-28-at-01.12.44-300x225.jpeg\" data-large-file=\"https:\/\/nuestrasenoramoratalaz.archimadrid.es\/wp-content\/uploads\/2018\/12\/Taize_2018-12-28-at-01.12.44-1024x768.jpeg\" src=\"https:\/\/nuestrasenoramoratalaz.archimadrid.es\/wp-content\/uploads\/2018\/12\/Taize_2018-12-28-at-01.12.44-256x192.jpeg\" width=\"256\" height=\"192\" align=\"left\" title=\"Taize_2018-12-28 at 01.12.44\" \/><\/a><\/div><\/div><div class=\"gallery-group images-1\" style=\"width: 259px; height: 196px;\"><div class=\"tiled-gallery-item tiled-gallery-item-large\"><a href=\"https:\/\/nuestrasenoramoratalaz.archimadrid.es\/?attachment_id=5754\"><img data-attachment-id=\"5754\" data-orig-file=\"https:\/\/nuestrasenoramoratalaz.archimadrid.es\/wp-content\/uploads\/2018\/12\/Taize_2018-12-28-at-13.21.37.jpeg\" data-orig-size=\"1600,1200\" data-comments-opened=\"0\" data-image-meta=\"{&quot;aperture&quot;:&quot;0&quot;,&quot;credit&quot;:&quot;&quot;,&quot;camera&quot;:&quot;&quot;,&quot;caption&quot;:&quot;&quot;,&quot;created_timestamp&quot;:&quot;0&quot;,&quot;copyright&quot;:&quot;&quot;,&quot;focal_length&quot;:&quot;0&quot;,&quot;iso&quot;:&quot;0&quot;,&quot;shutter_speed&quot;:&quot;0&quot;,&quot;title&quot;:&quot;&quot;,&quot;orientation&quot;:&quot;0&quot;}\" data-image-title=\"Taize_2018-12-28 at 13.21.37\" data-image-description=\"\" data-medium-file=\"https:\/\/nuestrasenoramoratalaz.archimadrid.es\/wp-content\/uploads\/2018\/12\/Taize_2018-12-28-at-13.21.37-300x225.jpeg\" data-large-file=\"https:\/\/nuestrasenoramoratalaz.archimadrid.es\/wp-content\/uploads\/2018\/12\/Taize_2018-12-28-at-13.21.37-1024x768.jpeg\" src=\"https:\/\/nuestrasenoramoratalaz.archimadrid.es\/wp-content\/uploads\/2018\/12\/Taize_2018-12-28-at-13.21.37-255x192.jpeg\" width=\"255\" height=\"192\" align=\"left\" title=\"Taize_2018-12-28 at 13.21.37\" \/><\/a><\/div><\/div><div class=\"gallery-group images-1\" style=\"width: 259px; height: 196px;\"><div class=\"tiled-gallery-item tiled-gallery-item-large\"><a href=\"https:\/\/nuestrasenoramoratalaz.archimadrid.es\/?attachment_id=5758\"><img data-attachment-id=\"5758\" data-orig-file=\"https:\/\/nuestrasenoramoratalaz.archimadrid.es\/wp-content\/uploads\/2018\/12\/Taize_2018-12-29-at-21.28.56.jpeg\" data-orig-size=\"1600,1200\" data-comments-opened=\"0\" data-image-meta=\"{&quot;aperture&quot;:&quot;0&quot;,&quot;credit&quot;:&quot;&quot;,&quot;camera&quot;:&quot;&quot;,&quot;caption&quot;:&quot;&quot;,&quot;created_timestamp&quot;:&quot;0&quot;,&quot;copyright&quot;:&quot;&quot;,&quot;focal_length&quot;:&quot;0&quot;,&quot;iso&quot;:&quot;0&quot;,&quot;shutter_speed&quot;:&quot;0&quot;,&quot;title&quot;:&quot;&quot;,&quot;orientation&quot;:&quot;0&quot;}\" data-image-title=\"Taize_2018-12-29 at 21.28.56\" data-image-description=\"\" data-medium-file=\"https:\/\/nuestrasenoramoratalaz.archimadrid.es\/wp-content\/uploads\/2018\/12\/Taize_2018-12-29-at-21.28.56-300x225.jpeg\" data-large-file=\"https:\/\/nuestrasenoramoratalaz.archimadrid.es\/wp-content\/uploads\/2018\/12\/Taize_2018-12-29-at-21.28.56-1024x768.jpeg\" src=\"https:\/\/nuestrasenoramoratalaz.archimadrid.es\/wp-content\/uploads\/2018\/12\/Taize_2018-12-29-at-21.28.56-255x192.jpeg\" width=\"255\" height=\"192\" align=\"left\" title=\"Taize_2018-12-29 at 21.28.56\" \/><\/a><\/div><\/div><\/div><div class=\"gallery-row\" style=\"width: 778px; height: 385px;\"><div class=\"gallery-group images-1\" style=\"width: 519px; height: 389px;\"><div class=\"tiled-gallery-item tiled-gallery-item-large\"><a href=\"https:\/\/nuestrasenoramoratalaz.archimadrid.es\/?attachment_id=5779\"><img data-attachment-id=\"5779\" data-orig-file=\"https:\/\/nuestrasenoramoratalaz.archimadrid.es\/wp-content\/uploads\/2018\/12\/Taize_2018-12-30-at-13.29.52.jpeg\" data-orig-size=\"1600,1196\" data-comments-opened=\"0\" data-image-meta=\"{&quot;aperture&quot;:&quot;0&quot;,&quot;credit&quot;:&quot;&quot;,&quot;camera&quot;:&quot;&quot;,&quot;caption&quot;:&quot;&quot;,&quot;created_timestamp&quot;:&quot;0&quot;,&quot;copyright&quot;:&quot;&quot;,&quot;focal_length&quot;:&quot;0&quot;,&quot;iso&quot;:&quot;0&quot;,&quot;shutter_speed&quot;:&quot;0&quot;,&quot;title&quot;:&quot;&quot;,&quot;orientation&quot;:&quot;0&quot;}\" data-image-title=\"Taize_2018-12-30 at 13.29.52\" data-image-description=\"\" data-medium-file=\"https:\/\/nuestrasenoramoratalaz.archimadrid.es\/wp-content\/uploads\/2018\/12\/Taize_2018-12-30-at-13.29.52-300x224.jpeg\" data-large-file=\"https:\/\/nuestrasenoramoratalaz.archimadrid.es\/wp-content\/uploads\/2018\/12\/Taize_2018-12-30-at-13.29.52-1024x765.jpeg\" src=\"https:\/\/nuestrasenoramoratalaz.archimadrid.es\/wp-content\/uploads\/2018\/12\/Taize_2018-12-30-at-13.29.52-515x385.jpeg\" width=\"515\" height=\"385\" align=\"left\" title=\"Taize_2018-12-30 at 13.29.52\" \/><\/a><\/div><\/div><div class=\"gallery-group images-2\" style=\"width: 259px; height: 389px;\"><div class=\"tiled-gallery-item tiled-gallery-item-large\"><a href=\"https:\/\/nuestrasenoramoratalaz.archimadrid.es\/?attachment_id=5778\"><img data-attachment-id=\"5778\" data-orig-file=\"https:\/\/nuestrasenoramoratalaz.archimadrid.es\/wp-content\/uploads\/2018\/12\/Taize_2018-12-30-at-13.29.52-1.jpeg\" data-orig-size=\"1600,1196\" data-comments-opened=\"0\" data-image-meta=\"{&quot;aperture&quot;:&quot;0&quot;,&quot;credit&quot;:&quot;&quot;,&quot;camera&quot;:&quot;&quot;,&quot;caption&quot;:&quot;&quot;,&quot;created_timestamp&quot;:&quot;0&quot;,&quot;copyright&quot;:&quot;&quot;,&quot;focal_length&quot;:&quot;0&quot;,&quot;iso&quot;:&quot;0&quot;,&quot;shutter_speed&quot;:&quot;0&quot;,&quot;title&quot;:&quot;&quot;,&quot;orientation&quot;:&quot;0&quot;}\" data-image-title=\"Taize_2018-12-30 at 13.29.52 (1)\" data-image-description=\"\" data-medium-file=\"https:\/\/nuestrasenoramoratalaz.archimadrid.es\/wp-content\/uploads\/2018\/12\/Taize_2018-12-30-at-13.29.52-1-300x224.jpeg\" data-large-file=\"https:\/\/nuestrasenoramoratalaz.archimadrid.es\/wp-content\/uploads\/2018\/12\/Taize_2018-12-30-at-13.29.52-1-1024x765.jpeg\" src=\"https:\/\/nuestrasenoramoratalaz.archimadrid.es\/wp-content\/uploads\/2018\/12\/Taize_2018-12-30-at-13.29.52-1-255x190.jpeg\" width=\"255\" height=\"190\" align=\"left\" title=\"Taize_2018-12-30 at 13.29.52 (1)\" \/><\/a><\/div><div class=\"tiled-gallery-item tiled-gallery-item-large\"><a href=\"https:\/\/nuestrasenoramoratalaz.archimadrid.es\/?attachment_id=5777\"><img data-attachment-id=\"5777\" data-orig-file=\"https:\/\/nuestrasenoramoratalaz.archimadrid.es\/wp-content\/uploads\/2018\/12\/Taize_2018-12-30-at-13.19.42.jpeg\" data-orig-size=\"1600,1200\" data-comments-opened=\"0\" data-image-meta=\"{&quot;aperture&quot;:&quot;0&quot;,&quot;credit&quot;:&quot;&quot;,&quot;camera&quot;:&quot;&quot;,&quot;caption&quot;:&quot;&quot;,&quot;created_timestamp&quot;:&quot;0&quot;,&quot;copyright&quot;:&quot;&quot;,&quot;focal_length&quot;:&quot;0&quot;,&quot;iso&quot;:&quot;0&quot;,&quot;shutter_speed&quot;:&quot;0&quot;,&quot;title&quot;:&quot;&quot;,&quot;orientation&quot;:&quot;0&quot;}\" data-image-title=\"Taize_2018-12-30 at 13.19.42\" data-image-description=\"\" data-medium-file=\"https:\/\/nuestrasenoramoratalaz.archimadrid.es\/wp-content\/uploads\/2018\/12\/Taize_2018-12-30-at-13.19.42-300x225.jpeg\" data-large-file=\"https:\/\/nuestrasenoramoratalaz.archimadrid.es\/wp-content\/uploads\/2018\/12\/Taize_2018-12-30-at-13.19.42-1024x768.jpeg\" src=\"https:\/\/nuestrasenoramoratalaz.archimadrid.es\/wp-content\/uploads\/2018\/12\/Taize_2018-12-30-at-13.19.42-255x191.jpeg\" width=\"255\" height=\"191\" align=\"left\" title=\"Taize_2018-12-30 at 13.19.42\" \/><\/a><\/div><\/div><\/div><div class=\"gallery-row\" style=\"width: 778px; height: 192px;\"><div class=\"gallery-group images-1\" style=\"width: 260px; height: 196px;\"><div class=\"tiled-gallery-item tiled-gallery-item-large\"><a href=\"https:\/\/nuestrasenoramoratalaz.archimadrid.es\/?attachment_id=5776\"><img data-attachment-id=\"5776\" data-orig-file=\"https:\/\/nuestrasenoramoratalaz.archimadrid.es\/wp-content\/uploads\/2018\/12\/Taize_2018-12-30-at-13.19.41.jpeg\" data-orig-size=\"1600,1200\" data-comments-opened=\"0\" data-image-meta=\"{&quot;aperture&quot;:&quot;0&quot;,&quot;credit&quot;:&quot;&quot;,&quot;camera&quot;:&quot;&quot;,&quot;caption&quot;:&quot;&quot;,&quot;created_timestamp&quot;:&quot;0&quot;,&quot;copyright&quot;:&quot;&quot;,&quot;focal_length&quot;:&quot;0&quot;,&quot;iso&quot;:&quot;0&quot;,&quot;shutter_speed&quot;:&quot;0&quot;,&quot;title&quot;:&quot;&quot;,&quot;orientation&quot;:&quot;0&quot;}\" data-image-title=\"Taize_2018-12-30 at 13.19.41\" data-image-description=\"\" data-medium-file=\"https:\/\/nuestrasenoramoratalaz.archimadrid.es\/wp-content\/uploads\/2018\/12\/Taize_2018-12-30-at-13.19.41-300x225.jpeg\" data-large-file=\"https:\/\/nuestrasenoramoratalaz.archimadrid.es\/wp-content\/uploads\/2018\/12\/Taize_2018-12-30-at-13.19.41-1024x768.jpeg\" src=\"https:\/\/nuestrasenoramoratalaz.archimadrid.es\/wp-content\/uploads\/2018\/12\/Taize_2018-12-30-at-13.19.41-256x192.jpeg\" width=\"256\" height=\"192\" align=\"left\" title=\"Taize_2018-12-30 at 13.19.41\" \/><\/a><\/div><\/div><div class=\"gallery-group images-1\" style=\"width: 259px; height: 196px;\"><div class=\"tiled-gallery-item tiled-gallery-item-large\"><a href=\"https:\/\/nuestrasenoramoratalaz.archimadrid.es\/?attachment_id=5775\"><img data-attachment-id=\"5775\" data-orig-file=\"https:\/\/nuestrasenoramoratalaz.archimadrid.es\/wp-content\/uploads\/2018\/12\/Taize_2018-12-30-at-13.19.41-1.jpeg\" data-orig-size=\"1600,1200\" data-comments-opened=\"0\" data-image-meta=\"{&quot;aperture&quot;:&quot;0&quot;,&quot;credit&quot;:&quot;&quot;,&quot;camera&quot;:&quot;&quot;,&quot;caption&quot;:&quot;&quot;,&quot;created_timestamp&quot;:&quot;0&quot;,&quot;copyright&quot;:&quot;&quot;,&quot;focal_length&quot;:&quot;0&quot;,&quot;iso&quot;:&quot;0&quot;,&quot;shutter_speed&quot;:&quot;0&quot;,&quot;title&quot;:&quot;&quot;,&quot;orientation&quot;:&quot;0&quot;}\" data-image-title=\"Taize_2018-12-30 at 13.19.41 (1)\" data-image-description=\"\" data-medium-file=\"https:\/\/nuestrasenoramoratalaz.archimadrid.es\/wp-content\/uploads\/2018\/12\/Taize_2018-12-30-at-13.19.41-1-300x225.jpeg\" data-large-file=\"https:\/\/nuestrasenoramoratalaz.archimadrid.es\/wp-content\/uploads\/2018\/12\/Taize_2018-12-30-at-13.19.41-1-1024x768.jpeg\" src=\"https:\/\/nuestrasenoramoratalaz.archimadrid.es\/wp-content\/uploads\/2018\/12\/Taize_2018-12-30-at-13.19.41-1-255x192.jpeg\" width=\"255\" height=\"192\" align=\"left\" title=\"Taize_2018-12-30 at 13.19.41 (1)\" \/><\/a><\/div><\/div><div class=\"gallery-group images-1\" style=\"width: 259px; height: 196px;\"><div class=\"tiled-gallery-item tiled-gallery-item-large\"><a href=\"https:\/\/nuestrasenoramoratalaz.archimadrid.es\/?attachment_id=5773\"><img data-attachment-id=\"5773\" data-orig-file=\"https:\/\/nuestrasenoramoratalaz.archimadrid.es\/wp-content\/uploads\/2018\/12\/Taize_2018-12-30-at-12.06.31.jpeg\" data-orig-size=\"1600,1200\" data-comments-opened=\"0\" data-image-meta=\"{&quot;aperture&quot;:&quot;0&quot;,&quot;credit&quot;:&quot;&quot;,&quot;camera&quot;:&quot;&quot;,&quot;caption&quot;:&quot;&quot;,&quot;created_timestamp&quot;:&quot;0&quot;,&quot;copyright&quot;:&quot;&quot;,&quot;focal_length&quot;:&quot;0&quot;,&quot;iso&quot;:&quot;0&quot;,&quot;shutter_speed&quot;:&quot;0&quot;,&quot;title&quot;:&quot;&quot;,&quot;orientation&quot;:&quot;0&quot;}\" data-image-title=\"Taize_2018-12-30 at 12.06.31\" data-image-description=\"\" data-medium-file=\"https:\/\/nuestrasenoramoratalaz.archimadrid.es\/wp-content\/uploads\/2018\/12\/Taize_2018-12-30-at-12.06.31-300x225.jpeg\" data-large-file=\"https:\/\/nuestrasenoramoratalaz.archimadrid.es\/wp-content\/uploads\/2018\/12\/Taize_2018-12-30-at-12.06.31-1024x768.jpeg\" src=\"https:\/\/nuestrasenoramoratalaz.archimadrid.es\/wp-content\/uploads\/2018\/12\/Taize_2018-12-30-at-12.06.31-255x192.jpeg\" width=\"255\" height=\"192\" align=\"left\" title=\"Taize_2018-12-30 at 12.06.31\" \/><\/a><\/div><\/div><\/div><div class=\"gallery-row\" style=\"width: 778px; height: 322px;\"><div class=\"gallery-group images-2\" style=\"width: 345px; height: 326px;\"><div class=\"tiled-gallery-item tiled-gallery-item-large\"><a href=\"https:\/\/nuestrasenoramoratalaz.archimadrid.es\/?attachment_id=5774\"><img data-attachment-id=\"5774\" data-orig-file=\"https:\/\/nuestrasenoramoratalaz.archimadrid.es\/wp-content\/uploads\/2018\/12\/Taize_2018-12-30-at-13.11.14.jpeg\" data-orig-size=\"1600,1200\" data-comments-opened=\"0\" data-image-meta=\"{&quot;aperture&quot;:&quot;0&quot;,&quot;credit&quot;:&quot;&quot;,&quot;camera&quot;:&quot;&quot;,&quot;caption&quot;:&quot;&quot;,&quot;created_timestamp&quot;:&quot;0&quot;,&quot;copyright&quot;:&quot;&quot;,&quot;focal_length&quot;:&quot;0&quot;,&quot;iso&quot;:&quot;0&quot;,&quot;shutter_speed&quot;:&quot;0&quot;,&quot;title&quot;:&quot;&quot;,&quot;orientation&quot;:&quot;0&quot;}\" data-image-title=\"Taize_2018-12-30 at 13.11.14\" data-image-description=\"\" data-medium-file=\"https:\/\/nuestrasenoramoratalaz.archimadrid.es\/wp-content\/uploads\/2018\/12\/Taize_2018-12-30-at-13.11.14-300x225.jpeg\" data-large-file=\"https:\/\/nuestrasenoramoratalaz.archimadrid.es\/wp-content\/uploads\/2018\/12\/Taize_2018-12-30-at-13.11.14-1024x768.jpeg\" src=\"https:\/\/nuestrasenoramoratalaz.archimadrid.es\/wp-content\/uploads\/2018\/12\/Taize_2018-12-30-at-13.11.14-341x255.jpeg\" width=\"341\" height=\"255\" align=\"left\" title=\"Taize_2018-12-30 at 13.11.14\" \/><\/a><\/div><div class=\"tiled-gallery-item tiled-gallery-item-large\"><a href=\"https:\/\/nuestrasenoramoratalaz.archimadrid.es\/?attachment_id=5782\"><img data-attachment-id=\"5782\" data-orig-file=\"https:\/\/nuestrasenoramoratalaz.archimadrid.es\/wp-content\/uploads\/2018\/12\/Taize_2018-12-30-at-19.21.35.jpeg\" data-orig-size=\"1600,294\" data-comments-opened=\"0\" data-image-meta=\"{&quot;aperture&quot;:&quot;0&quot;,&quot;credit&quot;:&quot;&quot;,&quot;camera&quot;:&quot;&quot;,&quot;caption&quot;:&quot;&quot;,&quot;created_timestamp&quot;:&quot;0&quot;,&quot;copyright&quot;:&quot;&quot;,&quot;focal_length&quot;:&quot;0&quot;,&quot;iso&quot;:&quot;0&quot;,&quot;shutter_speed&quot;:&quot;0&quot;,&quot;title&quot;:&quot;&quot;,&quot;orientation&quot;:&quot;0&quot;}\" data-image-title=\"Taize_2018-12-30 at 19.21.35\" data-image-description=\"\" data-medium-file=\"https:\/\/nuestrasenoramoratalaz.archimadrid.es\/wp-content\/uploads\/2018\/12\/Taize_2018-12-30-at-19.21.35-300x55.jpeg\" data-large-file=\"https:\/\/nuestrasenoramoratalaz.archimadrid.es\/wp-content\/uploads\/2018\/12\/Taize_2018-12-30-at-19.21.35-1024x188.jpeg\" src=\"https:\/\/nuestrasenoramoratalaz.archimadrid.es\/wp-content\/uploads\/2018\/12\/Taize_2018-12-30-at-19.21.35-341x63.jpeg\" width=\"341\" height=\"63\" align=\"left\" title=\"Taize_2018-12-30 at 19.21.35\" \/><\/a><\/div><\/div><div class=\"gallery-group images-1\" style=\"width: 433px; height: 326px;\"><div class=\"tiled-gallery-item tiled-gallery-item-large\"><a href=\"https:\/\/nuestrasenoramoratalaz.archimadrid.es\/?attachment_id=5783\"><img data-attachment-id=\"5783\" data-orig-file=\"https:\/\/nuestrasenoramoratalaz.archimadrid.es\/wp-content\/uploads\/2018\/12\/Taize_2018-12-30-at-19.23.16-1.jpeg\" data-orig-size=\"1600,1200\" data-comments-opened=\"0\" data-image-meta=\"{&quot;aperture&quot;:&quot;0&quot;,&quot;credit&quot;:&quot;&quot;,&quot;camera&quot;:&quot;&quot;,&quot;caption&quot;:&quot;&quot;,&quot;created_timestamp&quot;:&quot;0&quot;,&quot;copyright&quot;:&quot;&quot;,&quot;focal_length&quot;:&quot;0&quot;,&quot;iso&quot;:&quot;0&quot;,&quot;shutter_speed&quot;:&quot;0&quot;,&quot;title&quot;:&quot;&quot;,&quot;orientation&quot;:&quot;0&quot;}\" data-image-title=\"Taize_2018-12-30 at 19.23.16 (1)\" data-image-description=\"\" data-medium-file=\"https:\/\/nuestrasenoramoratalaz.archimadrid.es\/wp-content\/uploads\/2018\/12\/Taize_2018-12-30-at-19.23.16-1-300x225.jpeg\" data-large-file=\"https:\/\/nuestrasenoramoratalaz.archimadrid.es\/wp-content\/uploads\/2018\/12\/Taize_2018-12-30-at-19.23.16-1-1024x768.jpeg\" src=\"https:\/\/nuestrasenoramoratalaz.archimadrid.es\/wp-content\/uploads\/2018\/12\/Taize_2018-12-30-at-19.23.16-1-429x322.jpeg\" width=\"429\" height=\"322\" align=\"left\" title=\"Taize_2018-12-30 at 19.23.16 (1)\" \/><\/a><\/div><\/div><\/div><div class=\"gallery-row\" style=\"width: 778px; height: 295px;\"><div class=\"gallery-group images-1\" style=\"width: 612px; height: 299px;\"><div class=\"tiled-gallery-item tiled-gallery-item-large\"><a href=\"https:\/\/nuestrasenoramoratalaz.archimadrid.es\/?attachment_id=5787\"><img data-attachment-id=\"5787\" data-orig-file=\"https:\/\/nuestrasenoramoratalaz.archimadrid.es\/wp-content\/uploads\/2019\/01\/Taize_2019-01-01-at-18.48.45.jpeg\" data-orig-size=\"1600,777\" data-comments-opened=\"0\" data-image-meta=\"{&quot;aperture&quot;:&quot;0&quot;,&quot;credit&quot;:&quot;&quot;,&quot;camera&quot;:&quot;&quot;,&quot;caption&quot;:&quot;&quot;,&quot;created_timestamp&quot;:&quot;0&quot;,&quot;copyright&quot;:&quot;&quot;,&quot;focal_length&quot;:&quot;0&quot;,&quot;iso&quot;:&quot;0&quot;,&quot;shutter_speed&quot;:&quot;0&quot;,&quot;title&quot;:&quot;&quot;,&quot;orientation&quot;:&quot;0&quot;}\" data-image-title=\"Taize_2019-01-01 at 18.48.45\" data-image-description=\"\" data-medium-file=\"https:\/\/nuestrasenoramoratalaz.archimadrid.es\/wp-content\/uploads\/2019\/01\/Taize_2019-01-01-at-18.48.45-300x146.jpeg\" data-large-file=\"https:\/\/nuestrasenoramoratalaz.archimadrid.es\/wp-content\/uploads\/2019\/01\/Taize_2019-01-01-at-18.48.45-1024x497.jpeg\" src=\"https:\/\/nuestrasenoramoratalaz.archimadrid.es\/wp-content\/uploads\/2019\/01\/Taize_2019-01-01-at-18.48.45-608x295.jpeg\" width=\"608\" height=\"295\" align=\"left\" title=\"Taize_2019-01-01 at 18.48.45\" \/><\/a><\/div><\/div><div class=\"gallery-group images-1\" style=\"width: 166px; height: 299px;\"><div class=\"tiled-gallery-item tiled-gallery-item-small\"><a href=\"https:\/\/nuestrasenoramoratalaz.archimadrid.es\/?attachment_id=5789\"><img data-attachment-id=\"5789\" data-orig-file=\"https:\/\/nuestrasenoramoratalaz.archimadrid.es\/wp-content\/uploads\/2019\/01\/Taize_2019-01-01-at-18.48.50.jpeg\" data-orig-size=\"876,1600\" data-comments-opened=\"0\" data-image-meta=\"{&quot;aperture&quot;:&quot;0&quot;,&quot;credit&quot;:&quot;&quot;,&quot;camera&quot;:&quot;&quot;,&quot;caption&quot;:&quot;&quot;,&quot;created_timestamp&quot;:&quot;0&quot;,&quot;copyright&quot;:&quot;&quot;,&quot;focal_length&quot;:&quot;0&quot;,&quot;iso&quot;:&quot;0&quot;,&quot;shutter_speed&quot;:&quot;0&quot;,&quot;title&quot;:&quot;&quot;,&quot;orientation&quot;:&quot;0&quot;}\" data-image-title=\"Taize_2019-01-01 at 18.48.50\" data-image-description=\"\" data-medium-file=\"https:\/\/nuestrasenoramoratalaz.archimadrid.es\/wp-content\/uploads\/2019\/01\/Taize_2019-01-01-at-18.48.50-164x300.jpeg\" data-large-file=\"https:\/\/nuestrasenoramoratalaz.archimadrid.es\/wp-content\/uploads\/2019\/01\/Taize_2019-01-01-at-18.48.50-561x1024.jpeg\" src=\"https:\/\/nuestrasenoramoratalaz.archimadrid.es\/wp-content\/uploads\/2019\/01\/Taize_2019-01-01-at-18.48.50-162x295.jpeg\" width=\"162\" height=\"295\" align=\"left\" title=\"Taize_2019-01-01 at 18.48.50\" \/><\/a><\/div><\/div><\/div><div class=\"gallery-row\" style=\"width: 778px; height: 386px;\"><div class=\"gallery-group images-1\" style=\"width: 519px; height: 390px;\"><div class=\"tiled-gallery-item tiled-gallery-item-large\"><a href=\"https:\/\/nuestrasenoramoratalaz.archimadrid.es\/?attachment_id=5790\"><img data-attachment-id=\"5790\" data-orig-file=\"https:\/\/nuestrasenoramoratalaz.archimadrid.es\/wp-content\/uploads\/2019\/01\/Taize_2019-01-01-at-18.48.51.jpeg\" data-orig-size=\"1600,1200\" data-comments-opened=\"0\" data-image-meta=\"{&quot;aperture&quot;:&quot;0&quot;,&quot;credit&quot;:&quot;&quot;,&quot;camera&quot;:&quot;&quot;,&quot;caption&quot;:&quot;&quot;,&quot;created_timestamp&quot;:&quot;0&quot;,&quot;copyright&quot;:&quot;&quot;,&quot;focal_length&quot;:&quot;0&quot;,&quot;iso&quot;:&quot;0&quot;,&quot;shutter_speed&quot;:&quot;0&quot;,&quot;title&quot;:&quot;&quot;,&quot;orientation&quot;:&quot;0&quot;}\" data-image-title=\"Taize_2019-01-01 at 18.48.51\" data-image-description=\"\" data-medium-file=\"https:\/\/nuestrasenoramoratalaz.archimadrid.es\/wp-content\/uploads\/2019\/01\/Taize_2019-01-01-at-18.48.51-300x225.jpeg\" data-large-file=\"https:\/\/nuestrasenoramoratalaz.archimadrid.es\/wp-content\/uploads\/2019\/01\/Taize_2019-01-01-at-18.48.51-1024x768.jpeg\" src=\"https:\/\/nuestrasenoramoratalaz.archimadrid.es\/wp-content\/uploads\/2019\/01\/Taize_2019-01-01-at-18.48.51-515x386.jpeg\" width=\"515\" height=\"386\" align=\"left\" title=\"Taize_2019-01-01 at 18.48.51\" \/><\/a><\/div><\/div><div class=\"gallery-group images-2\" style=\"width: 259px; height: 390px;\"><div class=\"tiled-gallery-item tiled-gallery-item-large\"><a href=\"https:\/\/nuestrasenoramoratalaz.archimadrid.es\/?attachment_id=5791\"><img data-attachment-id=\"5791\" data-orig-file=\"https:\/\/nuestrasenoramoratalaz.archimadrid.es\/wp-content\/uploads\/2019\/01\/Taize_2019-01-01-at-19.10.13.jpeg\" data-orig-size=\"1600,1196\" data-comments-opened=\"0\" data-image-meta=\"{&quot;aperture&quot;:&quot;0&quot;,&quot;credit&quot;:&quot;&quot;,&quot;camera&quot;:&quot;&quot;,&quot;caption&quot;:&quot;&quot;,&quot;created_timestamp&quot;:&quot;0&quot;,&quot;copyright&quot;:&quot;&quot;,&quot;focal_length&quot;:&quot;0&quot;,&quot;iso&quot;:&quot;0&quot;,&quot;shutter_speed&quot;:&quot;0&quot;,&quot;title&quot;:&quot;&quot;,&quot;orientation&quot;:&quot;0&quot;}\" data-image-title=\"Taize_2019-01-01 at 19.10.13\" data-image-description=\"\" data-medium-file=\"https:\/\/nuestrasenoramoratalaz.archimadrid.es\/wp-content\/uploads\/2019\/01\/Taize_2019-01-01-at-19.10.13-300x224.jpeg\" data-large-file=\"https:\/\/nuestrasenoramoratalaz.archimadrid.es\/wp-content\/uploads\/2019\/01\/Taize_2019-01-01-at-19.10.13-1024x765.jpeg\" src=\"https:\/\/nuestrasenoramoratalaz.archimadrid.es\/wp-content\/uploads\/2019\/01\/Taize_2019-01-01-at-19.10.13-255x191.jpeg\" width=\"255\" height=\"191\" align=\"left\" title=\"Taize_2019-01-01 at 19.10.13\" \/><\/a><\/div><div class=\"tiled-gallery-item tiled-gallery-item-large\"><a href=\"https:\/\/nuestrasenoramoratalaz.archimadrid.es\/?attachment_id=5799\"><img data-attachment-id=\"5799\" data-orig-file=\"https:\/\/nuestrasenoramoratalaz.archimadrid.es\/wp-content\/uploads\/2019\/01\/Taize_2019-01-01-at-23.37.39.jpeg\" data-orig-size=\"1600,1200\" data-comments-opened=\"0\" data-image-meta=\"{&quot;aperture&quot;:&quot;0&quot;,&quot;credit&quot;:&quot;&quot;,&quot;camera&quot;:&quot;&quot;,&quot;caption&quot;:&quot;&quot;,&quot;created_timestamp&quot;:&quot;0&quot;,&quot;copyright&quot;:&quot;&quot;,&quot;focal_length&quot;:&quot;0&quot;,&quot;iso&quot;:&quot;0&quot;,&quot;shutter_speed&quot;:&quot;0&quot;,&quot;title&quot;:&quot;&quot;,&quot;orientation&quot;:&quot;0&quot;}\" data-image-title=\"Taize_2019-01-01 at 23.37.39\" data-image-description=\"\" data-medium-file=\"https:\/\/nuestrasenoramoratalaz.archimadrid.es\/wp-content\/uploads\/2019\/01\/Taize_2019-01-01-at-23.37.39-300x225.jpeg\" data-large-file=\"https:\/\/nuestrasenoramoratalaz.archimadrid.es\/wp-content\/uploads\/2019\/01\/Taize_2019-01-01-at-23.37.39-1024x768.jpeg\" src=\"https:\/\/nuestrasenoramoratalaz.archimadrid.es\/wp-content\/uploads\/2019\/01\/Taize_2019-01-01-at-23.37.39-255x191.jpeg\" width=\"255\" height=\"191\" align=\"left\" title=\"Taize_2019-01-01 at 23.37.39\" \/><\/a><\/div><\/div><\/div><div class=\"gallery-row\" style=\"width: 778px; height: 227px;\"><div class=\"gallery-group images-1\" style=\"width: 471px; height: 231px;\"><div class=\"tiled-gallery-item tiled-gallery-item-large\"><a href=\"https:\/\/nuestrasenoramoratalaz.archimadrid.es\/?attachment_id=5818\"><img data-attachment-id=\"5818\" data-orig-file=\"https:\/\/nuestrasenoramoratalaz.archimadrid.es\/wp-content\/uploads\/2019\/01\/Taize_2019-01-05-at-22.44.02.jpeg\" data-orig-size=\"1600,777\" data-comments-opened=\"0\" data-image-meta=\"{&quot;aperture&quot;:&quot;0&quot;,&quot;credit&quot;:&quot;&quot;,&quot;camera&quot;:&quot;&quot;,&quot;caption&quot;:&quot;&quot;,&quot;created_timestamp&quot;:&quot;0&quot;,&quot;copyright&quot;:&quot;&quot;,&quot;focal_length&quot;:&quot;0&quot;,&quot;iso&quot;:&quot;0&quot;,&quot;shutter_speed&quot;:&quot;0&quot;,&quot;title&quot;:&quot;&quot;,&quot;orientation&quot;:&quot;0&quot;}\" data-image-title=\"Taize_2019-01-05 at 22.44.02\" data-image-description=\"\" data-medium-file=\"https:\/\/nuestrasenoramoratalaz.archimadrid.es\/wp-content\/uploads\/2019\/01\/Taize_2019-01-05-at-22.44.02-300x146.jpeg\" data-large-file=\"https:\/\/nuestrasenoramoratalaz.archimadrid.es\/wp-content\/uploads\/2019\/01\/Taize_2019-01-05-at-22.44.02-1024x497.jpeg\" src=\"https:\/\/nuestrasenoramoratalaz.archimadrid.es\/wp-content\/uploads\/2019\/01\/Taize_2019-01-05-at-22.44.02-467x227.jpeg\" width=\"467\" height=\"227\" align=\"left\" title=\"Taize_2019-01-05 at 22.44.02\" \/><\/a><\/div><\/div><div class=\"gallery-group images-1\" style=\"width: 307px; height: 231px;\"><div class=\"tiled-gallery-item tiled-gallery-item-large\"><a href=\"https:\/\/nuestrasenoramoratalaz.archimadrid.es\/?attachment_id=5817\"><img data-attachment-id=\"5817\" data-orig-file=\"https:\/\/nuestrasenoramoratalaz.archimadrid.es\/wp-content\/uploads\/2019\/01\/Taize_2018-12-31-at-19.32.36.jpeg\" data-orig-size=\"1600,1200\" data-comments-opened=\"0\" data-image-meta=\"{&quot;aperture&quot;:&quot;0&quot;,&quot;credit&quot;:&quot;&quot;,&quot;camera&quot;:&quot;&quot;,&quot;caption&quot;:&quot;&quot;,&quot;created_timestamp&quot;:&quot;0&quot;,&quot;copyright&quot;:&quot;&quot;,&quot;focal_length&quot;:&quot;0&quot;,&quot;iso&quot;:&quot;0&quot;,&quot;shutter_speed&quot;:&quot;0&quot;,&quot;title&quot;:&quot;&quot;,&quot;orientation&quot;:&quot;0&quot;}\" data-image-title=\"Taize_2018-12-31 at 19.32.36\" data-image-description=\"\" data-medium-file=\"https:\/\/nuestrasenoramoratalaz.archimadrid.es\/wp-content\/uploads\/2019\/01\/Taize_2018-12-31-at-19.32.36-300x225.jpeg\" data-large-file=\"https:\/\/nuestrasenoramoratalaz.archimadrid.es\/wp-content\/uploads\/2019\/01\/Taize_2018-12-31-at-19.32.36-1024x768.jpeg\" src=\"https:\/\/nuestrasenoramoratalaz.archimadrid.es\/wp-content\/uploads\/2019\/01\/Taize_2018-12-31-at-19.32.36-303x227.jpeg\" width=\"303\" height=\"227\" align=\"left\" title=\"Taize_2018-12-31 at 19.32.36\" \/><\/a><\/div><\/div><\/div><div class=\"gallery-row\" style=\"width: 778px; height: 370px;\"><div class=\"gallery-group images-1\" style=\"width: 497px; height: 374px;\"><div class=\"tiled-gallery-item tiled-gallery-item-large\"><a href=\"https:\/\/nuestrasenoramoratalaz.archimadrid.es\/?attachment_id=5749\"><img data-attachment-id=\"5749\" data-orig-file=\"https:\/\/nuestrasenoramoratalaz.archimadrid.es\/wp-content\/uploads\/2018\/12\/Taize_2018-12-28-at-13.21.38-1.jpeg\" data-orig-size=\"1600,1200\" data-comments-opened=\"0\" data-image-meta=\"{&quot;aperture&quot;:&quot;0&quot;,&quot;credit&quot;:&quot;&quot;,&quot;camera&quot;:&quot;&quot;,&quot;caption&quot;:&quot;&quot;,&quot;created_timestamp&quot;:&quot;0&quot;,&quot;copyright&quot;:&quot;&quot;,&quot;focal_length&quot;:&quot;0&quot;,&quot;iso&quot;:&quot;0&quot;,&quot;shutter_speed&quot;:&quot;0&quot;,&quot;title&quot;:&quot;&quot;,&quot;orientation&quot;:&quot;0&quot;}\" data-image-title=\"Taize_2018-12-28 at 13.21.38 (1)\" data-image-description=\"\" data-medium-file=\"https:\/\/nuestrasenoramoratalaz.archimadrid.es\/wp-content\/uploads\/2018\/12\/Taize_2018-12-28-at-13.21.38-1-300x225.jpeg\" data-large-file=\"https:\/\/nuestrasenoramoratalaz.archimadrid.es\/wp-content\/uploads\/2018\/12\/Taize_2018-12-28-at-13.21.38-1-1024x768.jpeg\" src=\"https:\/\/nuestrasenoramoratalaz.archimadrid.es\/wp-content\/uploads\/2018\/12\/Taize_2018-12-28-at-13.21.38-1-493x370.jpeg\" width=\"493\" height=\"370\" align=\"left\" title=\"Taize_2018-12-28 at 13.21.38 (1)\" \/><\/a><\/div><\/div><div class=\"gallery-group images-1\" style=\"width: 281px; height: 374px;\"><div class=\"tiled-gallery-item tiled-gallery-item-large\"><a href=\"https:\/\/nuestrasenoramoratalaz.archimadrid.es\/?attachment_id=5750\"><img data-attachment-id=\"5750\" data-orig-file=\"https:\/\/nuestrasenoramoratalaz.archimadrid.es\/wp-content\/uploads\/2018\/12\/Taize_2018-12-28-at-13.21.38.jpeg\" data-orig-size=\"1200,1600\" data-comments-opened=\"0\" data-image-meta=\"{&quot;aperture&quot;:&quot;0&quot;,&quot;credit&quot;:&quot;&quot;,&quot;camera&quot;:&quot;&quot;,&quot;caption&quot;:&quot;&quot;,&quot;created_timestamp&quot;:&quot;0&quot;,&quot;copyright&quot;:&quot;&quot;,&quot;focal_length&quot;:&quot;0&quot;,&quot;iso&quot;:&quot;0&quot;,&quot;shutter_speed&quot;:&quot;0&quot;,&quot;title&quot;:&quot;&quot;,&quot;orientation&quot;:&quot;0&quot;}\" data-image-title=\"Taize_2018-12-28 at 13.21.38\" data-image-description=\"\" data-medium-file=\"https:\/\/nuestrasenoramoratalaz.archimadrid.es\/wp-content\/uploads\/2018\/12\/Taize_2018-12-28-at-13.21.38-225x300.jpeg\" data-large-file=\"https:\/\/nuestrasenoramoratalaz.archimadrid.es\/wp-content\/uploads\/2018\/12\/Taize_2018-12-28-at-13.21.38-768x1024.jpeg\" src=\"https:\/\/nuestrasenoramoratalaz.archimadrid.es\/wp-content\/uploads\/2018\/12\/Taize_2018-12-28-at-13.21.38-277x370.jpeg\" width=\"277\" height=\"370\" align=\"left\" title=\"Taize_2018-12-28 at 13.21.38\" \/><\/a><\/div><\/div><\/div><\/div>\n<ul>\n<li>\u00a0Cena de Navidad 2018<\/li>\n<\/ul>\n<div data-carousel-extra='{\"blog_id\":1,\"permalink\":\"https:\\\/\\\/nuestrasenoramoratalaz.archimadrid.es\\\/?page_id=1437\"}' class=\"tiled-gallery type-rectangular\" data-original-width=\"783\"><div class=\"gallery-row\" style=\"width: 778px; height: 289px;\"><div class=\"gallery-group images-1\" style=\"width: 389px; height: 293px;\"><div class=\"tiled-gallery-item tiled-gallery-item-large\"><a href=\"https:\/\/nuestrasenoramoratalaz.archimadrid.es\/?attachment_id=5703\"><img data-attachment-id=\"5703\" data-orig-file=\"https:\/\/nuestrasenoramoratalaz.archimadrid.es\/wp-content\/uploads\/2018\/12\/jovenes2018_2.jpeg\" data-orig-size=\"1288,966\" data-comments-opened=\"0\" data-image-meta=\"{&quot;aperture&quot;:&quot;0&quot;,&quot;credit&quot;:&quot;&quot;,&quot;camera&quot;:&quot;&quot;,&quot;caption&quot;:&quot;&quot;,&quot;created_timestamp&quot;:&quot;0&quot;,&quot;copyright&quot;:&quot;&quot;,&quot;focal_length&quot;:&quot;0&quot;,&quot;iso&quot;:&quot;0&quot;,&quot;shutter_speed&quot;:&quot;0&quot;,&quot;title&quot;:&quot;&quot;,&quot;orientation&quot;:&quot;0&quot;}\" data-image-title=\"jovenes2018_2\" data-image-description=\"\" data-medium-file=\"https:\/\/nuestrasenoramoratalaz.archimadrid.es\/wp-content\/uploads\/2018\/12\/jovenes2018_2-300x225.jpeg\" data-large-file=\"https:\/\/nuestrasenoramoratalaz.archimadrid.es\/wp-content\/uploads\/2018\/12\/jovenes2018_2-1024x768.jpeg\" src=\"https:\/\/nuestrasenoramoratalaz.archimadrid.es\/wp-content\/uploads\/2018\/12\/jovenes2018_2-385x289.jpeg\" width=\"385\" height=\"289\" align=\"left\" title=\"jovenes2018_2\" \/><\/a><\/div><\/div><div class=\"gallery-group images-1\" style=\"width: 389px; height: 293px;\"><div class=\"tiled-gallery-item tiled-gallery-item-large\"><a href=\"https:\/\/nuestrasenoramoratalaz.archimadrid.es\/?attachment_id=5702\"><img data-attachment-id=\"5702\" data-orig-file=\"https:\/\/nuestrasenoramoratalaz.archimadrid.es\/wp-content\/uploads\/2018\/12\/jovenes2018_1.jpeg\" data-orig-size=\"1600,1200\" data-comments-opened=\"0\" data-image-meta=\"{&quot;aperture&quot;:&quot;0&quot;,&quot;credit&quot;:&quot;&quot;,&quot;camera&quot;:&quot;&quot;,&quot;caption&quot;:&quot;&quot;,&quot;created_timestamp&quot;:&quot;0&quot;,&quot;copyright&quot;:&quot;&quot;,&quot;focal_length&quot;:&quot;0&quot;,&quot;iso&quot;:&quot;0&quot;,&quot;shutter_speed&quot;:&quot;0&quot;,&quot;title&quot;:&quot;&quot;,&quot;orientation&quot;:&quot;0&quot;}\" data-image-title=\"jovenes2018_1\" data-image-description=\"\" data-medium-file=\"https:\/\/nuestrasenoramoratalaz.archimadrid.es\/wp-content\/uploads\/2018\/12\/jovenes2018_1-300x225.jpeg\" data-large-file=\"https:\/\/nuestrasenoramoratalaz.archimadrid.es\/wp-content\/uploads\/2018\/12\/jovenes2018_1-1024x768.jpeg\" src=\"https:\/\/nuestrasenoramoratalaz.archimadrid.es\/wp-content\/uploads\/2018\/12\/jovenes2018_1-385x289.jpeg\" width=\"385\" height=\"289\" align=\"left\" title=\"jovenes2018_1\" \/><\/a><\/div><\/div><\/div><\/div>\n<ul>\n<li>Misi\u00f3n Per\u00fa 2018 (Misioneras Oblatas de Mar\u00eda Inmaculada)<\/li>\n<\/ul>\n<div data-carousel-extra='{\"blog_id\":1,\"permalink\":\"https:\\\/\\\/nuestrasenoramoratalaz.archimadrid.es\\\/?page_id=1437\"}' class=\"tiled-gallery type-rectangular\" data-original-width=\"783\"><div class=\"gallery-row\" style=\"width: 778px; height: 386px;\"><div class=\"gallery-group images-1\" style=\"width: 519px; height: 390px;\"><div class=\"tiled-gallery-item tiled-gallery-item-large\"><a href=\"https:\/\/nuestrasenoramoratalaz.archimadrid.es\/?attachment_id=5641\"><img data-attachment-id=\"5641\" data-orig-file=\"https:\/\/nuestrasenoramoratalaz.archimadrid.es\/wp-content\/uploads\/2018\/12\/IMG_20180720_170540_843.jpg\" data-orig-size=\"4160,3120\" data-comments-opened=\"0\" data-image-meta=\"{&quot;aperture&quot;:&quot;2.2&quot;,&quot;credit&quot;:&quot;&quot;,&quot;camera&quot;:&quot;Aquaris U&quot;,&quot;caption&quot;:&quot;&quot;,&quot;created_timestamp&quot;:&quot;1532106344&quot;,&quot;copyright&quot;:&quot;&quot;,&quot;focal_length&quot;:&quot;3.4&quot;,&quot;iso&quot;:&quot;100&quot;,&quot;shutter_speed&quot;:&quot;0.0061349693251534&quot;,&quot;title&quot;:&quot;&quot;,&quot;orientation&quot;:&quot;0&quot;}\" data-image-title=\"IMG_20180720_170540_843\" data-image-description=\"\" data-medium-file=\"https:\/\/nuestrasenoramoratalaz.archimadrid.es\/wp-content\/uploads\/2018\/12\/IMG_20180720_170540_843-300x225.jpg\" data-large-file=\"https:\/\/nuestrasenoramoratalaz.archimadrid.es\/wp-content\/uploads\/2018\/12\/IMG_20180720_170540_843-1024x768.jpg\" src=\"https:\/\/nuestrasenoramoratalaz.archimadrid.es\/wp-content\/uploads\/2018\/12\/IMG_20180720_170540_843-515x386.jpg\" width=\"515\" height=\"386\" align=\"left\" title=\"IMG_20180720_170540_843\" \/><\/a><\/div><\/div><div class=\"gallery-group images-2\" style=\"width: 259px; height: 390px;\"><div class=\"tiled-gallery-item tiled-gallery-item-large\"><a href=\"https:\/\/nuestrasenoramoratalaz.archimadrid.es\/?attachment_id=5640\"><img data-attachment-id=\"5640\" data-orig-file=\"https:\/\/nuestrasenoramoratalaz.archimadrid.es\/wp-content\/uploads\/2018\/12\/IMG_20180719_162448.jpg\" data-orig-size=\"4160,3120\" data-comments-opened=\"0\" data-image-meta=\"{&quot;aperture&quot;:&quot;2&quot;,&quot;credit&quot;:&quot;&quot;,&quot;camera&quot;:&quot;Redmi 4X&quot;,&quot;caption&quot;:&quot;&quot;,&quot;created_timestamp&quot;:&quot;1532017488&quot;,&quot;copyright&quot;:&quot;&quot;,&quot;focal_length&quot;:&quot;4.12&quot;,&quot;iso&quot;:&quot;106&quot;,&quot;shutter_speed&quot;:&quot;0.01&quot;,&quot;title&quot;:&quot;&quot;,&quot;orientation&quot;:&quot;0&quot;}\" data-image-title=\"IMG_20180719_162448\" data-image-description=\"\" data-medium-file=\"https:\/\/nuestrasenoramoratalaz.archimadrid.es\/wp-content\/uploads\/2018\/12\/IMG_20180719_162448-300x225.jpg\" data-large-file=\"https:\/\/nuestrasenoramoratalaz.archimadrid.es\/wp-content\/uploads\/2018\/12\/IMG_20180719_162448-1024x768.jpg\" src=\"https:\/\/nuestrasenoramoratalaz.archimadrid.es\/wp-content\/uploads\/2018\/12\/IMG_20180719_162448-255x191.jpg\" width=\"255\" height=\"191\" align=\"left\" title=\"IMG_20180719_162448\" \/><\/a><\/div><div class=\"tiled-gallery-item tiled-gallery-item-large\"><a href=\"https:\/\/nuestrasenoramoratalaz.archimadrid.es\/?attachment_id=5639\"><img data-attachment-id=\"5639\" data-orig-file=\"https:\/\/nuestrasenoramoratalaz.archimadrid.es\/wp-content\/uploads\/2018\/12\/IMG_20180713_115338.jpg\" data-orig-size=\"4160,3120\" data-comments-opened=\"0\" data-image-meta=\"{&quot;aperture&quot;:&quot;2&quot;,&quot;credit&quot;:&quot;&quot;,&quot;camera&quot;:&quot;Redmi Note 4X&quot;,&quot;caption&quot;:&quot;&quot;,&quot;created_timestamp&quot;:&quot;1531482818&quot;,&quot;copyright&quot;:&quot;&quot;,&quot;focal_length&quot;:&quot;3.5&quot;,&quot;iso&quot;:&quot;888&quot;,&quot;shutter_speed&quot;:&quot;0.029996&quot;,&quot;title&quot;:&quot;&quot;,&quot;orientation&quot;:&quot;1&quot;}\" data-image-title=\"IMG_20180713_115338\" data-image-description=\"\" data-medium-file=\"https:\/\/nuestrasenoramoratalaz.archimadrid.es\/wp-content\/uploads\/2018\/12\/IMG_20180713_115338-300x225.jpg\" data-large-file=\"https:\/\/nuestrasenoramoratalaz.archimadrid.es\/wp-content\/uploads\/2018\/12\/IMG_20180713_115338-1024x768.jpg\" src=\"https:\/\/nuestrasenoramoratalaz.archimadrid.es\/wp-content\/uploads\/2018\/12\/IMG_20180713_115338-255x191.jpg\" width=\"255\" height=\"191\" align=\"left\" title=\"IMG_20180713_115338\" \/><\/a><\/div><\/div><\/div><div class=\"gallery-row\" style=\"width: 778px; height: 172px;\"><div class=\"gallery-group images-1\" style=\"width: 234px; height: 176px;\"><div class=\"tiled-gallery-item tiled-gallery-item-small\"><a href=\"https:\/\/nuestrasenoramoratalaz.archimadrid.es\/?attachment_id=5638\"><img data-attachment-id=\"5638\" data-orig-file=\"https:\/\/nuestrasenoramoratalaz.archimadrid.es\/wp-content\/uploads\/2018\/12\/IMG_2824.jpg\" data-orig-size=\"3264,2448\" data-comments-opened=\"0\" data-image-meta=\"{&quot;aperture&quot;:&quot;2.2&quot;,&quot;credit&quot;:&quot;&quot;,&quot;camera&quot;:&quot;iPhone 6&quot;,&quot;caption&quot;:&quot;&quot;,&quot;created_timestamp&quot;:&quot;1531482684&quot;,&quot;copyright&quot;:&quot;&quot;,&quot;focal_length&quot;:&quot;4.15&quot;,&quot;iso&quot;:&quot;80&quot;,&quot;shutter_speed&quot;:&quot;0.033333333333333&quot;,&quot;title&quot;:&quot;&quot;,&quot;orientation&quot;:&quot;1&quot;}\" data-image-title=\"IMG_2824\" data-image-description=\"\" data-medium-file=\"https:\/\/nuestrasenoramoratalaz.archimadrid.es\/wp-content\/uploads\/2018\/12\/IMG_2824-300x225.jpg\" data-large-file=\"https:\/\/nuestrasenoramoratalaz.archimadrid.es\/wp-content\/uploads\/2018\/12\/IMG_2824-1024x768.jpg\" src=\"https:\/\/nuestrasenoramoratalaz.archimadrid.es\/wp-content\/uploads\/2018\/12\/IMG_2824-230x172.jpg\" width=\"230\" height=\"172\" align=\"left\" title=\"IMG_2824\" \/><\/a><\/div><\/div><div class=\"gallery-group images-1\" style=\"width: 310px; height: 176px;\"><div class=\"tiled-gallery-item tiled-gallery-item-large\"><a href=\"https:\/\/nuestrasenoramoratalaz.archimadrid.es\/?attachment_id=5637\"><img data-attachment-id=\"5637\" data-orig-file=\"https:\/\/nuestrasenoramoratalaz.archimadrid.es\/wp-content\/uploads\/2018\/12\/20180727_172442.jpg\" data-orig-size=\"3264,1836\" data-comments-opened=\"0\" data-image-meta=\"{&quot;aperture&quot;:&quot;2.2&quot;,&quot;credit&quot;:&quot;&quot;,&quot;camera&quot;:&quot;SM-J320FN&quot;,&quot;caption&quot;:&quot;&quot;,&quot;created_timestamp&quot;:&quot;1532712282&quot;,&quot;copyright&quot;:&quot;&quot;,&quot;focal_length&quot;:&quot;3.3&quot;,&quot;iso&quot;:&quot;64&quot;,&quot;shutter_speed&quot;:&quot;0.02&quot;,&quot;title&quot;:&quot;&quot;,&quot;orientation&quot;:&quot;1&quot;}\" data-image-title=\"20180727_172442\" data-image-description=\"\" data-medium-file=\"https:\/\/nuestrasenoramoratalaz.archimadrid.es\/wp-content\/uploads\/2018\/12\/20180727_172442-300x169.jpg\" data-large-file=\"https:\/\/nuestrasenoramoratalaz.archimadrid.es\/wp-content\/uploads\/2018\/12\/20180727_172442-1024x576.jpg\" src=\"https:\/\/nuestrasenoramoratalaz.archimadrid.es\/wp-content\/uploads\/2018\/12\/20180727_172442-306x172.jpg\" width=\"306\" height=\"172\" align=\"left\" title=\"20180727_172442\" \/><\/a><\/div><\/div><div class=\"gallery-group images-1\" style=\"width: 234px; height: 176px;\"><div class=\"tiled-gallery-item tiled-gallery-item-small\"><a href=\"https:\/\/nuestrasenoramoratalaz.archimadrid.es\/?attachment_id=4739\"><img data-attachment-id=\"4739\" data-orig-file=\"https:\/\/nuestrasenoramoratalaz.archimadrid.es\/wp-content\/uploads\/2018\/08\/IMG_20180719_140106.jpg\" data-orig-size=\"4160,3120\" data-comments-opened=\"0\" data-image-meta=\"{&quot;aperture&quot;:&quot;2&quot;,&quot;credit&quot;:&quot;&quot;,&quot;camera&quot;:&quot;HUAWEI NMO-L31&quot;,&quot;caption&quot;:&quot;dav&quot;,&quot;created_timestamp&quot;:&quot;1532008867&quot;,&quot;copyright&quot;:&quot;&quot;,&quot;focal_length&quot;:&quot;3.79&quot;,&quot;iso&quot;:&quot;50&quot;,&quot;shutter_speed&quot;:&quot;0.000611&quot;,&quot;title&quot;:&quot;dav&quot;,&quot;orientation&quot;:&quot;0&quot;}\" data-image-title=\"\" data-image-description=\"\" data-medium-file=\"https:\/\/nuestrasenoramoratalaz.archimadrid.es\/wp-content\/uploads\/2018\/08\/IMG_20180719_140106-300x225.jpg\" data-large-file=\"https:\/\/nuestrasenoramoratalaz.archimadrid.es\/wp-content\/uploads\/2018\/08\/IMG_20180719_140106-1024x768.jpg\" src=\"https:\/\/nuestrasenoramoratalaz.archimadrid.es\/wp-content\/uploads\/2018\/08\/IMG_20180719_140106-230x172.jpg\" width=\"230\" height=\"172\" align=\"left\" title=\"\" \/><\/a><\/div><\/div><\/div><div class=\"gallery-row\" style=\"width: 778px; height: 386px;\"><div class=\"gallery-group images-2\" style=\"width: 259px; height: 390px;\"><div class=\"tiled-gallery-item tiled-gallery-item-large\"><a href=\"https:\/\/nuestrasenoramoratalaz.archimadrid.es\/?attachment_id=4730\"><img data-attachment-id=\"4730\" data-orig-file=\"https:\/\/nuestrasenoramoratalaz.archimadrid.es\/wp-content\/uploads\/2018\/08\/IMG_20180713_112359.jpg\" data-orig-size=\"4160,3120\" data-comments-opened=\"0\" data-image-meta=\"{&quot;aperture&quot;:&quot;2&quot;,&quot;credit&quot;:&quot;&quot;,&quot;camera&quot;:&quot;HUAWEI NMO-L31&quot;,&quot;caption&quot;:&quot;dav&quot;,&quot;created_timestamp&quot;:&quot;1531481040&quot;,&quot;copyright&quot;:&quot;&quot;,&quot;focal_length&quot;:&quot;3.79&quot;,&quot;iso&quot;:&quot;50&quot;,&quot;shutter_speed&quot;:&quot;0.007536&quot;,&quot;title&quot;:&quot;dav&quot;,&quot;orientation&quot;:&quot;0&quot;}\" data-image-title=\"\" data-image-description=\"\" data-medium-file=\"https:\/\/nuestrasenoramoratalaz.archimadrid.es\/wp-content\/uploads\/2018\/08\/IMG_20180713_112359-300x225.jpg\" data-large-file=\"https:\/\/nuestrasenoramoratalaz.archimadrid.es\/wp-content\/uploads\/2018\/08\/IMG_20180713_112359-1024x768.jpg\" src=\"https:\/\/nuestrasenoramoratalaz.archimadrid.es\/wp-content\/uploads\/2018\/08\/IMG_20180713_112359-255x191.jpg\" width=\"255\" height=\"191\" align=\"left\" title=\"\" \/><\/a><\/div><div class=\"tiled-gallery-item tiled-gallery-item-large\"><a href=\"https:\/\/nuestrasenoramoratalaz.archimadrid.es\/?attachment_id=4728\"><img data-attachment-id=\"4728\" data-orig-file=\"https:\/\/nuestrasenoramoratalaz.archimadrid.es\/wp-content\/uploads\/2018\/08\/IMG_20180719_141932.jpg\" data-orig-size=\"4160,3120\" data-comments-opened=\"0\" data-image-meta=\"{&quot;aperture&quot;:&quot;2&quot;,&quot;credit&quot;:&quot;&quot;,&quot;camera&quot;:&quot;HUAWEI NMO-L31&quot;,&quot;caption&quot;:&quot;dav&quot;,&quot;created_timestamp&quot;:&quot;1532009972&quot;,&quot;copyright&quot;:&quot;&quot;,&quot;focal_length&quot;:&quot;3.79&quot;,&quot;iso&quot;:&quot;80&quot;,&quot;shutter_speed&quot;:&quot;0.033333&quot;,&quot;title&quot;:&quot;dav&quot;,&quot;orientation&quot;:&quot;0&quot;}\" data-image-title=\"\" data-image-description=\"\" data-medium-file=\"https:\/\/nuestrasenoramoratalaz.archimadrid.es\/wp-content\/uploads\/2018\/08\/IMG_20180719_141932-300x225.jpg\" data-large-file=\"https:\/\/nuestrasenoramoratalaz.archimadrid.es\/wp-content\/uploads\/2018\/08\/IMG_20180719_141932-1024x768.jpg\" src=\"https:\/\/nuestrasenoramoratalaz.archimadrid.es\/wp-content\/uploads\/2018\/08\/IMG_20180719_141932-255x191.jpg\" width=\"255\" height=\"191\" align=\"left\" title=\"\" \/><\/a><\/div><\/div><div class=\"gallery-group images-1\" style=\"width: 519px; height: 390px;\"><div class=\"tiled-gallery-item tiled-gallery-item-large\"><a href=\"https:\/\/nuestrasenoramoratalaz.archimadrid.es\/?attachment_id=4732\"><img data-attachment-id=\"4732\" data-orig-file=\"https:\/\/nuestrasenoramoratalaz.archimadrid.es\/wp-content\/uploads\/2018\/08\/IMG_20180712_110048.jpg\" data-orig-size=\"4160,3120\" data-comments-opened=\"0\" data-image-meta=\"{&quot;aperture&quot;:&quot;2&quot;,&quot;credit&quot;:&quot;&quot;,&quot;camera&quot;:&quot;HUAWEI NMO-L31&quot;,&quot;caption&quot;:&quot;dav&quot;,&quot;created_timestamp&quot;:&quot;1531393248&quot;,&quot;copyright&quot;:&quot;&quot;,&quot;focal_length&quot;:&quot;3.79&quot;,&quot;iso&quot;:&quot;50&quot;,&quot;shutter_speed&quot;:&quot;0.000663&quot;,&quot;title&quot;:&quot;dav&quot;,&quot;orientation&quot;:&quot;0&quot;}\" data-image-title=\"\" data-image-description=\"\" data-medium-file=\"https:\/\/nuestrasenoramoratalaz.archimadrid.es\/wp-content\/uploads\/2018\/08\/IMG_20180712_110048-300x225.jpg\" data-large-file=\"https:\/\/nuestrasenoramoratalaz.archimadrid.es\/wp-content\/uploads\/2018\/08\/IMG_20180712_110048-1024x768.jpg\" src=\"https:\/\/nuestrasenoramoratalaz.archimadrid.es\/wp-content\/uploads\/2018\/08\/IMG_20180712_110048-515x386.jpg\" width=\"515\" height=\"386\" align=\"left\" title=\"\" \/><\/a><\/div><\/div><\/div><div class=\"gallery-row\" style=\"width: 778px; height: 435px;\"><div class=\"gallery-group images-1\" style=\"width: 778px; height: 439px;\"><div class=\"tiled-gallery-item tiled-gallery-item-large\"><a href=\"https:\/\/nuestrasenoramoratalaz.archimadrid.es\/?attachment_id=4731\"><img data-attachment-id=\"4731\" data-orig-file=\"https:\/\/nuestrasenoramoratalaz.archimadrid.es\/wp-content\/uploads\/2018\/08\/20180727_111912.jpg\" data-orig-size=\"3264,1836\" data-comments-opened=\"0\" data-image-meta=\"{&quot;aperture&quot;:&quot;2.2&quot;,&quot;credit&quot;:&quot;&quot;,&quot;camera&quot;:&quot;SM-J320FN&quot;,&quot;caption&quot;:&quot;&quot;,&quot;created_timestamp&quot;:&quot;1532690352&quot;,&quot;copyright&quot;:&quot;&quot;,&quot;focal_length&quot;:&quot;3.3&quot;,&quot;iso&quot;:&quot;50&quot;,&quot;shutter_speed&quot;:&quot;0.00054914881933004&quot;,&quot;title&quot;:&quot;&quot;,&quot;orientation&quot;:&quot;1&quot;}\" data-image-title=\"20180727_111912\" data-image-description=\"\" data-medium-file=\"https:\/\/nuestrasenoramoratalaz.archimadrid.es\/wp-content\/uploads\/2018\/08\/20180727_111912-300x169.jpg\" data-large-file=\"https:\/\/nuestrasenoramoratalaz.archimadrid.es\/wp-content\/uploads\/2018\/08\/20180727_111912-1024x576.jpg\" src=\"https:\/\/nuestrasenoramoratalaz.archimadrid.es\/wp-content\/uploads\/2018\/08\/20180727_111912-774x435.jpg\" width=\"774\" height=\"435\" align=\"left\" title=\"20180727_111912\" \/><\/a><\/div><\/div><\/div><\/div>\n<p><iframe loading=\"lazy\" title=\"\u00bfTE ATREVER\u00cdAS? I Misi\u00f3n Per\u00fa 2019 I OMIs\" width=\"783\" height=\"440\" src=\"https:\/\/www.youtube.com\/embed\/DVnJTzXga_o?feature=oembed\" frameborder=\"0\" allow=\"accelerometer; autoplay; clipboard-write; encrypted-media; gyroscope; picture-in-picture; web-share\" allowfullscreen><\/iframe><\/p>\n<p><iframe loading=\"lazy\" title=\"MISI\u00d3N PER\u00da 2018 I OMIs\" width=\"783\" height=\"440\" src=\"https:\/\/www.youtube.com\/embed\/3N2DkWrBwWA?feature=oembed\" frameborder=\"0\" allow=\"accelerometer; autoplay; clipboard-write; encrypted-media; gyroscope; picture-in-picture; web-share\" allowfullscreen><\/iframe><\/p>\n<p>\u00ab<em>Dicen que la misi\u00f3n es dura. Quiz\u00e1 el permanente fr\u00edo que calaba mis huesos, los enormes mosquitos jur\u00e1sicos, las duchas a cubazos o las peleas con ratas por la comida de tu cocina no sean situaciones del todo cautivadoras, pero como toda aventura son necesarias para salpimentar el viaje. Esta misi\u00f3n ha agitado, alterado y traqueteado a mi ahora alegre coraz\u00f3n: cuando una permanente sonrisa brota inconsciente en tu cara sabes que eres feliz. \u00bfC\u00f3mo es posible que un peque\u00f1o pueblo escondido en las monta\u00f1as de Per\u00fa me haya dado tanto? Se autodenominan \u201chumildes\u201d y quiz\u00e1 materialmente lo sean, pero la bondad y el afecto que me han dado no se podr\u00eda comparar ni con su pico m\u00e1s alto.<\/em>\u00bb<\/p>\n<p>Maria, 27 a\u00f1os.<u><\/u><\/p>\n<ul>\n<li>Escucha, responde, camina 2018<\/li>\n<\/ul>\n<div data-carousel-extra='{\"blog_id\":1,\"permalink\":\"https:\\\/\\\/nuestrasenoramoratalaz.archimadrid.es\\\/?page_id=1437\"}' class=\"tiled-gallery type-rectangular\" data-original-width=\"783\"><div class=\"gallery-row\" style=\"width: 778px; height: 545px;\"><div class=\"gallery-group images-2\" style=\"width: 365px; height: 549px;\"><div class=\"tiled-gallery-item tiled-gallery-item-large\"><a href=\"https:\/\/nuestrasenoramoratalaz.archimadrid.es\/?attachment_id=4755\"><img data-attachment-id=\"4755\" data-orig-file=\"https:\/\/nuestrasenoramoratalaz.archimadrid.es\/wp-content\/uploads\/2018\/08\/IMG-20180727-WA0063.jpg\" data-orig-size=\"1024,768\" data-comments-opened=\"0\" data-image-meta=\"{&quot;aperture&quot;:&quot;0&quot;,&quot;credit&quot;:&quot;&quot;,&quot;camera&quot;:&quot;&quot;,&quot;caption&quot;:&quot;&quot;,&quot;created_timestamp&quot;:&quot;0&quot;,&quot;copyright&quot;:&quot;&quot;,&quot;focal_length&quot;:&quot;0&quot;,&quot;iso&quot;:&quot;0&quot;,&quot;shutter_speed&quot;:&quot;0&quot;,&quot;title&quot;:&quot;&quot;,&quot;orientation&quot;:&quot;0&quot;}\" data-image-title=\"IMG-20180727-WA0063\" data-image-description=\"\" data-medium-file=\"https:\/\/nuestrasenoramoratalaz.archimadrid.es\/wp-content\/uploads\/2018\/08\/IMG-20180727-WA0063-300x225.jpg\" data-large-file=\"https:\/\/nuestrasenoramoratalaz.archimadrid.es\/wp-content\/uploads\/2018\/08\/IMG-20180727-WA0063-1024x768.jpg\" src=\"https:\/\/nuestrasenoramoratalaz.archimadrid.es\/wp-content\/uploads\/2018\/08\/IMG-20180727-WA0063-361x271.jpg\" width=\"361\" height=\"271\" align=\"left\" title=\"IMG-20180727-WA0063\" \/><\/a><\/div><div class=\"tiled-gallery-item tiled-gallery-item-large\"><a href=\"https:\/\/nuestrasenoramoratalaz.archimadrid.es\/?attachment_id=4754\"><img data-attachment-id=\"4754\" data-orig-file=\"https:\/\/nuestrasenoramoratalaz.archimadrid.es\/wp-content\/uploads\/2018\/08\/IMG-20180722-WA0000.jpg\" data-orig-size=\"4000,3000\" data-comments-opened=\"0\" data-image-meta=\"{&quot;aperture&quot;:&quot;0&quot;,&quot;credit&quot;:&quot;&quot;,&quot;camera&quot;:&quot;&quot;,&quot;caption&quot;:&quot;&quot;,&quot;created_timestamp&quot;:&quot;0&quot;,&quot;copyright&quot;:&quot;&quot;,&quot;focal_length&quot;:&quot;0&quot;,&quot;iso&quot;:&quot;0&quot;,&quot;shutter_speed&quot;:&quot;0&quot;,&quot;title&quot;:&quot;&quot;,&quot;orientation&quot;:&quot;0&quot;}\" data-image-title=\"IMG-20180722-WA0000\" data-image-description=\"\" data-medium-file=\"https:\/\/nuestrasenoramoratalaz.archimadrid.es\/wp-content\/uploads\/2018\/08\/IMG-20180722-WA0000-300x225.jpg\" data-large-file=\"https:\/\/nuestrasenoramoratalaz.archimadrid.es\/wp-content\/uploads\/2018\/08\/IMG-20180722-WA0000-1024x768.jpg\" src=\"https:\/\/nuestrasenoramoratalaz.archimadrid.es\/wp-content\/uploads\/2018\/08\/IMG-20180722-WA0000-361x270.jpg\" width=\"361\" height=\"270\" align=\"left\" title=\"IMG-20180722-WA0000\" \/><\/a><\/div><\/div><div class=\"gallery-group images-1\" style=\"width: 413px; height: 549px;\"><div class=\"tiled-gallery-item tiled-gallery-item-large\"><a href=\"https:\/\/nuestrasenoramoratalaz.archimadrid.es\/?attachment_id=4737\"><img data-attachment-id=\"4737\" data-orig-file=\"https:\/\/nuestrasenoramoratalaz.archimadrid.es\/wp-content\/uploads\/2018\/08\/WhatsApp-Image-2018-08-05-at-22.42.17.jpeg\" data-orig-size=\"1200,1600\" data-comments-opened=\"0\" data-image-meta=\"{&quot;aperture&quot;:&quot;0&quot;,&quot;credit&quot;:&quot;&quot;,&quot;camera&quot;:&quot;&quot;,&quot;caption&quot;:&quot;&quot;,&quot;created_timestamp&quot;:&quot;0&quot;,&quot;copyright&quot;:&quot;&quot;,&quot;focal_length&quot;:&quot;0&quot;,&quot;iso&quot;:&quot;0&quot;,&quot;shutter_speed&quot;:&quot;0&quot;,&quot;title&quot;:&quot;&quot;,&quot;orientation&quot;:&quot;0&quot;}\" data-image-title=\"WhatsApp Image 2018-08-05 at 22.42.17\" data-image-description=\"\" data-medium-file=\"https:\/\/nuestrasenoramoratalaz.archimadrid.es\/wp-content\/uploads\/2018\/08\/WhatsApp-Image-2018-08-05-at-22.42.17-225x300.jpeg\" data-large-file=\"https:\/\/nuestrasenoramoratalaz.archimadrid.es\/wp-content\/uploads\/2018\/08\/WhatsApp-Image-2018-08-05-at-22.42.17-768x1024.jpeg\" src=\"https:\/\/nuestrasenoramoratalaz.archimadrid.es\/wp-content\/uploads\/2018\/08\/WhatsApp-Image-2018-08-05-at-22.42.17-409x545.jpeg\" width=\"409\" height=\"545\" align=\"left\" title=\"WhatsApp Image 2018-08-05 at 22.42.17\" \/><\/a><\/div><\/div><\/div><div class=\"gallery-row\" style=\"width: 778px; height: 1032px;\"><div class=\"gallery-group images-1\" style=\"width: 778px; height: 1036px;\"><div class=\"tiled-gallery-item tiled-gallery-item-large\"><a href=\"https:\/\/nuestrasenoramoratalaz.archimadrid.es\/?attachment_id=4736\"><img data-attachment-id=\"4736\" data-orig-file=\"https:\/\/nuestrasenoramoratalaz.archimadrid.es\/wp-content\/uploads\/2018\/08\/WhatsApp-Image-2018-08-05-at-22.42.18.jpeg\" data-orig-size=\"1200,1600\" data-comments-opened=\"0\" data-image-meta=\"{&quot;aperture&quot;:&quot;0&quot;,&quot;credit&quot;:&quot;&quot;,&quot;camera&quot;:&quot;&quot;,&quot;caption&quot;:&quot;&quot;,&quot;created_timestamp&quot;:&quot;0&quot;,&quot;copyright&quot;:&quot;&quot;,&quot;focal_length&quot;:&quot;0&quot;,&quot;iso&quot;:&quot;0&quot;,&quot;shutter_speed&quot;:&quot;0&quot;,&quot;title&quot;:&quot;&quot;,&quot;orientation&quot;:&quot;0&quot;}\" data-image-title=\"WhatsApp Image 2018-08-05 at 22.42.18\" data-image-description=\"\" data-medium-file=\"https:\/\/nuestrasenoramoratalaz.archimadrid.es\/wp-content\/uploads\/2018\/08\/WhatsApp-Image-2018-08-05-at-22.42.18-225x300.jpeg\" data-large-file=\"https:\/\/nuestrasenoramoratalaz.archimadrid.es\/wp-content\/uploads\/2018\/08\/WhatsApp-Image-2018-08-05-at-22.42.18-768x1024.jpeg\" src=\"https:\/\/nuestrasenoramoratalaz.archimadrid.es\/wp-content\/uploads\/2018\/08\/WhatsApp-Image-2018-08-05-at-22.42.18-774x1032.jpeg\" width=\"774\" height=\"1032\" align=\"left\" title=\"WhatsApp Image 2018-08-05 at 22.42.18\" \/><\/a><\/div><\/div><\/div><\/div>\n<p><em>\u00abPara nosotras este tipo de campamentos son lo mejor del verano, aunque vayas sin conocer a nadie a los dos minutos te sientes completamente acogido y rodeado de gente buena y divertida, con la que puedes hablar de temas serios y abrirte por completo, adem\u00e1s de pas\u00e1rtelo genial.<\/em><br \/>\n<em>Si te encuentras perdido o solo, te acerca de nuevo a Dios y te hace sentir bien y querido.\u00bb<\/em><\/p>\n<p>Ana, 16 a\u00f1os.<\/p>\n<blockquote class=\"twitter-tweet\" data-width=\"550\" data-dnt=\"true\">\n<p lang=\"es\" dir=\"ltr\">Tambi\u00e9n un sacerdote y un seminarista comparten su experiencia en la peregrinaci\u00f3n. <a href=\"https:\/\/twitter.com\/hashtag\/EscuchaRespondeCamina?src=hash&amp;ref_src=twsrc%5Etfw\">#EscuchaRespondeCamina<\/a> <a href=\"https:\/\/t.co\/JeULxbGNZ4\">pic.twitter.com\/JeULxbGNZ4<\/a><\/p>\n<p>&mdash; Deleju Madrid (@DelejuMadrid) <a href=\"https:\/\/twitter.com\/DelejuMadrid\/status\/1022839580578512897?ref_src=twsrc%5Etfw\">July 27, 2018<\/a><\/p><\/blockquote>\n<p><script async src=\"https:\/\/platform.twitter.com\/widgets.js\" charset=\"utf-8\"><\/script><\/p>\n<ul>\n<li>Campamento 2018<\/li>\n<\/ul>\n<p><a href=\"https:\/\/nuestrasenoramoratalaz.archimadrid.es\/wp-content\/uploads\/2018\/08\/IMG_20180715_001351.jpg\"><img loading=\"lazy\" class=\"alignnone wp-image-4679 size-large\" src=\"https:\/\/nuestrasenoramoratalaz.archimadrid.es\/wp-content\/uploads\/2018\/08\/IMG_20180715_001351-1024x768.jpg\" alt=\"\" width=\"745\" height=\"559\" srcset=\"https:\/\/nuestrasenoramoratalaz.archimadrid.es\/wp-content\/uploads\/2018\/08\/IMG_20180715_001351-1024x768.jpg 1024w, https:\/\/nuestrasenoramoratalaz.archimadrid.es\/wp-content\/uploads\/2018\/08\/IMG_20180715_001351-300x225.jpg 300w, https:\/\/nuestrasenoramoratalaz.archimadrid.es\/wp-content\/uploads\/2018\/08\/IMG_20180715_001351-768x576.jpg 768w\" sizes=\"(max-width: 745px) 100vw, 745px\" \/><\/a><\/p>\n<ul>\n<li>Javierada 2018<\/li>\n<\/ul>\n<div data-carousel-extra='{\"blog_id\":1,\"permalink\":\"https:\\\/\\\/nuestrasenoramoratalaz.archimadrid.es\\\/?page_id=1437\"}' class=\"tiled-gallery type-rectangular\" data-original-width=\"783\"><div class=\"gallery-row\" style=\"width: 778px; height: 639px;\"><div class=\"gallery-group images-1\" style=\"width: 483px; height: 643px;\"><div class=\"tiled-gallery-item tiled-gallery-item-large\"><a href=\"https:\/\/nuestrasenoramoratalaz.archimadrid.es\/?attachment_id=2405\"><img data-attachment-id=\"2405\" data-orig-file=\"https:\/\/nuestrasenoramoratalaz.archimadrid.es\/wp-content\/uploads\/2018\/03\/IMG_20180303_183006.jpg\" data-orig-size=\"3120,4160\" data-comments-opened=\"0\" data-image-meta=\"{&quot;aperture&quot;:&quot;2&quot;,&quot;credit&quot;:&quot;&quot;,&quot;camera&quot;:&quot;HUAWEI NMO-L31&quot;,&quot;caption&quot;:&quot;dav&quot;,&quot;created_timestamp&quot;:&quot;1520101807&quot;,&quot;copyright&quot;:&quot;&quot;,&quot;focal_length&quot;:&quot;3.79&quot;,&quot;iso&quot;:&quot;1000&quot;,&quot;shutter_speed&quot;:&quot;0.07&quot;,&quot;title&quot;:&quot;dav&quot;,&quot;orientation&quot;:&quot;0&quot;}\" data-image-title=\"javierada5\" data-image-description=\"\" data-medium-file=\"https:\/\/nuestrasenoramoratalaz.archimadrid.es\/wp-content\/uploads\/2018\/03\/IMG_20180303_183006-225x300.jpg\" data-large-file=\"https:\/\/nuestrasenoramoratalaz.archimadrid.es\/wp-content\/uploads\/2018\/03\/IMG_20180303_183006-768x1024.jpg\" src=\"https:\/\/nuestrasenoramoratalaz.archimadrid.es\/wp-content\/uploads\/2018\/03\/IMG_20180303_183006-479x639.jpg\" width=\"479\" height=\"639\" align=\"left\" title=\"javierada5\" \/><\/a><\/div><\/div><div class=\"gallery-group images-3\" style=\"width: 295px; height: 643px;\"><div class=\"tiled-gallery-item tiled-gallery-item-large\"><a href=\"https:\/\/nuestrasenoramoratalaz.archimadrid.es\/?attachment_id=2397\"><img data-attachment-id=\"2397\" data-orig-file=\"https:\/\/nuestrasenoramoratalaz.archimadrid.es\/wp-content\/uploads\/2018\/03\/MG_4174.jpg\" data-orig-size=\"5184,3456\" data-comments-opened=\"0\" data-image-meta=\"{&quot;aperture&quot;:&quot;5.6&quot;,&quot;credit&quot;:&quot;Ignacio Martin&quot;,&quot;camera&quot;:&quot;Canon EOS 550D&quot;,&quot;caption&quot;:&quot;&quot;,&quot;created_timestamp&quot;:&quot;1520165941&quot;,&quot;copyright&quot;:&quot;&quot;,&quot;focal_length&quot;:&quot;18&quot;,&quot;iso&quot;:&quot;100&quot;,&quot;shutter_speed&quot;:&quot;0.01&quot;,&quot;title&quot;:&quot;&quot;,&quot;orientation&quot;:&quot;1&quot;}\" data-image-title=\"javierada4\" data-image-description=\"\" data-medium-file=\"https:\/\/nuestrasenoramoratalaz.archimadrid.es\/wp-content\/uploads\/2018\/03\/MG_4174-300x200.jpg\" data-large-file=\"https:\/\/nuestrasenoramoratalaz.archimadrid.es\/wp-content\/uploads\/2018\/03\/MG_4174-1024x683.jpg\" src=\"https:\/\/nuestrasenoramoratalaz.archimadrid.es\/wp-content\/uploads\/2018\/03\/MG_4174-291x194.jpg\" width=\"291\" height=\"194\" align=\"left\" title=\"javierada4\" \/><\/a><\/div><div class=\"tiled-gallery-item tiled-gallery-item-large\"><a href=\"https:\/\/nuestrasenoramoratalaz.archimadrid.es\/?attachment_id=2370\"><img data-attachment-id=\"2370\" data-orig-file=\"https:\/\/nuestrasenoramoratalaz.archimadrid.es\/wp-content\/uploads\/2018\/03\/Javierada3.jpeg\" data-orig-size=\"1600,1200\" data-comments-opened=\"0\" data-image-meta=\"{&quot;aperture&quot;:&quot;0&quot;,&quot;credit&quot;:&quot;&quot;,&quot;camera&quot;:&quot;&quot;,&quot;caption&quot;:&quot;&quot;,&quot;created_timestamp&quot;:&quot;0&quot;,&quot;copyright&quot;:&quot;&quot;,&quot;focal_length&quot;:&quot;0&quot;,&quot;iso&quot;:&quot;0&quot;,&quot;shutter_speed&quot;:&quot;0&quot;,&quot;title&quot;:&quot;&quot;,&quot;orientation&quot;:&quot;0&quot;}\" data-image-title=\"Javierada3\" data-image-description=\"\" data-medium-file=\"https:\/\/nuestrasenoramoratalaz.archimadrid.es\/wp-content\/uploads\/2018\/03\/Javierada3-300x225.jpeg\" data-large-file=\"https:\/\/nuestrasenoramoratalaz.archimadrid.es\/wp-content\/uploads\/2018\/03\/Javierada3-1024x768.jpeg\" src=\"https:\/\/nuestrasenoramoratalaz.archimadrid.es\/wp-content\/uploads\/2018\/03\/Javierada3-291x219.jpeg\" width=\"291\" height=\"219\" align=\"left\" title=\"Javierada3\" \/><\/a><\/div><div class=\"tiled-gallery-item tiled-gallery-item-large\"><a href=\"https:\/\/nuestrasenoramoratalaz.archimadrid.es\/?attachment_id=2369\"><img data-attachment-id=\"2369\" data-orig-file=\"https:\/\/nuestrasenoramoratalaz.archimadrid.es\/wp-content\/uploads\/2018\/03\/Javierada2.jpeg\" data-orig-size=\"1600,1200\" data-comments-opened=\"0\" data-image-meta=\"{&quot;aperture&quot;:&quot;0&quot;,&quot;credit&quot;:&quot;&quot;,&quot;camera&quot;:&quot;&quot;,&quot;caption&quot;:&quot;&quot;,&quot;created_timestamp&quot;:&quot;0&quot;,&quot;copyright&quot;:&quot;&quot;,&quot;focal_length&quot;:&quot;0&quot;,&quot;iso&quot;:&quot;0&quot;,&quot;shutter_speed&quot;:&quot;0&quot;,&quot;title&quot;:&quot;&quot;,&quot;orientation&quot;:&quot;0&quot;}\" data-image-title=\"Javierada2\" data-image-description=\"\" data-medium-file=\"https:\/\/nuestrasenoramoratalaz.archimadrid.es\/wp-content\/uploads\/2018\/03\/Javierada2-300x225.jpeg\" data-large-file=\"https:\/\/nuestrasenoramoratalaz.archimadrid.es\/wp-content\/uploads\/2018\/03\/Javierada2-1024x768.jpeg\" src=\"https:\/\/nuestrasenoramoratalaz.archimadrid.es\/wp-content\/uploads\/2018\/03\/Javierada2-291x218.jpeg\" width=\"291\" height=\"218\" align=\"left\" title=\"Javierada2\" \/><\/a><\/div><\/div><\/div><div class=\"gallery-row\" style=\"width: 778px; height: 1032px;\"><div class=\"gallery-group images-1\" style=\"width: 778px; height: 1036px;\"><div class=\"tiled-gallery-item tiled-gallery-item-large\"><a href=\"https:\/\/nuestrasenoramoratalaz.archimadrid.es\/?attachment_id=2368\"><img data-attachment-id=\"2368\" data-orig-file=\"https:\/\/nuestrasenoramoratalaz.archimadrid.es\/wp-content\/uploads\/2018\/03\/Javierada1.jpeg\" data-orig-size=\"1200,1600\" data-comments-opened=\"0\" data-image-meta=\"{&quot;aperture&quot;:&quot;0&quot;,&quot;credit&quot;:&quot;&quot;,&quot;camera&quot;:&quot;&quot;,&quot;caption&quot;:&quot;&quot;,&quot;created_timestamp&quot;:&quot;0&quot;,&quot;copyright&quot;:&quot;&quot;,&quot;focal_length&quot;:&quot;0&quot;,&quot;iso&quot;:&quot;0&quot;,&quot;shutter_speed&quot;:&quot;0&quot;,&quot;title&quot;:&quot;&quot;,&quot;orientation&quot;:&quot;0&quot;}\" data-image-title=\"Javierada1\" data-image-description=\"\" data-medium-file=\"https:\/\/nuestrasenoramoratalaz.archimadrid.es\/wp-content\/uploads\/2018\/03\/Javierada1-225x300.jpeg\" data-large-file=\"https:\/\/nuestrasenoramoratalaz.archimadrid.es\/wp-content\/uploads\/2018\/03\/Javierada1-768x1024.jpeg\" src=\"https:\/\/nuestrasenoramoratalaz.archimadrid.es\/wp-content\/uploads\/2018\/03\/Javierada1-774x1032.jpeg\" width=\"774\" height=\"1032\" align=\"left\" title=\"Javierada1\" \/><\/a><\/div><\/div><\/div><\/div>\n<ul>\n<li>Iesu Communio 2017<\/li>\n<\/ul>\n<p><a href=\"https:\/\/nuestrasenoramoratalaz.archimadrid.es\/wp-content\/uploads\/2017\/12\/IMG_20171202_153837.jpg\"><img loading=\"lazy\" class=\"alignnone wp-image-2078 size-large\" src=\"https:\/\/nuestrasenoramoratalaz.archimadrid.es\/wp-content\/uploads\/2017\/12\/IMG_20171202_153837-1024x768.jpg\" alt=\"\" width=\"745\" height=\"559\" srcset=\"https:\/\/nuestrasenoramoratalaz.archimadrid.es\/wp-content\/uploads\/2017\/12\/IMG_20171202_153837-1024x768.jpg 1024w, https:\/\/nuestrasenoramoratalaz.archimadrid.es\/wp-content\/uploads\/2017\/12\/IMG_20171202_153837-300x225.jpg 300w, https:\/\/nuestrasenoramoratalaz.archimadrid.es\/wp-content\/uploads\/2017\/12\/IMG_20171202_153837-768x576.jpg 768w\" sizes=\"(max-width: 745px) 100vw, 745px\" \/><\/a><\/p>\n<ul>\n<li>Clases de guitarra 2017<\/li>\n<\/ul>\n<div data-carousel-extra='{\"blog_id\":1,\"permalink\":\"https:\\\/\\\/nuestrasenoramoratalaz.archimadrid.es\\\/?page_id=1437\"}' class=\"tiled-gallery type-rectangular\" data-original-width=\"783\"><div class=\"gallery-row\" style=\"width: 778px; height: 532px;\"><div class=\"gallery-group images-2\" style=\"width: 474px; height: 536px;\"><div class=\"tiled-gallery-item tiled-gallery-item-large\"><a href=\"https:\/\/nuestrasenoramoratalaz.archimadrid.es\/?attachment_id=1426\"><img data-attachment-id=\"1426\" data-orig-file=\"https:\/\/nuestrasenoramoratalaz.archimadrid.es\/wp-content\/uploads\/2017\/10\/1.jpg\" data-orig-size=\"1600,901\" data-comments-opened=\"0\" data-image-meta=\"{&quot;aperture&quot;:&quot;0&quot;,&quot;credit&quot;:&quot;&quot;,&quot;camera&quot;:&quot;&quot;,&quot;caption&quot;:&quot;&quot;,&quot;created_timestamp&quot;:&quot;0&quot;,&quot;copyright&quot;:&quot;&quot;,&quot;focal_length&quot;:&quot;0&quot;,&quot;iso&quot;:&quot;0&quot;,&quot;shutter_speed&quot;:&quot;0&quot;,&quot;title&quot;:&quot;&quot;,&quot;orientation&quot;:&quot;0&quot;}\" data-image-title=\"guitarra1\" data-image-description=\"\" data-medium-file=\"https:\/\/nuestrasenoramoratalaz.archimadrid.es\/wp-content\/uploads\/2017\/10\/1-300x169.jpg\" data-large-file=\"https:\/\/nuestrasenoramoratalaz.archimadrid.es\/wp-content\/uploads\/2017\/10\/1-1024x577.jpg\" src=\"https:\/\/nuestrasenoramoratalaz.archimadrid.es\/wp-content\/uploads\/2017\/10\/1-470x264.jpg\" width=\"470\" height=\"264\" align=\"left\" title=\"guitarra1\" \/><\/a><\/div><div class=\"tiled-gallery-item tiled-gallery-item-large\"><a href=\"https:\/\/nuestrasenoramoratalaz.archimadrid.es\/?attachment_id=1427\"><img data-attachment-id=\"1427\" data-orig-file=\"https:\/\/nuestrasenoramoratalaz.archimadrid.es\/wp-content\/uploads\/2017\/10\/2.jpg\" data-orig-size=\"1600,898\" data-comments-opened=\"0\" data-image-meta=\"{&quot;aperture&quot;:&quot;0&quot;,&quot;credit&quot;:&quot;&quot;,&quot;camera&quot;:&quot;&quot;,&quot;caption&quot;:&quot;&quot;,&quot;created_timestamp&quot;:&quot;0&quot;,&quot;copyright&quot;:&quot;&quot;,&quot;focal_length&quot;:&quot;0&quot;,&quot;iso&quot;:&quot;0&quot;,&quot;shutter_speed&quot;:&quot;0&quot;,&quot;title&quot;:&quot;&quot;,&quot;orientation&quot;:&quot;0&quot;}\" data-image-title=\"guitarra2\" data-image-description=\"\" data-medium-file=\"https:\/\/nuestrasenoramoratalaz.archimadrid.es\/wp-content\/uploads\/2017\/10\/2-300x168.jpg\" data-large-file=\"https:\/\/nuestrasenoramoratalaz.archimadrid.es\/wp-content\/uploads\/2017\/10\/2-1024x575.jpg\" src=\"https:\/\/nuestrasenoramoratalaz.archimadrid.es\/wp-content\/uploads\/2017\/10\/2-470x264.jpg\" width=\"470\" height=\"264\" align=\"left\" title=\"guitarra2\" \/><\/a><\/div><\/div><div class=\"gallery-group images-1\" style=\"width: 304px; height: 536px;\"><div class=\"tiled-gallery-item tiled-gallery-item-large\"><a href=\"https:\/\/nuestrasenoramoratalaz.archimadrid.es\/?attachment_id=1428\"><img data-attachment-id=\"1428\" data-orig-file=\"https:\/\/nuestrasenoramoratalaz.archimadrid.es\/wp-content\/uploads\/2017\/10\/3.jpg\" data-orig-size=\"720,1278\" data-comments-opened=\"0\" data-image-meta=\"{&quot;aperture&quot;:&quot;0&quot;,&quot;credit&quot;:&quot;&quot;,&quot;camera&quot;:&quot;&quot;,&quot;caption&quot;:&quot;&quot;,&quot;created_timestamp&quot;:&quot;0&quot;,&quot;copyright&quot;:&quot;&quot;,&quot;focal_length&quot;:&quot;0&quot;,&quot;iso&quot;:&quot;0&quot;,&quot;shutter_speed&quot;:&quot;0&quot;,&quot;title&quot;:&quot;&quot;,&quot;orientation&quot;:&quot;0&quot;}\" data-image-title=\"guitarra3\" data-image-description=\"\" data-medium-file=\"https:\/\/nuestrasenoramoratalaz.archimadrid.es\/wp-content\/uploads\/2017\/10\/3-169x300.jpg\" data-large-file=\"https:\/\/nuestrasenoramoratalaz.archimadrid.es\/wp-content\/uploads\/2017\/10\/3-577x1024.jpg\" src=\"https:\/\/nuestrasenoramoratalaz.archimadrid.es\/wp-content\/uploads\/2017\/10\/3-300x532.jpg\" width=\"300\" height=\"532\" align=\"left\" title=\"guitarra3\" \/><\/a><\/div><\/div><\/div><div class=\"gallery-row\" style=\"width: 778px; height: 513px;\"><div class=\"gallery-group images-1\" style=\"width: 389px; height: 517px;\"><div class=\"tiled-gallery-item tiled-gallery-item-large\"><a href=\"https:\/\/nuestrasenoramoratalaz.archimadrid.es\/?attachment_id=1429\"><img data-attachment-id=\"1429\" data-orig-file=\"https:\/\/nuestrasenoramoratalaz.archimadrid.es\/wp-content\/uploads\/2017\/10\/4.jpg\" data-orig-size=\"1200,1600\" data-comments-opened=\"0\" data-image-meta=\"{&quot;aperture&quot;:&quot;0&quot;,&quot;credit&quot;:&quot;&quot;,&quot;camera&quot;:&quot;&quot;,&quot;caption&quot;:&quot;&quot;,&quot;created_timestamp&quot;:&quot;0&quot;,&quot;copyright&quot;:&quot;&quot;,&quot;focal_length&quot;:&quot;0&quot;,&quot;iso&quot;:&quot;0&quot;,&quot;shutter_speed&quot;:&quot;0&quot;,&quot;title&quot;:&quot;&quot;,&quot;orientation&quot;:&quot;0&quot;}\" data-image-title=\"guitarra4\" data-image-description=\"\" data-medium-file=\"https:\/\/nuestrasenoramoratalaz.archimadrid.es\/wp-content\/uploads\/2017\/10\/4-225x300.jpg\" data-large-file=\"https:\/\/nuestrasenoramoratalaz.archimadrid.es\/wp-content\/uploads\/2017\/10\/4-768x1024.jpg\" src=\"https:\/\/nuestrasenoramoratalaz.archimadrid.es\/wp-content\/uploads\/2017\/10\/4-385x513.jpg\" width=\"385\" height=\"513\" align=\"left\" title=\"guitarra4\" \/><\/a><\/div><\/div><div class=\"gallery-group images-1\" style=\"width: 389px; height: 517px;\"><div class=\"tiled-gallery-item tiled-gallery-item-large\"><a href=\"https:\/\/nuestrasenoramoratalaz.archimadrid.es\/?attachment_id=1430\"><img data-attachment-id=\"1430\" data-orig-file=\"https:\/\/nuestrasenoramoratalaz.archimadrid.es\/wp-content\/uploads\/2017\/10\/5.jpg\" data-orig-size=\"1200,1600\" data-comments-opened=\"0\" data-image-meta=\"{&quot;aperture&quot;:&quot;0&quot;,&quot;credit&quot;:&quot;&quot;,&quot;camera&quot;:&quot;&quot;,&quot;caption&quot;:&quot;&quot;,&quot;created_timestamp&quot;:&quot;0&quot;,&quot;copyright&quot;:&quot;&quot;,&quot;focal_length&quot;:&quot;0&quot;,&quot;iso&quot;:&quot;0&quot;,&quot;shutter_speed&quot;:&quot;0&quot;,&quot;title&quot;:&quot;&quot;,&quot;orientation&quot;:&quot;0&quot;}\" data-image-title=\"guitarra5\" data-image-description=\"\" data-medium-file=\"https:\/\/nuestrasenoramoratalaz.archimadrid.es\/wp-content\/uploads\/2017\/10\/5-225x300.jpg\" data-large-file=\"https:\/\/nuestrasenoramoratalaz.archimadrid.es\/wp-content\/uploads\/2017\/10\/5-768x1024.jpg\" src=\"https:\/\/nuestrasenoramoratalaz.archimadrid.es\/wp-content\/uploads\/2017\/10\/5-385x513.jpg\" width=\"385\" height=\"513\" align=\"left\" title=\"guitarra5\" \/><\/a><\/div><\/div><\/div><\/div>\n<ul>\n<li>Convivencia de j\u00f3venes 2017<\/li>\n<\/ul>\n<div data-carousel-extra='{\"blog_id\":1,\"permalink\":\"https:\\\/\\\/nuestrasenoramoratalaz.archimadrid.es\\\/?page_id=1437\"}' class=\"tiled-gallery type-rectangular\" data-original-width=\"783\"><div class=\"gallery-row\" style=\"width: 778px; height: 224px;\"><div class=\"gallery-group images-1\" style=\"width: 303px; height: 228px;\"><div class=\"tiled-gallery-item tiled-gallery-item-large\"><a href=\"https:\/\/nuestrasenoramoratalaz.archimadrid.es\/?attachment_id=1438\"><img data-attachment-id=\"1438\" data-orig-file=\"https:\/\/nuestrasenoramoratalaz.archimadrid.es\/wp-content\/uploads\/2017\/10\/Conv1.jpg\" data-orig-size=\"1600,1200\" data-comments-opened=\"0\" data-image-meta=\"{&quot;aperture&quot;:&quot;0&quot;,&quot;credit&quot;:&quot;&quot;,&quot;camera&quot;:&quot;&quot;,&quot;caption&quot;:&quot;&quot;,&quot;created_timestamp&quot;:&quot;0&quot;,&quot;copyright&quot;:&quot;&quot;,&quot;focal_length&quot;:&quot;0&quot;,&quot;iso&quot;:&quot;0&quot;,&quot;shutter_speed&quot;:&quot;0&quot;,&quot;title&quot;:&quot;&quot;,&quot;orientation&quot;:&quot;0&quot;}\" data-image-title=\"Conv1\" data-image-description=\"\" data-medium-file=\"https:\/\/nuestrasenoramoratalaz.archimadrid.es\/wp-content\/uploads\/2017\/10\/Conv1-300x225.jpg\" data-large-file=\"https:\/\/nuestrasenoramoratalaz.archimadrid.es\/wp-content\/uploads\/2017\/10\/Conv1-1024x768.jpg\" src=\"https:\/\/nuestrasenoramoratalaz.archimadrid.es\/wp-content\/uploads\/2017\/10\/Conv1-299x224.jpg\" width=\"299\" height=\"224\" align=\"left\" title=\"Conv1\" \/><\/a><\/div><\/div><div class=\"gallery-group images-1\" style=\"width: 172px; height: 228px;\"><div class=\"tiled-gallery-item tiled-gallery-item-small\"><a href=\"https:\/\/nuestrasenoramoratalaz.archimadrid.es\/?attachment_id=1439\"><img data-attachment-id=\"1439\" data-orig-file=\"https:\/\/nuestrasenoramoratalaz.archimadrid.es\/wp-content\/uploads\/2017\/10\/Conv2.jpg\" data-orig-size=\"1200,1600\" data-comments-opened=\"0\" data-image-meta=\"{&quot;aperture&quot;:&quot;0&quot;,&quot;credit&quot;:&quot;&quot;,&quot;camera&quot;:&quot;&quot;,&quot;caption&quot;:&quot;&quot;,&quot;created_timestamp&quot;:&quot;0&quot;,&quot;copyright&quot;:&quot;&quot;,&quot;focal_length&quot;:&quot;0&quot;,&quot;iso&quot;:&quot;0&quot;,&quot;shutter_speed&quot;:&quot;0&quot;,&quot;title&quot;:&quot;&quot;,&quot;orientation&quot;:&quot;0&quot;}\" data-image-title=\"Conv2\" data-image-description=\"\" data-medium-file=\"https:\/\/nuestrasenoramoratalaz.archimadrid.es\/wp-content\/uploads\/2017\/10\/Conv2-225x300.jpg\" data-large-file=\"https:\/\/nuestrasenoramoratalaz.archimadrid.es\/wp-content\/uploads\/2017\/10\/Conv2-768x1024.jpg\" src=\"https:\/\/nuestrasenoramoratalaz.archimadrid.es\/wp-content\/uploads\/2017\/10\/Conv2-168x224.jpg\" width=\"168\" height=\"224\" align=\"left\" title=\"Conv2\" \/><\/a><\/div><\/div><div class=\"gallery-group images-1\" style=\"width: 303px; height: 228px;\"><div class=\"tiled-gallery-item tiled-gallery-item-large\"><a href=\"https:\/\/nuestrasenoramoratalaz.archimadrid.es\/?attachment_id=1440\"><img data-attachment-id=\"1440\" data-orig-file=\"https:\/\/nuestrasenoramoratalaz.archimadrid.es\/wp-content\/uploads\/2017\/10\/Conv3.jpg\" data-orig-size=\"1600,1200\" data-comments-opened=\"0\" data-image-meta=\"{&quot;aperture&quot;:&quot;0&quot;,&quot;credit&quot;:&quot;&quot;,&quot;camera&quot;:&quot;&quot;,&quot;caption&quot;:&quot;&quot;,&quot;created_timestamp&quot;:&quot;0&quot;,&quot;copyright&quot;:&quot;&quot;,&quot;focal_length&quot;:&quot;0&quot;,&quot;iso&quot;:&quot;0&quot;,&quot;shutter_speed&quot;:&quot;0&quot;,&quot;title&quot;:&quot;&quot;,&quot;orientation&quot;:&quot;0&quot;}\" data-image-title=\"Conv3\" data-image-description=\"\" data-medium-file=\"https:\/\/nuestrasenoramoratalaz.archimadrid.es\/wp-content\/uploads\/2017\/10\/Conv3-300x225.jpg\" data-large-file=\"https:\/\/nuestrasenoramoratalaz.archimadrid.es\/wp-content\/uploads\/2017\/10\/Conv3-1024x768.jpg\" src=\"https:\/\/nuestrasenoramoratalaz.archimadrid.es\/wp-content\/uploads\/2017\/10\/Conv3-299x224.jpg\" width=\"299\" height=\"224\" align=\"left\" title=\"Conv3\" \/><\/a><\/div><\/div><\/div><div class=\"gallery-row\" style=\"width: 778px; height: 370px;\"><div class=\"gallery-group images-1\" style=\"width: 281px; height: 374px;\"><div class=\"tiled-gallery-item tiled-gallery-item-large\"><a href=\"https:\/\/nuestrasenoramoratalaz.archimadrid.es\/?attachment_id=1441\"><img data-attachment-id=\"1441\" data-orig-file=\"https:\/\/nuestrasenoramoratalaz.archimadrid.es\/wp-content\/uploads\/2017\/10\/Conv4.jpg\" data-orig-size=\"1200,1600\" data-comments-opened=\"0\" data-image-meta=\"{&quot;aperture&quot;:&quot;0&quot;,&quot;credit&quot;:&quot;&quot;,&quot;camera&quot;:&quot;&quot;,&quot;caption&quot;:&quot;&quot;,&quot;created_timestamp&quot;:&quot;0&quot;,&quot;copyright&quot;:&quot;&quot;,&quot;focal_length&quot;:&quot;0&quot;,&quot;iso&quot;:&quot;0&quot;,&quot;shutter_speed&quot;:&quot;0&quot;,&quot;title&quot;:&quot;&quot;,&quot;orientation&quot;:&quot;0&quot;}\" data-image-title=\"Conv4\" data-image-description=\"\" data-medium-file=\"https:\/\/nuestrasenoramoratalaz.archimadrid.es\/wp-content\/uploads\/2017\/10\/Conv4-225x300.jpg\" data-large-file=\"https:\/\/nuestrasenoramoratalaz.archimadrid.es\/wp-content\/uploads\/2017\/10\/Conv4-768x1024.jpg\" src=\"https:\/\/nuestrasenoramoratalaz.archimadrid.es\/wp-content\/uploads\/2017\/10\/Conv4-277x370.jpg\" width=\"277\" height=\"370\" align=\"left\" title=\"Conv4\" \/><\/a><\/div><\/div><div class=\"gallery-group images-1\" style=\"width: 497px; height: 374px;\"><div class=\"tiled-gallery-item tiled-gallery-item-large\"><a href=\"https:\/\/nuestrasenoramoratalaz.archimadrid.es\/?attachment_id=1442\"><img data-attachment-id=\"1442\" data-orig-file=\"https:\/\/nuestrasenoramoratalaz.archimadrid.es\/wp-content\/uploads\/2017\/10\/Conv5.jpg\" data-orig-size=\"1600,1200\" data-comments-opened=\"0\" data-image-meta=\"{&quot;aperture&quot;:&quot;0&quot;,&quot;credit&quot;:&quot;&quot;,&quot;camera&quot;:&quot;&quot;,&quot;caption&quot;:&quot;&quot;,&quot;created_timestamp&quot;:&quot;0&quot;,&quot;copyright&quot;:&quot;&quot;,&quot;focal_length&quot;:&quot;0&quot;,&quot;iso&quot;:&quot;0&quot;,&quot;shutter_speed&quot;:&quot;0&quot;,&quot;title&quot;:&quot;&quot;,&quot;orientation&quot;:&quot;0&quot;}\" data-image-title=\"Conv5\" data-image-description=\"\" data-medium-file=\"https:\/\/nuestrasenoramoratalaz.archimadrid.es\/wp-content\/uploads\/2017\/10\/Conv5-300x225.jpg\" data-large-file=\"https:\/\/nuestrasenoramoratalaz.archimadrid.es\/wp-content\/uploads\/2017\/10\/Conv5-1024x768.jpg\" src=\"https:\/\/nuestrasenoramoratalaz.archimadrid.es\/wp-content\/uploads\/2017\/10\/Conv5-493x370.jpg\" width=\"493\" height=\"370\" align=\"left\" title=\"Conv5\" \/><\/a><\/div><\/div><\/div><\/div>\n<ul>\n<li>Taiz\u00e9 2017<\/li>\n<\/ul>\n<div data-carousel-extra='{\"blog_id\":1,\"permalink\":\"https:\\\/\\\/nuestrasenoramoratalaz.archimadrid.es\\\/?page_id=1437\"}' class=\"tiled-gallery type-rectangular\" data-original-width=\"783\"><div class=\"gallery-row\" style=\"width: 778px; height: 369px;\"><div class=\"gallery-group images-2\" style=\"width: 282px; height: 373px;\"><div class=\"tiled-gallery-item tiled-gallery-item-large\"><a href=\"https:\/\/nuestrasenoramoratalaz.archimadrid.es\/?attachment_id=1452\"><img data-attachment-id=\"1452\" data-orig-file=\"https:\/\/nuestrasenoramoratalaz.archimadrid.es\/wp-content\/uploads\/2017\/10\/T1.jpg\" data-orig-size=\"1177,662\" data-comments-opened=\"0\" data-image-meta=\"{&quot;aperture&quot;:&quot;0&quot;,&quot;credit&quot;:&quot;&quot;,&quot;camera&quot;:&quot;&quot;,&quot;caption&quot;:&quot;&quot;,&quot;created_timestamp&quot;:&quot;0&quot;,&quot;copyright&quot;:&quot;&quot;,&quot;focal_length&quot;:&quot;0&quot;,&quot;iso&quot;:&quot;0&quot;,&quot;shutter_speed&quot;:&quot;0&quot;,&quot;title&quot;:&quot;&quot;,&quot;orientation&quot;:&quot;0&quot;}\" data-image-title=\"Taize_2016_1\" data-image-description=\"\" data-medium-file=\"https:\/\/nuestrasenoramoratalaz.archimadrid.es\/wp-content\/uploads\/2017\/10\/T1-300x169.jpg\" data-large-file=\"https:\/\/nuestrasenoramoratalaz.archimadrid.es\/wp-content\/uploads\/2017\/10\/T1-1024x576.jpg\" src=\"https:\/\/nuestrasenoramoratalaz.archimadrid.es\/wp-content\/uploads\/2017\/10\/T1-278x156.jpg\" width=\"278\" height=\"156\" align=\"left\" title=\"Taize_2016_1\" \/><\/a><\/div><div class=\"tiled-gallery-item tiled-gallery-item-large\"><a href=\"https:\/\/nuestrasenoramoratalaz.archimadrid.es\/?attachment_id=1453\"><img data-attachment-id=\"1453\" data-orig-file=\"https:\/\/nuestrasenoramoratalaz.archimadrid.es\/wp-content\/uploads\/2017\/10\/T2.jpg\" data-orig-size=\"817,613\" data-comments-opened=\"0\" data-image-meta=\"{&quot;aperture&quot;:&quot;0&quot;,&quot;credit&quot;:&quot;&quot;,&quot;camera&quot;:&quot;&quot;,&quot;caption&quot;:&quot;&quot;,&quot;created_timestamp&quot;:&quot;0&quot;,&quot;copyright&quot;:&quot;&quot;,&quot;focal_length&quot;:&quot;0&quot;,&quot;iso&quot;:&quot;0&quot;,&quot;shutter_speed&quot;:&quot;0&quot;,&quot;title&quot;:&quot;&quot;,&quot;orientation&quot;:&quot;0&quot;}\" data-image-title=\"Taize_2016_2\" data-image-description=\"\" data-medium-file=\"https:\/\/nuestrasenoramoratalaz.archimadrid.es\/wp-content\/uploads\/2017\/10\/T2-300x225.jpg\" data-large-file=\"https:\/\/nuestrasenoramoratalaz.archimadrid.es\/wp-content\/uploads\/2017\/10\/T2.jpg\" src=\"https:\/\/nuestrasenoramoratalaz.archimadrid.es\/wp-content\/uploads\/2017\/10\/T2-278x209.jpg\" width=\"278\" height=\"209\" align=\"left\" title=\"Taize_2016_2\" \/><\/a><\/div><\/div><div class=\"gallery-group images-1\" style=\"width: 496px; height: 373px;\"><div class=\"tiled-gallery-item tiled-gallery-item-large\"><a href=\"https:\/\/nuestrasenoramoratalaz.archimadrid.es\/?attachment_id=1454\"><img data-attachment-id=\"1454\" data-orig-file=\"https:\/\/nuestrasenoramoratalaz.archimadrid.es\/wp-content\/uploads\/2017\/10\/T5.jpg\" data-orig-size=\"817,613\" data-comments-opened=\"0\" data-image-meta=\"{&quot;aperture&quot;:&quot;0&quot;,&quot;credit&quot;:&quot;&quot;,&quot;camera&quot;:&quot;&quot;,&quot;caption&quot;:&quot;&quot;,&quot;created_timestamp&quot;:&quot;0&quot;,&quot;copyright&quot;:&quot;&quot;,&quot;focal_length&quot;:&quot;0&quot;,&quot;iso&quot;:&quot;0&quot;,&quot;shutter_speed&quot;:&quot;0&quot;,&quot;title&quot;:&quot;&quot;,&quot;orientation&quot;:&quot;0&quot;}\" data-image-title=\"Taize_2016_5\" data-image-description=\"\" data-medium-file=\"https:\/\/nuestrasenoramoratalaz.archimadrid.es\/wp-content\/uploads\/2017\/10\/T5-300x225.jpg\" data-large-file=\"https:\/\/nuestrasenoramoratalaz.archimadrid.es\/wp-content\/uploads\/2017\/10\/T5.jpg\" src=\"https:\/\/nuestrasenoramoratalaz.archimadrid.es\/wp-content\/uploads\/2017\/10\/T5-492x369.jpg\" width=\"492\" height=\"369\" align=\"left\" title=\"Taize_2016_5\" \/><\/a><\/div><\/div><\/div><div class=\"gallery-row\" style=\"width: 778px; height: 580px;\"><div class=\"gallery-group images-1\" style=\"width: 778px; height: 584px;\"><div class=\"tiled-gallery-item tiled-gallery-item-large\"><a href=\"https:\/\/nuestrasenoramoratalaz.archimadrid.es\/?attachment_id=1596\"><img data-attachment-id=\"1596\" data-orig-file=\"https:\/\/nuestrasenoramoratalaz.archimadrid.es\/wp-content\/uploads\/2017\/10\/T5-1.jpg\" data-orig-size=\"883,662\" data-comments-opened=\"0\" data-image-meta=\"{&quot;aperture&quot;:&quot;0&quot;,&quot;credit&quot;:&quot;&quot;,&quot;camera&quot;:&quot;&quot;,&quot;caption&quot;:&quot;&quot;,&quot;created_timestamp&quot;:&quot;0&quot;,&quot;copyright&quot;:&quot;&quot;,&quot;focal_length&quot;:&quot;0&quot;,&quot;iso&quot;:&quot;0&quot;,&quot;shutter_speed&quot;:&quot;0&quot;,&quot;title&quot;:&quot;&quot;,&quot;orientation&quot;:&quot;0&quot;}\" data-image-title=\"Taize_2016_6\" data-image-description=\"\" data-medium-file=\"https:\/\/nuestrasenoramoratalaz.archimadrid.es\/wp-content\/uploads\/2017\/10\/T5-1-300x225.jpg\" data-large-file=\"https:\/\/nuestrasenoramoratalaz.archimadrid.es\/wp-content\/uploads\/2017\/10\/T5-1.jpg\" src=\"https:\/\/nuestrasenoramoratalaz.archimadrid.es\/wp-content\/uploads\/2017\/10\/T5-1-774x580.jpg\" width=\"774\" height=\"580\" align=\"left\" title=\"Taize_2016_6\" \/><\/a><\/div><\/div><\/div><\/div>\n<blockquote class=\"twitter-tweet\" data-width=\"550\" data-dnt=\"true\">\n<p lang=\"es\" dir=\"ltr\">Taiz\u00e8 2017 Colegio Cristo Rey: <a href=\"https:\/\/t.co\/lP9nAwpiXW\">https:\/\/t.co\/lP9nAwpiXW<\/a> v\u00eda <a href=\"https:\/\/twitter.com\/YouTube?ref_src=twsrc%5Etfw\">@YouTube<\/a><\/p>\n<p>&mdash; Colegio Cristo Rey (@CristoReyEcr) <a href=\"https:\/\/twitter.com\/CristoReyEcr\/status\/963773414682120192?ref_src=twsrc%5Etfw\">February 14, 2018<\/a><\/p><\/blockquote>\n<p><script async src=\"https:\/\/platform.twitter.com\/widgets.js\" charset=\"utf-8\"><\/script><\/p>\n<ul>\n<li>Campamento 2017<\/li>\n<\/ul>\n<div data-carousel-extra='{\"blog_id\":1,\"permalink\":\"https:\\\/\\\/nuestrasenoramoratalaz.archimadrid.es\\\/?page_id=1437\"}' class=\"tiled-gallery type-rectangular\" data-original-width=\"783\"><div class=\"gallery-row\" style=\"width: 778px; height: 217px;\"><div class=\"gallery-group images-1\" style=\"width: 389px; height: 221px;\"><div class=\"tiled-gallery-item tiled-gallery-item-large\"><a href=\"https:\/\/nuestrasenoramoratalaz.archimadrid.es\/?attachment_id=1688\"><img data-attachment-id=\"1688\" data-orig-file=\"https:\/\/nuestrasenoramoratalaz.archimadrid.es\/wp-content\/uploads\/2017\/10\/IMG-20171008-WA0067.jpg\" data-orig-size=\"1600,900\" data-comments-opened=\"0\" data-image-meta=\"{&quot;aperture&quot;:&quot;0&quot;,&quot;credit&quot;:&quot;&quot;,&quot;camera&quot;:&quot;&quot;,&quot;caption&quot;:&quot;&quot;,&quot;created_timestamp&quot;:&quot;0&quot;,&quot;copyright&quot;:&quot;&quot;,&quot;focal_length&quot;:&quot;0&quot;,&quot;iso&quot;:&quot;0&quot;,&quot;shutter_speed&quot;:&quot;0&quot;,&quot;title&quot;:&quot;&quot;,&quot;orientation&quot;:&quot;0&quot;}\" data-image-title=\"Campamento_2017_1\" data-image-description=\"\" data-medium-file=\"https:\/\/nuestrasenoramoratalaz.archimadrid.es\/wp-content\/uploads\/2017\/10\/IMG-20171008-WA0067-300x169.jpg\" data-large-file=\"https:\/\/nuestrasenoramoratalaz.archimadrid.es\/wp-content\/uploads\/2017\/10\/IMG-20171008-WA0067-1024x576.jpg\" src=\"https:\/\/nuestrasenoramoratalaz.archimadrid.es\/wp-content\/uploads\/2017\/10\/IMG-20171008-WA0067-385x217.jpg\" width=\"385\" height=\"217\" align=\"left\" title=\"Campamento_2017_1\" \/><\/a><\/div><\/div><div class=\"gallery-group images-1\" style=\"width: 389px; height: 221px;\"><div class=\"tiled-gallery-item tiled-gallery-item-large\"><a href=\"https:\/\/nuestrasenoramoratalaz.archimadrid.es\/?attachment_id=1686\"><img data-attachment-id=\"1686\" data-orig-file=\"https:\/\/nuestrasenoramoratalaz.archimadrid.es\/wp-content\/uploads\/2017\/10\/IMG-20171008-WA0069.jpg\" data-orig-size=\"1600,900\" data-comments-opened=\"0\" data-image-meta=\"{&quot;aperture&quot;:&quot;0&quot;,&quot;credit&quot;:&quot;&quot;,&quot;camera&quot;:&quot;&quot;,&quot;caption&quot;:&quot;&quot;,&quot;created_timestamp&quot;:&quot;0&quot;,&quot;copyright&quot;:&quot;&quot;,&quot;focal_length&quot;:&quot;0&quot;,&quot;iso&quot;:&quot;0&quot;,&quot;shutter_speed&quot;:&quot;0&quot;,&quot;title&quot;:&quot;&quot;,&quot;orientation&quot;:&quot;0&quot;}\" data-image-title=\"Campamento_2017_2\" data-image-description=\"\" data-medium-file=\"https:\/\/nuestrasenoramoratalaz.archimadrid.es\/wp-content\/uploads\/2017\/10\/IMG-20171008-WA0069-300x169.jpg\" data-large-file=\"https:\/\/nuestrasenoramoratalaz.archimadrid.es\/wp-content\/uploads\/2017\/10\/IMG-20171008-WA0069-1024x576.jpg\" src=\"https:\/\/nuestrasenoramoratalaz.archimadrid.es\/wp-content\/uploads\/2017\/10\/IMG-20171008-WA0069-385x217.jpg\" width=\"385\" height=\"217\" align=\"left\" title=\"Campamento_2017_2\" \/><\/a><\/div><\/div><\/div><\/div>\n<ul>\n<li>Ordenaci\u00f3n de Miguel Forcada<\/li>\n<\/ul>\n<p><a href=\"https:\/\/nuestrasenoramoratalaz.archimadrid.es\/wp-content\/uploads\/2017\/10\/Ordenacion.jpg\"><img loading=\"lazy\" class=\"alignnone wp-image-1460 size-full\" src=\"https:\/\/nuestrasenoramoratalaz.archimadrid.es\/wp-content\/uploads\/2017\/10\/Ordenacion.jpg\" alt=\"\" width=\"817\" height=\"613\" srcset=\"https:\/\/nuestrasenoramoratalaz.archimadrid.es\/wp-content\/uploads\/2017\/10\/Ordenacion.jpg 817w, https:\/\/nuestrasenoramoratalaz.archimadrid.es\/wp-content\/uploads\/2017\/10\/Ordenacion-300x225.jpg 300w, https:\/\/nuestrasenoramoratalaz.archimadrid.es\/wp-content\/uploads\/2017\/10\/Ordenacion-768x576.jpg 768w\" sizes=\"(max-width: 817px) 100vw, 817px\" \/><\/a><\/p>\n<ul>\n<li>Javierada 2017<\/li>\n<\/ul>\n<div data-carousel-extra='{\"blog_id\":1,\"permalink\":\"https:\\\/\\\/nuestrasenoramoratalaz.archimadrid.es\\\/?page_id=1437\"}' class=\"tiled-gallery type-rectangular\" data-original-width=\"783\"><div class=\"gallery-row\" style=\"width: 778px; height: 386px;\"><div class=\"gallery-group images-1\" style=\"width: 519px; height: 390px;\"><div class=\"tiled-gallery-item tiled-gallery-item-large\"><a href=\"https:\/\/nuestrasenoramoratalaz.archimadrid.es\/?attachment_id=1463\"><img data-attachment-id=\"1463\" data-orig-file=\"https:\/\/nuestrasenoramoratalaz.archimadrid.es\/wp-content\/uploads\/2017\/10\/J1.jpg\" data-orig-size=\"640,480\" data-comments-opened=\"0\" data-image-meta=\"{&quot;aperture&quot;:&quot;0&quot;,&quot;credit&quot;:&quot;&quot;,&quot;camera&quot;:&quot;&quot;,&quot;caption&quot;:&quot;&quot;,&quot;created_timestamp&quot;:&quot;0&quot;,&quot;copyright&quot;:&quot;&quot;,&quot;focal_length&quot;:&quot;0&quot;,&quot;iso&quot;:&quot;0&quot;,&quot;shutter_speed&quot;:&quot;0&quot;,&quot;title&quot;:&quot;&quot;,&quot;orientation&quot;:&quot;1&quot;}\" data-image-title=\"Javierada_2017_1\" data-image-description=\"\" data-medium-file=\"https:\/\/nuestrasenoramoratalaz.archimadrid.es\/wp-content\/uploads\/2017\/10\/J1-300x225.jpg\" data-large-file=\"https:\/\/nuestrasenoramoratalaz.archimadrid.es\/wp-content\/uploads\/2017\/10\/J1.jpg\" src=\"https:\/\/nuestrasenoramoratalaz.archimadrid.es\/wp-content\/uploads\/2017\/10\/J1-515x386.jpg\" width=\"515\" height=\"386\" align=\"left\" title=\"Javierada_2017_1\" \/><\/a><\/div><\/div><div class=\"gallery-group images-2\" style=\"width: 259px; height: 390px;\"><div class=\"tiled-gallery-item tiled-gallery-item-large\"><a href=\"https:\/\/nuestrasenoramoratalaz.archimadrid.es\/?attachment_id=1464\"><img data-attachment-id=\"1464\" data-orig-file=\"https:\/\/nuestrasenoramoratalaz.archimadrid.es\/wp-content\/uploads\/2017\/10\/J2.jpg\" data-orig-size=\"640,480\" data-comments-opened=\"0\" data-image-meta=\"{&quot;aperture&quot;:&quot;0&quot;,&quot;credit&quot;:&quot;&quot;,&quot;camera&quot;:&quot;&quot;,&quot;caption&quot;:&quot;&quot;,&quot;created_timestamp&quot;:&quot;0&quot;,&quot;copyright&quot;:&quot;&quot;,&quot;focal_length&quot;:&quot;0&quot;,&quot;iso&quot;:&quot;0&quot;,&quot;shutter_speed&quot;:&quot;0&quot;,&quot;title&quot;:&quot;&quot;,&quot;orientation&quot;:&quot;0&quot;}\" data-image-title=\"Javierada_2017_2\" data-image-description=\"\" data-medium-file=\"https:\/\/nuestrasenoramoratalaz.archimadrid.es\/wp-content\/uploads\/2017\/10\/J2-300x225.jpg\" data-large-file=\"https:\/\/nuestrasenoramoratalaz.archimadrid.es\/wp-content\/uploads\/2017\/10\/J2.jpg\" src=\"https:\/\/nuestrasenoramoratalaz.archimadrid.es\/wp-content\/uploads\/2017\/10\/J2-255x191.jpg\" width=\"255\" height=\"191\" align=\"left\" title=\"Javierada_2017_2\" \/><\/a><\/div><div class=\"tiled-gallery-item tiled-gallery-item-large\"><a href=\"https:\/\/nuestrasenoramoratalaz.archimadrid.es\/?attachment_id=1462\"><img data-attachment-id=\"1462\" data-orig-file=\"https:\/\/nuestrasenoramoratalaz.archimadrid.es\/wp-content\/uploads\/2017\/10\/J3.jpg\" data-orig-size=\"817,613\" data-comments-opened=\"0\" data-image-meta=\"{&quot;aperture&quot;:&quot;0&quot;,&quot;credit&quot;:&quot;&quot;,&quot;camera&quot;:&quot;&quot;,&quot;caption&quot;:&quot;&quot;,&quot;created_timestamp&quot;:&quot;0&quot;,&quot;copyright&quot;:&quot;&quot;,&quot;focal_length&quot;:&quot;0&quot;,&quot;iso&quot;:&quot;0&quot;,&quot;shutter_speed&quot;:&quot;0&quot;,&quot;title&quot;:&quot;&quot;,&quot;orientation&quot;:&quot;0&quot;}\" data-image-title=\"Javierada_2017_3\" data-image-description=\"\" data-medium-file=\"https:\/\/nuestrasenoramoratalaz.archimadrid.es\/wp-content\/uploads\/2017\/10\/J3-300x225.jpg\" data-large-file=\"https:\/\/nuestrasenoramoratalaz.archimadrid.es\/wp-content\/uploads\/2017\/10\/J3.jpg\" src=\"https:\/\/nuestrasenoramoratalaz.archimadrid.es\/wp-content\/uploads\/2017\/10\/J3-255x191.jpg\" width=\"255\" height=\"191\" align=\"left\" title=\"Javierada_2017_3\" \/><\/a><\/div><\/div><\/div><\/div>\n<ul>\n<li>Grupo Erasmus &amp; Praise<\/li>\n<\/ul>\n<div data-carousel-extra='{\"blog_id\":1,\"permalink\":\"https:\\\/\\\/nuestrasenoramoratalaz.archimadrid.es\\\/?page_id=1437\"}' class=\"tiled-gallery type-rectangular\" data-original-width=\"783\"><div class=\"gallery-row\" style=\"width: 778px; height: 247px;\"><div class=\"gallery-group images-1\" style=\"width: 334px; height: 251px;\"><div class=\"tiled-gallery-item tiled-gallery-item-large\"><a href=\"https:\/\/nuestrasenoramoratalaz.archimadrid.es\/?attachment_id=1473\"><img data-attachment-id=\"1473\" data-orig-file=\"https:\/\/nuestrasenoramoratalaz.archimadrid.es\/wp-content\/uploads\/2017\/10\/EP2.jpg\" data-orig-size=\"817,613\" data-comments-opened=\"0\" data-image-meta=\"{&quot;aperture&quot;:&quot;0&quot;,&quot;credit&quot;:&quot;&quot;,&quot;camera&quot;:&quot;&quot;,&quot;caption&quot;:&quot;&quot;,&quot;created_timestamp&quot;:&quot;0&quot;,&quot;copyright&quot;:&quot;&quot;,&quot;focal_length&quot;:&quot;0&quot;,&quot;iso&quot;:&quot;0&quot;,&quot;shutter_speed&quot;:&quot;0&quot;,&quot;title&quot;:&quot;&quot;,&quot;orientation&quot;:&quot;0&quot;}\" data-image-title=\"E&#038;P2\" data-image-description=\"\" data-medium-file=\"https:\/\/nuestrasenoramoratalaz.archimadrid.es\/wp-content\/uploads\/2017\/10\/EP2-300x225.jpg\" data-large-file=\"https:\/\/nuestrasenoramoratalaz.archimadrid.es\/wp-content\/uploads\/2017\/10\/EP2.jpg\" src=\"https:\/\/nuestrasenoramoratalaz.archimadrid.es\/wp-content\/uploads\/2017\/10\/EP2-330x247.jpg\" width=\"330\" height=\"247\" align=\"left\" title=\"E&amp;P2\" \/><\/a><\/div><\/div><div class=\"gallery-group images-1\" style=\"width: 444px; height: 251px;\"><div class=\"tiled-gallery-item tiled-gallery-item-large\"><a href=\"https:\/\/nuestrasenoramoratalaz.archimadrid.es\/?attachment_id=1467\"><img data-attachment-id=\"1467\" data-orig-file=\"https:\/\/nuestrasenoramoratalaz.archimadrid.es\/wp-content\/uploads\/2017\/10\/EP.jpg\" data-orig-size=\"1091,613\" data-comments-opened=\"0\" data-image-meta=\"{&quot;aperture&quot;:&quot;0&quot;,&quot;credit&quot;:&quot;&quot;,&quot;camera&quot;:&quot;&quot;,&quot;caption&quot;:&quot;&quot;,&quot;created_timestamp&quot;:&quot;0&quot;,&quot;copyright&quot;:&quot;&quot;,&quot;focal_length&quot;:&quot;0&quot;,&quot;iso&quot;:&quot;0&quot;,&quot;shutter_speed&quot;:&quot;0&quot;,&quot;title&quot;:&quot;&quot;,&quot;orientation&quot;:&quot;0&quot;}\" data-image-title=\"E&#038;P\" data-image-description=\"\" data-medium-file=\"https:\/\/nuestrasenoramoratalaz.archimadrid.es\/wp-content\/uploads\/2017\/10\/EP-300x169.jpg\" data-large-file=\"https:\/\/nuestrasenoramoratalaz.archimadrid.es\/wp-content\/uploads\/2017\/10\/EP-1024x575.jpg\" src=\"https:\/\/nuestrasenoramoratalaz.archimadrid.es\/wp-content\/uploads\/2017\/10\/EP-440x247.jpg\" width=\"440\" height=\"247\" align=\"left\" title=\"E&amp;P\" \/><\/a><\/div><\/div><\/div><\/div>\n<ul>\n<li>Confirmaciones 2016<\/li>\n<\/ul>\n<p><a href=\"https:\/\/nuestrasenoramoratalaz.archimadrid.es\/wp-content\/uploads\/2017\/10\/Confirmaciones-1.jpg\"><img loading=\"lazy\" class=\"alignnone wp-image-1470 size-full\" src=\"https:\/\/nuestrasenoramoratalaz.archimadrid.es\/wp-content\/uploads\/2017\/10\/Confirmaciones-1.jpg\" alt=\"\" width=\"919\" height=\"613\" srcset=\"https:\/\/nuestrasenoramoratalaz.archimadrid.es\/wp-content\/uploads\/2017\/10\/Confirmaciones-1.jpg 919w, https:\/\/nuestrasenoramoratalaz.archimadrid.es\/wp-content\/uploads\/2017\/10\/Confirmaciones-1-300x200.jpg 300w, https:\/\/nuestrasenoramoratalaz.archimadrid.es\/wp-content\/uploads\/2017\/10\/Confirmaciones-1-768x512.jpg 768w\" sizes=\"(max-width: 919px) 100vw, 919px\" \/><\/a><\/p>\n<ul>\n<li>Convivencias de confirmaci\u00f3n 2016<\/li>\n<\/ul>\n<p><a href=\"https:\/\/nuestrasenoramoratalaz.archimadrid.es\/wp-content\/uploads\/2017\/10\/Conv1-1.jpg\"><img loading=\"lazy\" class=\"alignnone wp-image-1472 size-full\" src=\"https:\/\/nuestrasenoramoratalaz.archimadrid.es\/wp-content\/uploads\/2017\/10\/Conv1-1.jpg\" alt=\"\" width=\"613\" height=\"613\" srcset=\"https:\/\/nuestrasenoramoratalaz.archimadrid.es\/wp-content\/uploads\/2017\/10\/Conv1-1.jpg 613w, https:\/\/nuestrasenoramoratalaz.archimadrid.es\/wp-content\/uploads\/2017\/10\/Conv1-1-150x150.jpg 150w, https:\/\/nuestrasenoramoratalaz.archimadrid.es\/wp-content\/uploads\/2017\/10\/Conv1-1-300x300.jpg 300w\" sizes=\"(max-width: 613px) 100vw, 613px\" \/><\/a><\/p>\n<ul>\n<li>Convivencias de j\u00f3venes 2016<\/li>\n<\/ul>\n<p><a href=\"https:\/\/nuestrasenoramoratalaz.archimadrid.es\/wp-content\/uploads\/2017\/10\/Conv6.jpg\"><img loading=\"lazy\" class=\"alignnone wp-image-1476 size-full\" src=\"https:\/\/nuestrasenoramoratalaz.archimadrid.es\/wp-content\/uploads\/2017\/10\/Conv6.jpg\" alt=\"\" width=\"817\" height=\"613\" srcset=\"https:\/\/nuestrasenoramoratalaz.archimadrid.es\/wp-content\/uploads\/2017\/10\/Conv6.jpg 817w, https:\/\/nuestrasenoramoratalaz.archimadrid.es\/wp-content\/uploads\/2017\/10\/Conv6-300x225.jpg 300w, https:\/\/nuestrasenoramoratalaz.archimadrid.es\/wp-content\/uploads\/2017\/10\/Conv6-768x576.jpg 768w\" sizes=\"(max-width: 817px) 100vw, 817px\" \/><\/a><\/p>\n<ul>\n<li>JMJ Cracovia 2016<\/li>\n<\/ul>\n<div data-carousel-extra='{\"blog_id\":1,\"permalink\":\"https:\\\/\\\/nuestrasenoramoratalaz.archimadrid.es\\\/?page_id=1437\"}' class=\"tiled-gallery type-rectangular\" data-original-width=\"783\"><div class=\"gallery-row\" style=\"width: 778px; height: 368px;\"><div class=\"gallery-group images-2\" style=\"width: 281px; height: 372px;\"><div class=\"tiled-gallery-item tiled-gallery-item-large\"><a href=\"https:\/\/nuestrasenoramoratalaz.archimadrid.es\/?attachment_id=1478\"><img data-attachment-id=\"1478\" data-orig-file=\"https:\/\/nuestrasenoramoratalaz.archimadrid.es\/wp-content\/uploads\/2017\/10\/JMJ3.jpg\" data-orig-size=\"1092,613\" data-comments-opened=\"0\" data-image-meta=\"{&quot;aperture&quot;:&quot;0&quot;,&quot;credit&quot;:&quot;&quot;,&quot;camera&quot;:&quot;&quot;,&quot;caption&quot;:&quot;&quot;,&quot;created_timestamp&quot;:&quot;0&quot;,&quot;copyright&quot;:&quot;&quot;,&quot;focal_length&quot;:&quot;0&quot;,&quot;iso&quot;:&quot;0&quot;,&quot;shutter_speed&quot;:&quot;0&quot;,&quot;title&quot;:&quot;&quot;,&quot;orientation&quot;:&quot;0&quot;}\" data-image-title=\"JMJ3\" data-image-description=\"\" data-medium-file=\"https:\/\/nuestrasenoramoratalaz.archimadrid.es\/wp-content\/uploads\/2017\/10\/JMJ3-300x168.jpg\" data-large-file=\"https:\/\/nuestrasenoramoratalaz.archimadrid.es\/wp-content\/uploads\/2017\/10\/JMJ3-1024x575.jpg\" src=\"https:\/\/nuestrasenoramoratalaz.archimadrid.es\/wp-content\/uploads\/2017\/10\/JMJ3-277x156.jpg\" width=\"277\" height=\"156\" align=\"left\" title=\"JMJ3\" \/><\/a><\/div><div class=\"tiled-gallery-item tiled-gallery-item-large\"><a href=\"https:\/\/nuestrasenoramoratalaz.archimadrid.es\/?attachment_id=1479\"><img data-attachment-id=\"1479\" data-orig-file=\"https:\/\/nuestrasenoramoratalaz.archimadrid.es\/wp-content\/uploads\/2017\/10\/JMJ4.jpg\" data-orig-size=\"817,613\" data-comments-opened=\"0\" data-image-meta=\"{&quot;aperture&quot;:&quot;0&quot;,&quot;credit&quot;:&quot;&quot;,&quot;camera&quot;:&quot;&quot;,&quot;caption&quot;:&quot;&quot;,&quot;created_timestamp&quot;:&quot;0&quot;,&quot;copyright&quot;:&quot;&quot;,&quot;focal_length&quot;:&quot;0&quot;,&quot;iso&quot;:&quot;0&quot;,&quot;shutter_speed&quot;:&quot;0&quot;,&quot;title&quot;:&quot;&quot;,&quot;orientation&quot;:&quot;0&quot;}\" data-image-title=\"JMJ4\" data-image-description=\"\" data-medium-file=\"https:\/\/nuestrasenoramoratalaz.archimadrid.es\/wp-content\/uploads\/2017\/10\/JMJ4-300x225.jpg\" data-large-file=\"https:\/\/nuestrasenoramoratalaz.archimadrid.es\/wp-content\/uploads\/2017\/10\/JMJ4.jpg\" src=\"https:\/\/nuestrasenoramoratalaz.archimadrid.es\/wp-content\/uploads\/2017\/10\/JMJ4-277x208.jpg\" width=\"277\" height=\"208\" align=\"left\" title=\"JMJ4\" \/><\/a><\/div><\/div><div class=\"gallery-group images-1\" style=\"width: 497px; height: 372px;\"><div class=\"tiled-gallery-item tiled-gallery-item-large\"><a href=\"https:\/\/nuestrasenoramoratalaz.archimadrid.es\/?attachment_id=1480\"><img data-attachment-id=\"1480\" data-orig-file=\"https:\/\/nuestrasenoramoratalaz.archimadrid.es\/wp-content\/uploads\/2017\/10\/JMJ1.jpg\" data-orig-size=\"821,613\" data-comments-opened=\"0\" data-image-meta=\"{&quot;aperture&quot;:&quot;0&quot;,&quot;credit&quot;:&quot;&quot;,&quot;camera&quot;:&quot;&quot;,&quot;caption&quot;:&quot;&quot;,&quot;created_timestamp&quot;:&quot;0&quot;,&quot;copyright&quot;:&quot;&quot;,&quot;focal_length&quot;:&quot;0&quot;,&quot;iso&quot;:&quot;0&quot;,&quot;shutter_speed&quot;:&quot;0&quot;,&quot;title&quot;:&quot;&quot;,&quot;orientation&quot;:&quot;0&quot;}\" data-image-title=\"JMJ1\" data-image-description=\"\" data-medium-file=\"https:\/\/nuestrasenoramoratalaz.archimadrid.es\/wp-content\/uploads\/2017\/10\/JMJ1-300x224.jpg\" data-large-file=\"https:\/\/nuestrasenoramoratalaz.archimadrid.es\/wp-content\/uploads\/2017\/10\/JMJ1.jpg\" src=\"https:\/\/nuestrasenoramoratalaz.archimadrid.es\/wp-content\/uploads\/2017\/10\/JMJ1-493x368.jpg\" width=\"493\" height=\"368\" align=\"left\" title=\"JMJ1\" \/><\/a><\/div><\/div><\/div><\/div>\n<p>https:\/\/youtube.com\/watch?v=nA6glwYYLK0<\/p>\n<ul>\n<li>Campamento 2016<\/li>\n<\/ul>\n<p><a href=\"https:\/\/nuestrasenoramoratalaz.archimadrid.es\/wp-content\/uploads\/2017\/10\/Campa.jpg\"><img loading=\"lazy\" class=\"alignnone wp-image-2011 size-full\" src=\"https:\/\/nuestrasenoramoratalaz.archimadrid.es\/wp-content\/uploads\/2017\/10\/Campa.jpg\" alt=\"\" width=\"683\" height=\"448\" srcset=\"https:\/\/nuestrasenoramoratalaz.archimadrid.es\/wp-content\/uploads\/2017\/10\/Campa.jpg 683w, https:\/\/nuestrasenoramoratalaz.archimadrid.es\/wp-content\/uploads\/2017\/10\/Campa-300x197.jpg 300w\" sizes=\"(max-width: 683px) 100vw, 683px\" \/><\/a><\/p>\n<ul>\n<li>Cottolengo 2016<\/li>\n<\/ul>\n<p><a href=\"https:\/\/nuestrasenoramoratalaz.archimadrid.es\/wp-content\/uploads\/2017\/10\/Cotolengo.jpg\"><img loading=\"lazy\" class=\"alignnone wp-image-1484 size-large\" src=\"https:\/\/nuestrasenoramoratalaz.archimadrid.es\/wp-content\/uploads\/2017\/10\/Cotolengo-1024x577.jpg\" alt=\"\" width=\"745\" height=\"420\" srcset=\"https:\/\/nuestrasenoramoratalaz.archimadrid.es\/wp-content\/uploads\/2017\/10\/Cotolengo-1024x577.jpg 1024w, https:\/\/nuestrasenoramoratalaz.archimadrid.es\/wp-content\/uploads\/2017\/10\/Cotolengo-300x169.jpg 300w, https:\/\/nuestrasenoramoratalaz.archimadrid.es\/wp-content\/uploads\/2017\/10\/Cotolengo-768x433.jpg 768w, https:\/\/nuestrasenoramoratalaz.archimadrid.es\/wp-content\/uploads\/2017\/10\/Cotolengo.jpg 1088w\" sizes=\"(max-width: 745px) 100vw, 745px\" \/><\/a><\/p>\n<ul>\n<li>Adoremos diciembre 2015<\/li>\n<\/ul>\n<p><a href=\"https:\/\/nuestrasenoramoratalaz.archimadrid.es\/wp-content\/uploads\/2017\/10\/V.jpg\"><img loading=\"lazy\" class=\"alignnone wp-image-1486 size-full\" src=\"https:\/\/nuestrasenoramoratalaz.archimadrid.es\/wp-content\/uploads\/2017\/10\/V.jpg\" alt=\"\" width=\"817\" height=\"613\" srcset=\"https:\/\/nuestrasenoramoratalaz.archimadrid.es\/wp-content\/uploads\/2017\/10\/V.jpg 817w, https:\/\/nuestrasenoramoratalaz.archimadrid.es\/wp-content\/uploads\/2017\/10\/V-300x225.jpg 300w, https:\/\/nuestrasenoramoratalaz.archimadrid.es\/wp-content\/uploads\/2017\/10\/V-768x576.jpg 768w\" sizes=\"(max-width: 817px) 100vw, 817px\" \/><\/a><\/p>\n<ul>\n<li>Ordenaci\u00f3n Jes\u00fas Zoyo<\/li>\n<\/ul>\n<p><a href=\"https:\/\/nuestrasenoramoratalaz.archimadrid.es\/wp-content\/uploads\/2017\/10\/Ordenaci\u00f3n-Jes\u00fas-Zoyo.jpg\"><img loading=\"lazy\" class=\"alignnone wp-image-1837 size-full\" src=\"https:\/\/nuestrasenoramoratalaz.archimadrid.es\/wp-content\/uploads\/2017\/10\/Ordenaci\u00f3n-Jes\u00fas-Zoyo.jpg\" alt=\"\" width=\"538\" height=\"533\" srcset=\"https:\/\/nuestrasenoramoratalaz.archimadrid.es\/wp-content\/uploads\/2017\/10\/Ordenaci\u00f3n-Jes\u00fas-Zoyo.jpg 538w, https:\/\/nuestrasenoramoratalaz.archimadrid.es\/wp-content\/uploads\/2017\/10\/Ordenaci\u00f3n-Jes\u00fas-Zoyo-150x150.jpg 150w, https:\/\/nuestrasenoramoratalaz.archimadrid.es\/wp-content\/uploads\/2017\/10\/Ordenaci\u00f3n-Jes\u00fas-Zoyo-300x297.jpg 300w\" sizes=\"(max-width: 538px) 100vw, 538px\" \/><\/a><\/p>\n<ul>\n<li>Grupo de confirmaci\u00f3n 2015<\/li>\n<\/ul>\n<p><a href=\"https:\/\/nuestrasenoramoratalaz.archimadrid.es\/wp-content\/uploads\/2017\/10\/Confirmaciones-2015.jpg\"><img loading=\"lazy\" class=\"alignnone wp-image-1838 size-full\" src=\"https:\/\/nuestrasenoramoratalaz.archimadrid.es\/wp-content\/uploads\/2017\/10\/Confirmaciones-2015.jpg\" alt=\"\" width=\"541\" height=\"536\" srcset=\"https:\/\/nuestrasenoramoratalaz.archimadrid.es\/wp-content\/uploads\/2017\/10\/Confirmaciones-2015.jpg 541w, https:\/\/nuestrasenoramoratalaz.archimadrid.es\/wp-content\/uploads\/2017\/10\/Confirmaciones-2015-150x150.jpg 150w, https:\/\/nuestrasenoramoratalaz.archimadrid.es\/wp-content\/uploads\/2017\/10\/Confirmaciones-2015-300x297.jpg 300w\" sizes=\"(max-width: 541px) 100vw, 541px\" \/><\/a><\/p>\n<ul>\n<li>Lorenzada 2015<\/li>\n<\/ul>\n<p><a href=\"https:\/\/nuestrasenoramoratalaz.archimadrid.es\/wp-content\/uploads\/2017\/10\/L1.jpg\"><img loading=\"lazy\" class=\"alignnone wp-image-1497 size-full\" src=\"https:\/\/nuestrasenoramoratalaz.archimadrid.es\/wp-content\/uploads\/2017\/10\/L1.jpg\" alt=\"\" width=\"883\" height=\"662\" srcset=\"https:\/\/nuestrasenoramoratalaz.archimadrid.es\/wp-content\/uploads\/2017\/10\/L1.jpg 883w, https:\/\/nuestrasenoramoratalaz.archimadrid.es\/wp-content\/uploads\/2017\/10\/L1-300x225.jpg 300w, https:\/\/nuestrasenoramoratalaz.archimadrid.es\/wp-content\/uploads\/2017\/10\/L1-768x576.jpg 768w\" sizes=\"(max-width: 883px) 100vw, 883px\" \/><\/a><\/p>\n","protected":false},"excerpt":{"rendered":"<p>Escape Room (Museo del Prado) Cuarenquesis Confirmaciones 2020 Grupo confirmaci\u00f3n 2019 Convivencias confirmaci\u00f3n 2019 Parlamentos de la juventud Javierada 2019 Entrega de trofeos del cardenal<\/p>\n","protected":false},"author":6,"featured_media":0,"parent":1977,"menu_order":0,"comment_status":"closed","ping_status":"closed","template":"","meta":{"_monsterinsights_skip_tracking":false,"_monsterinsights_sitenote_active":false,"_monsterinsights_sitenote_note":"","_monsterinsights_sitenote_category":0},"aioseo_notices":[],"_links":{"self":[{"href":"https:\/\/nuestrasenoramoratalaz.archimadrid.es\/index.php?rest_route=\/wp\/v2\/pages\/1437"}],"collection":[{"href":"https:\/\/nuestrasenoramoratalaz.archimadrid.es\/index.php?rest_route=\/wp\/v2\/pages"}],"about":[{"href":"https:\/\/nuestrasenoramoratalaz.archimadrid.es\/index.php?rest_route=\/wp\/v2\/types\/page"}],"author":[{"embeddable":true,"href":"https:\/\/nuestrasenoramoratalaz.archimadrid.es\/index.php?rest_route=\/wp\/v2\/users\/6"}],"replies":[{"embeddable":true,"href":"https:\/\/nuestrasenoramoratalaz.archimadrid.es\/index.php?rest_route=%2Fwp%2Fv2%2Fcomments&post=1437"}],"version-history":[{"count":118,"href":"https:\/\/nuestrasenoramoratalaz.archimadrid.es\/index.php?rest_route=\/wp\/v2\/pages\/1437\/revisions"}],"predecessor-version":[{"id":7749,"href":"https:\/\/nuestrasenoramoratalaz.archimadrid.es\/index.php?rest_route=\/wp\/v2\/pages\/1437\/revisions\/7749"}],"up":[{"embeddable":true,"href":"https:\/\/nuestrasenoramoratalaz.archimadrid.es\/index.php?rest_route=\/wp\/v2\/pages\/1977"}],"wp:attachment":[{"href":"https:\/\/nuestrasenoramoratalaz.archimadrid.es\/index.php?rest_route=%2Fwp%2Fv2%2Fmedia&parent=1437"}],"curies":[{"name":"wp","href":"https:\/\/api.w.org\/{rel}","templated":true}]}}